{"id":6099,"date":"2020-01-06T10:29:32","date_gmt":"2020-01-06T10:29:32","guid":{"rendered":"https:\/\/preprod.myzen.tv\/conditions-generales-dabonnement-et-dutilisation\/"},"modified":"2024-04-26T09:37:57","modified_gmt":"2024-04-26T09:37:57","slug":"conditions-generales-dabonnement-et-dutilisation","status":"publish","type":"page","link":"https:\/\/www.myzen.tv\/fr\/conditions-generales-dabonnement-et-dutilisation\/","title":{"rendered":"Conditions g\u00e9n\u00e9rales d&rsquo;abonnement et d&rsquo;utilisation"},"content":{"rendered":"<h1>La chaine lifestyle<\/h1>\n<p>Maintenant disponible en HD et 4K<\/p>\n<p>Regardez sur votre TV, box, tablette &amp; smartphone<\/p>\n<h3 style=\"text-align: center;\">Conditions G\u00e9n\u00e9rales de&nbsp;Prestations&nbsp;(CGP),&nbsp;d\u2019acc\u00e8s \u00e0 la Plateforme et d\u2019utilisation des Services&nbsp;MyZen&nbsp;TV<\/h3>\n<h3 style=\"text-align: center;\">10&nbsp;D\u00e9cembre&nbsp;2020<\/h3>\n<p>MyZen&nbsp;TV est \u00e9dit\u00e9 par la soci\u00e9t\u00e9&nbsp;COFITES, SAS\u202fau capital de&nbsp;100 040 euros<br \/>RCS Lille&nbsp;441 119\u202f989&nbsp;dont le si\u00e8ge social est situ\u00e9\u202f9 rue Archim\u00e8de 59650 Villeneuve d\u2019Ascq France<\/p>\n<p>TVA intracommunautaire&nbsp;FR 37 441 119 989&nbsp;<\/p>\n<p>Adresse email :&nbsp;<a href=\"mailto:web@myzen.tv\">web@myzen.tv<\/a>&nbsp;<\/p>\n<p>&nbsp;<\/p>\n<p>MyZen TV&nbsp;est h\u00e9berg\u00e9\u202fpar&nbsp;le service&nbsp;Okast&nbsp;dont la gestion est assur\u00e9e par la soci\u00e9t\u00e9 M.E.I Group&nbsp;RCS&nbsp;de Nanterre sous le num\u00e9ro B 790 589\u202f469&nbsp;<\/p>\n<h4>1. Objet<\/h4>\n<p>Le pr\u00e9sent document d\u00e9crit les services que propose la&nbsp;Soci\u00e9t\u00e9&nbsp;COFITES&nbsp;via le site&nbsp;watch.myzen.tv&nbsp;et ses d\u00e9clinaisons (applications mobiles&nbsp;et TV) dans le cadre de la commercialisation de&nbsp;son&nbsp;offre de vid\u00e9o \u00e0 la demande accessible par Abonnement et d\u00e9finit les droits et obligations des&nbsp;Utilisateurs desdits services.&nbsp;<\/p>\n<p>&nbsp;<\/p>\n<p>Ces droits et obligations s&rsquo;appliquent \u00e0 l&rsquo;exclusion de toutes autres conditions. L&rsquo;Utilisateur d\u00e9clare avoir pris connaissance des dispositions suivantes avant de solliciter la consultation en Streaming du(es) Programme(s) Audiovisuel(s) souhait\u00e9(s). En choisissant de visionner l&rsquo;un des Programmes Audiovisuels propos\u00e9s, l&rsquo;Utilisateur accepte express\u00e9ment et de fa\u00e7on d\u00e9finitive les termes ci-apr\u00e8s \u00e9nonc\u00e9s.&nbsp;<\/p>\n<h4>2. D\u00e9finitions<\/h4>\n<p>Dans les pr\u00e9sentes Conditions G\u00e9n\u00e9rales de&nbsp;Prestations et d\u2019utilisation, les mots ou expressions commen\u00e7ant par une majuscule auront la signification suivante :&nbsp;<\/p>\n<p>&nbsp;<\/p>\n<h5>Abonnement&nbsp;<\/h5>\n<p>d\u00e9signe les modalit\u00e9s d\u2019acc\u00e8s&nbsp;payant \u00e0 la Plateforme,&nbsp;aux&nbsp;Programmes audiovisuels qui y sont propos\u00e9s en streaming ainsi que les conditions d\u2019utilisation des&nbsp;Services sur le Site, les Applications mobiles ou D\u00e9clinaisons.&nbsp;Les diff\u00e9rentes offres d\u2019Abonnement&nbsp;qui sont d\u00e9di\u00e9es aux personnes physiques dans le cadre de leur vie priv\u00e9e,&nbsp;sont&nbsp;d\u00e9crites \u00e0 l\u2019article 7.&nbsp;&nbsp;<\/p>\n<h5>Abonn\u00e9\u202f:&nbsp;<\/h5>\n<p>D\u00e9signe une personne physique majeure ayant souscrit un Abonnement.&nbsp;<\/p>\n<h5>Application mobile ou D\u00e9clinaisons\u202f:&nbsp;<\/h5>\n<p>d\u00e9signe les applications mobiles de la plateforme&nbsp;MyZen TV&nbsp;disponibles sur iOS et Android et pouvant \u00eatre t\u00e9l\u00e9charg\u00e9es \u00e0 partir de l\u2019App Store d\u2019Apple&nbsp;et du&nbsp;Play store sur Android.&nbsp;<\/p>\n<h5>Compte Abonn\u00e9\u202f:&nbsp;<\/h5>\n<p>D\u00e9signe l\u2019espace r\u00e9serv\u00e9 \u00e0 l\u2019Abonn\u00e9 sur la Plateforme, accessible gr\u00e2ce \u00e0 un identifiant et un mot de passe, lui donnant acc\u00e8s aux Programmes audiovisuels et aux Services.&nbsp;<\/p>\n<p>Conditions g\u00e9n\u00e9rales de&nbsp;prestations, d\u2019acc\u00e8s \u00e0 la Plateforme et d\u2019utilisation des Services&nbsp;(ci-apr\u00e8s \u00ab CGV&nbsp;\u00bb)\u202f:&nbsp;<\/p>\n<p>d\u00e9signe le pr\u00e9sent document.&nbsp;<\/p>\n<p>&nbsp;<\/p>\n<h5>\u00c9quipement de l\u2019Utilisateur ou \u00c9quipement Informatique\u202f:&nbsp;<\/h5>\n<p>d\u00e9signe l&rsquo;installation informatique de l\u2019Utilisateur, lui permettant l\u2019acc\u00e8s aux services de&nbsp;MyZen TV. Il comprend un ordinateur et\/ou un smartphone et\/ou une tablette&nbsp;et\/ou une t\u00e9l\u00e9vision \u00e9quip\u00e9s&nbsp;d\u2019une connexion internet et les logiciels qui y sont install\u00e9s, ainsi qu\u2019\u00e9ventuellement d\u2019autres \u00e9quipements de restitution des Programmes audiovisuels qui lui sont connect\u00e9s. Le bon fonctionnement de l&rsquo;\u00c9quipement Informatique de l\u2019Utilisateur est sous sa responsabilit\u00e9.&nbsp;<\/p>\n<p>&nbsp;<\/p>\n<h5>Un \u00e9quipement\u202f:&nbsp;<\/h5>\n<h6>Ordinateur :&nbsp;<\/h6>\n<ul>\n<li data-leveltext=\"-\" data-font=\"Calibri\" data-listid=\"2\" aria-setsize=\"-1\" data-aria-posinset=\"5\" data-aria-level=\"1\">un ordinateur \u00e9quip\u00e9 au minimum de Microsoft Windows 10 V2004 ou d\u2019une version plus r\u00e9cente, ou d\u2019un Mac \u00e9quip\u00e9 au minimum de Mac OS X 10.13 ou d\u2019une version plus r\u00e9cente.&nbsp;<\/li>\n<li data-leveltext=\"-\" data-font=\"Calibri\" data-listid=\"2\" aria-setsize=\"-1\" data-aria-posinset=\"5\" data-aria-level=\"1\">Un navigateur internet\u202f: soit Microsoft Edge, Chrome&nbsp;V42 ou sup\u00e9rieure, Safari&nbsp;V10 ou sup\u00e9rieure, Mozilla Firefox&nbsp;V39 ou sup\u00e9rieure.&nbsp;<\/li>\n<\/ul>\n<h6>\u00c9quipement mobile :&nbsp;<\/h6>\n<p>L&rsquo;acc\u00e8s au Service s&rsquo;effectue directement via l\u2019Application mobile t\u00e9l\u00e9chargeable sur l\u2019App Store ou Google Play pour les \u00e9quipements mobiles avec syst\u00e8me d\u2019exploitation iOS (version&nbsp;10.0 ou ult\u00e9rieure) ou Android (version 5.0 Lollipop ou ult\u00e9rieure).&nbsp;<\/p>\n<h6>T\u00e9l\u00e9vision\u202f:&nbsp;<\/h6>\n<p>Une t\u00e9l\u00e9vision connect\u00e9e munie&nbsp;&nbsp;<\/p>\n<ul>\n<li data-leveltext=\"-\" data-font=\"Calibri\" data-listid=\"2\" aria-setsize=\"-1\" data-aria-posinset=\"5\" data-aria-level=\"1\">De la technologie Android TV&nbsp;&nbsp;<\/li>\n<li data-leveltext=\"-\" data-font=\"Calibri\" data-listid=\"2\" aria-setsize=\"-1\" data-aria-posinset=\"5\" data-aria-level=\"1\">De la technologie Apple TV&nbsp;<\/li>\n<li data-leveltext=\"-\" data-font=\"Calibri\" data-listid=\"2\" aria-setsize=\"-1\" data-aria-posinset=\"5\" data-aria-level=\"1\">D\u2019un appareil Chromecast&nbsp;<\/li>\n<\/ul>\n<ul>\n<li data-leveltext=\"-\" data-font=\"Calibri\" data-listid=\"2\" aria-setsize=\"-1\" data-aria-posinset=\"5\" data-aria-level=\"1\">De l\u2019appareil Amazon&nbsp;Fire&nbsp;TV&nbsp;<\/li>\n<li data-leveltext=\"-\" data-font=\"Calibri\" data-listid=\"2\" aria-setsize=\"-1\" data-aria-posinset=\"5\" data-aria-level=\"1\">De l\u2019application Roku.&nbsp;<\/li>\n<\/ul>\n<p>&nbsp;<\/p>\n<p>Une connexion internet, le co\u00fbt de cette connexion demeurant enti\u00e8rement \u00e0 la charge de l\u2019Utilisateur.&nbsp;&nbsp;<\/p>\n<p>&nbsp;<\/p>\n<h4>Plateforme\u202f:&nbsp;<\/h4>\n<p>D\u00e9signe&nbsp;la base de donn\u00e9es comportant les Programmes audiovisuels et les Services auxquels l\u2019Utilisateur acc\u00e8s dans le cadre d\u2019un Abonnement.&nbsp;<\/p>\n<h5>Programmes audiovisuels&nbsp;<\/h5>\n<p>d\u00e9signe l\u2019ensemble des contenus audiovisuels&nbsp;et contenus associ\u00e9s&nbsp;accessibles aux Utilisateurs sur le&nbsp;Site&nbsp;de&nbsp;MyZen TV.&nbsp;<\/p>\n<p>&nbsp;<\/p>\n<h5>Soci\u00e9t\u00e9&nbsp;<\/h5>\n<p>d\u00e9signe la soci\u00e9t\u00e9&nbsp;COFITES&nbsp;D\u00e9nomination :&nbsp;COFITES&nbsp;Forme juridique : SAS&nbsp;soci\u00e9t\u00e9 par actions simplifi\u00e9e au capital social de 100 040 euros, immatricul\u00e9e au registre du commerce et des soci\u00e9t\u00e9s de Lille M\u00e9tropole sous le num\u00e9ro 441 119 989, dont le si\u00e8ge social est situ\u00e9 9 rue Archim\u00e8de 59650 VILLENEUVE D\u2019ASCQ&nbsp;France&nbsp;<\/p>\n<p>Adresse mail :&nbsp;web@myzen.tv&nbsp;<\/p>\n<p>&nbsp;<\/p>\n<h5>Site&nbsp;<\/h5>\n<p>d\u00e9signe le site internet exploit\u00e9 par la Soci\u00e9t\u00e9 dont l\u2019URL d\u2019acc\u00e8s est&nbsp;<a href=\"http:\/\/watch.myzen.tv\/\">http:\/\/watch.myzen.tv<\/a>&nbsp;et permettant l\u2019acc\u00e8s au Service&nbsp;au m\u00eame titre&nbsp;que les Applications Mobiles ou D\u00e9clinaisons.&nbsp;<\/p>\n<p>&nbsp;<\/p>\n<h5>Service(s)&nbsp;<\/h5>\n<p>d\u00e9signe les services, en particulier les services&nbsp;de Streaming&nbsp;,&nbsp;accessibles \u00e0 l\u2019Utilisateur s\u2019\u00e9tant inscrit sur le Site et&nbsp;aux b\u00e9n\u00e9ficiaires d\u2019un Abonnement&nbsp;commercialis\u00e9&nbsp;par la Soci\u00e9t\u00e9&nbsp;MyZen TV&nbsp;sur son&nbsp;Site et\/ou sur les Applications&nbsp;mobiles,&nbsp;permettant&nbsp;la consultation en Streaming par internet, au cours d\u2019une p\u00e9riode donn\u00e9e et \u00e0 partir de l\u2019\u00c9quipement Informatique de l\u2019Utilisateur, de tous les Programmes audiovisuels du catalogue, disponibles sur le Site et sur ses&nbsp;Applications mobiles, sous r\u00e9serve d\u2019\u00e9ventuelles limitations g\u00e9ographiques encadrant la consultation de certains Programmes&nbsp;audiovisuels.&nbsp;Nous proposons \u00e9galement un service de carte cadeau, l\u2019utilisateur pour souscrire \u00e0 un abonnement au mois ou \u00e0 l\u2019ann\u00e9e pour un tiers.&nbsp;<\/p>\n<p>&nbsp;<\/p>\n<p>&nbsp;<\/p>\n<h5>Streaming&nbsp;<\/h5>\n<p>d\u00e9finit la consultation lin\u00e9aire du Programme&nbsp;Audiovisuel&nbsp;sur l&rsquo;\u00c9quipement de l\u2019Utilisateur, sans possibilit\u00e9 de le t\u00e9l\u00e9charger.&nbsp;<\/p>\n<p>&nbsp;<\/p>\n<h5>Utilisateur&nbsp;<\/h5>\n<p>d\u00e9signe la personne&nbsp;physique&nbsp;ayant compl\u00e9t\u00e9 le formulaire d\u2019inscription pour pouvoir acc\u00e9der aux services de Streaming en \u00ab freemium \u00bb de la Soci\u00e9t\u00e9 et\/ou&nbsp;b\u00e9n\u00e9ficiaire d\u2019un Abonnement sur le Site et acc\u00e9dant aux Services via&nbsp;un&nbsp;compte&nbsp;Abonn\u00e9.&nbsp;<\/p>\n<p>&nbsp;<\/p>\n<h5>Vid\u00e9o \u00e0 la demande&nbsp;<\/h5>\n<p>d\u00e9signe la transmission d&rsquo;un Programme audiovisuel par le biais d&rsquo;un signal cod\u00e9 afin d\u2019\u00eatre r\u00e9ceptionn\u00e9 sur l&rsquo;\u00c9quipement Informatique de l\u2019Utilisateur, dans le cadre familial \u00e0 une heure d\u00e9termin\u00e9e par la personne qui demande la transmission en contrepartie d&rsquo;un paiement&nbsp;dans le cadre d\u2019un Abonnement.&nbsp;<\/p>\n<p>&nbsp;<\/p>\n<h4>3. Acceptation des CGV<\/h4>\n<p>L\u2019acc\u00e8s au Service est r\u00e9serv\u00e9 \u00e0 l\u2019Utilisateur ayant pris int\u00e9gralement connaissance des pr\u00e9sentes CGV, et les ayant accept\u00e9es pleinement en cochant la case pr\u00e9vue \u00e0 cet effet au moment de son inscription. Les pr\u00e9sentes CGV peuvent \u00eatre enregistr\u00e9es et imprim\u00e9es par toute personne visitant le Site.&nbsp;<\/p>\n<p>Le fait de confirmer un achat en finalisant le processus de paiement implique l\u2019adh\u00e9sion pleine et sans r\u00e9serve aux CGV.&nbsp;<\/p>\n<p>Les personnes mineures sont tenues d\u2019obtenir l\u2019autorisation de leurs parents ou repr\u00e9sentants l\u00e9gaux avant d\u2019accepter les pr\u00e9sentes CGV&nbsp;et de s\u2019abonner et\/ou d\u2019utiliser les Services. Les personnes exer\u00e7ant l\u2019autorit\u00e9 parentale sont garantes du respect des CGV par l\u2019Utilisateur mineur.&nbsp;L\u2019utilisation du&nbsp;Service par les mineurs reste sous la responsabilit\u00e9 de leurs parents ou repr\u00e9sentants l\u00e9gaux.&nbsp;Il est rappel\u00e9 que certains contenus ou documentaires ont re\u00e7u une classification CSA (interdit aux moins de 10 ans)&nbsp;<\/p>\n<p>&nbsp;<\/p>\n<h4>4. Description des Services<\/h4>\n<p>La Soci\u00e9t\u00e9 met \u00e0 la disposition des Utilisateurs un service de consultation en Streaming de&nbsp;Programmes audiovisuels&nbsp;\u00e0 la demande, r\u00e9guli\u00e8rement renouvel\u00e9s ou compl\u00e9t\u00e9s,&nbsp;\u00e0 partir de l&rsquo;\u00c9quipement Informatique de l\u2019Utilisateur&nbsp;sur inscription ou&nbsp;selon une formule d\u2019Abonnement.&nbsp;<\/p>\n<p>Les Programmes audiovisuels accessibles en streaming concernent directement ou indirectement&nbsp;le bien-\u00eatre.&nbsp;<\/p>\n<p>Le catalogue de Programmes audiovisuels comprend des courts m\u00e9trages, des longs m\u00e9trages, des reportages, des documentaires&nbsp;et des s\u00e9ries&nbsp;initialement cr\u00e9\u00e9s et diffus\u00e9s \u00e0 la t\u00e9l\u00e9vision sur la cha\u00eene&nbsp;COFITES&nbsp;ou in\u00e9dits.&nbsp;<\/p>\n<p>Certains Programmes audiovisuels ne sont disponibles que sur certains territoires.&nbsp;<\/p>\n<p>Les Services&nbsp;pour l\u2019abonnement complet&nbsp;comprennent\u202f:&nbsp;<\/p>\n<ul>\n<li data-leveltext=\"-\" data-font=\"Calibri\" data-listid=\"2\" aria-setsize=\"-1\" data-aria-posinset=\"5\" data-aria-level=\"1\">L\u2019acc\u00e8s \u00e0 tous les Programmes audiovisuels du R\u00e9pertoire,&nbsp;<\/li>\n<li data-leveltext=\"-\" data-font=\"Calibri\" data-listid=\"2\" aria-setsize=\"-1\" data-aria-posinset=\"5\" data-aria-level=\"1\">Un annuaire index\u00e9 des Programmes audiovisuels et moteur de recherche permettant d\u2019effectuer une recherche th\u00e9matique, par titre, par r\u00e9alisateur&nbsp;par ordre alphab\u00e9tique&nbsp;<\/li>\n<li data-leveltext=\"-\" data-font=\"Calibri\" data-listid=\"2\" aria-setsize=\"-1\" data-aria-posinset=\"5\" data-aria-level=\"1\">La possibilit\u00e9 de visualiser un Programme audiovisuel autant de fois que l\u2019Utilisateur le souhaite,&nbsp;<\/li>\n<li data-leveltext=\"-\" data-font=\"Calibri\" data-listid=\"2\" aria-setsize=\"-1\" data-aria-posinset=\"5\" data-aria-level=\"1\">La possibilit\u00e9 de cr\u00e9er plusieurs profils d\u2019Utilisateurs par compte d\u2019Abonn\u00e9,&nbsp;<\/li>\n<\/ul>\n<ul>\n<li data-leveltext=\"-\" data-font=\"Calibri\" data-listid=\"2\" aria-setsize=\"-1\" data-aria-posinset=\"5\" data-aria-level=\"1\">La possibilit\u00e9 de visualiser simultan\u00e9ment plusieurs Programmes audiovisuels dans la limite de&nbsp;3 programmes.&nbsp;<\/li>\n<li data-leveltext=\"-\" data-font=\"Calibri\" data-listid=\"2\" aria-setsize=\"-1\" data-aria-posinset=\"5\" data-aria-level=\"1\">La possibilit\u00e9 d\u2019interrompre la diffusion d\u2019un Programme audiovisuel et de la reprendre ult\u00e9rieurement au m\u00eame moment,&nbsp;lors d\u2019une nouvelle&nbsp;connexion,&nbsp;<\/li>\n<li data-leveltext=\"-\" data-font=\"Calibri\" data-listid=\"2\" aria-setsize=\"-1\" data-aria-posinset=\"5\" data-aria-level=\"1\">La possibilit\u00e9 de cr\u00e9er une liste de Programmes audiovisuels favoris,&nbsp;<\/li>\n<li data-leveltext=\"-\" data-font=\"Calibri\" data-listid=\"2\" aria-setsize=\"-1\" data-aria-posinset=\"5\" data-aria-level=\"1\">La possibilit\u00e9 d\u2019acheter une carte cadeau pour offrir un abonnement mensuel ou annuel \u00e0 un tiers.&nbsp;<\/li>\n<\/ul>\n<p>&nbsp;<\/p>\n<h4>5. Champ d&rsquo;application<\/h4>\n<h5>5.1. Limites g\u00e9ographiques&nbsp;<\/h5>\n<p>L\u2019usage des Services propos\u00e9s par la Soci\u00e9t\u00e9 sur le Site est ouvert aux personnes physiques r\u00e9sidant dans le monde&nbsp;entier. Cependant, la Soci\u00e9t\u00e9 se r\u00e9serve le droit de restreindre l\u2019acc\u00e8s \u00e0 certains Programmes audiovisuels \u00e0 certains territoires.&nbsp;<\/p>\n<p>S\u2019agissant des ressortissants de l\u2019Union europ\u00e9enne hors France, ils pourront, en vertu des dispositions du R\u00e8glement n\u00b0 2017-1128&nbsp;du Parlement europ\u00e9en et du Conseil du 14 juin 2017 relatif \u00e0 la portabilit\u00e9 transfrontali\u00e8re des services de contenu en ligne dans le march\u00e9 int\u00e9rieur, b\u00e9n\u00e9ficier d\u2019un acc\u00e8s aux Services lorsqu\u2019ils seront pr\u00e9sents temporairement dans un autre Etat de l\u2019Union europ\u00e9enne que leur Etat de r\u00e9sidence sous r\u00e9serve que&nbsp;COFITES&nbsp;puisse le v\u00e9rifier.&nbsp;Aucun frais n\u2019est factur\u00e9 \u00e0 l\u2019Abonn\u00e9 au titre de la portabilit\u00e9.&nbsp;<\/p>\n<p>&nbsp;<\/p>\n<h5>5.2. Modification des Services et de l\u2019acc\u00e8s aux Services&nbsp;<\/h5>\n<p>Les CGV \u00e9tant susceptibles de modification \u00e0 tout moment, celles applicables sont celles en vigueur au jour&nbsp;de la souscription&nbsp;d\u2019un&nbsp;Abonnement par un Utilisateur.&nbsp;<\/p>\n<p>&nbsp;<\/p>\n<p>La Soci\u00e9t\u00e9 pourra apporter des modifications aux Services li\u00e9es notamment \u00e0 des n\u00e9cessit\u00e9s d\u2019\u00e9volution technique.&nbsp;<\/p>\n<p>&nbsp;<\/p>\n<p>Par ailleurs, la Soci\u00e9t\u00e9 se r\u00e9serve le droit de stopper d\u00e9finitivement un Service ou l&rsquo;ensemble de ses Services&nbsp;en respectant un pr\u00e9avis de 1 mois pour en informer les Utilisateurs abonn\u00e9s.&nbsp;<\/p>\n<p>&nbsp;<\/p>\n<p>L\u2019Utilisateur pourra alors s\u2019il le souhaite se d\u00e9sinscrire ou r\u00e9silier son Abonnement, conform\u00e9ment aux termes de l\u2019article 10 des pr\u00e9sentes CGV.&nbsp;<\/p>\n<p>Si l\u2019arr\u00eat de l\u2019ensemble des Services rel\u00e8ve d\u2019une d\u00e9cision commerciale de&nbsp;COFITES, l\u2019Abonn\u00e9 pourra obtenir remboursement au prorata&nbsp;temporis&nbsp;de son utilisation du prix de l\u2019Abonnement d\u2019ores et d\u00e9j\u00e0 pay\u00e9 qui n\u2019a pu \u00eatre utilis\u00e9.&nbsp;<\/p>\n<p>&nbsp;<\/p>\n<p>L\u2019Utilisateur reconna\u00eet et accepte qu\u2019en raison des \u00e9volutions techniques impr\u00e9visibles, la Soci\u00e9t\u00e9 ne peut s\u2019engager \u00e0 ce que les Services soient accessibles sur tous supports, notamment mobiles, et leurs \u00e9volutions non connues \u00e0 ce jour.&nbsp;<\/p>\n<p>&nbsp;<\/p>\n<h4>6. Acc\u00e8s au service<\/h4>\n<h5>6.1. Acc\u00e8s au service&nbsp;<\/h5>\n<p>L&rsquo;acc\u00e8s aux&nbsp;Services&nbsp;s&rsquo;effectue directement \u00e0 partir du Site. Pour consulter les Programmes en Streaming, l\u2019Utilisateur doit au pr\u00e9alable s\u2019inscrire ou souscrire un Abonnement sur le Site, en remplissant les champs obligatoires du formulaire d\u2019inscription, marqu\u00e9s d\u2019ast\u00e9risques.&nbsp;<\/p>\n<p>L\u2019acc\u00e8s aux Services n\u00e9cessite&nbsp;un Equipement Informatique et une connexion internet, le co\u00fbt de cette connexion demeurant enti\u00e8rement \u00e0 la charge de l\u2019Utilisateur.&nbsp;&nbsp;<\/p>\n<p>&nbsp;<\/p>\n<p>S\u2019agissant de la connexion \u00e0 Internet, il est pr\u00e9cis\u00e9 qu\u2019hors le WIFI, les acc\u00e8s via la 3G, 4G, 5G implique des co\u00fbts de communication li\u00e9s \u00e0 la visualisation de Programmes audiovisuels dont&nbsp;COFITES&nbsp;ne saurait \u00eatre tenue responsable.<\/p>\n<h4>7. Inscription et Abonnement<\/h4>\n<p>Certains&nbsp;Programmes audiovisuels&nbsp;sont accessibles sur inscription sans&nbsp;Abonnement. Ils sont s\u00e9lectionn\u00e9s par la Soci\u00e9t\u00e9 et peuvent varier. L\u2019Utilisateur souhaitant pouvoir acc\u00e9der \u00e0 des contenus suppl\u00e9mentaires disponibles sur son territoire doit souscrire un Abonnement.&nbsp;<\/p>\n<p>&nbsp;<\/p>\n<p>Lors de son inscription sur le Site, l\u2019Utilisateur doit choisir un identifiant (son adresse e-mail) et un mot de passe \u00e0 confirmer.&nbsp;<\/p>\n<p>Ces \u00e9l\u00e9ments sont confidentiels. L\u2019Utilisateur sera seul responsable des cons\u00e9quences de l&rsquo;utilisation de son&nbsp;Compte&nbsp;Abonn\u00e9, ceci jusqu&rsquo;\u00e0 la d\u00e9sactivation de celui-ci \u00e0 moins que&nbsp;l\u2019Utilisateur&nbsp;ne d\u00e9montre que l\u2019utilisation de ses identifiants et\/ou de son compte r\u00e9sulte d\u2019une fraude imputable \u00e0 un tiers. Au moment de son inscription, chaque Utilisateur s\u2019engage \u00e0 fournir des informations personnelles exactes&nbsp;permettant de l\u2019identifier&nbsp;et \u00e0 informer la Soci\u00e9t\u00e9 de tout changement les concernant.&nbsp;<\/p>\n<p>L\u2019Utilisateur d\u00e9clare \u00eatre une personne physique, majeure dans son pays de r\u00e9sidence, ou avoir obtenu l\u2019autorisation de son repr\u00e9sentant l\u00e9gal, pour acc\u00e9der aux Services.&nbsp;<\/p>\n<p>Pour souscrire un Abonnement, l\u2019Utilisateur devra en tout \u00e9tat de cause proc\u00e9der \u00e0 son Inscription sur le Site et r\u00e9gler par la suite le prix correspondant \u00e0 la formule d\u2019Abonnement choisie.&nbsp;<\/p>\n<p>Pour s\u2019abonner, l\u2019Utilisateur devra remplir un formulaire et payer un Abonnement selon la formule qu\u2019il aura choisie. La Soci\u00e9t\u00e9 lui adressera un courrier \u00e9lectronique de confirmation de son Abonnement. L\u2019Abonn\u00e9 pourra alors utiliser les Services,&nbsp;il aura acc\u00e8s \u00e0&nbsp;son espace Abonn\u00e9&nbsp;qu\u2019il pourra personnaliser et voir sa p\u00e9riode d\u2019Abonnement et la date de renouvellement.&nbsp;<\/p>\n<p>La Soci\u00e9t\u00e9 ne pourra \u00eatre tenue responsable si&nbsp;elle n\u2019a pu r\u00e9ceptionner, dans des conditions de lisibilit\u00e9 suffisantes, les donn\u00e9es relatives \u00e0 l\u2019inscription d\u2019un Abonn\u00e9 en raison de probl\u00e8mes techniques tels que la d\u00e9faillance de son syst\u00e8me d\u2019information, de son acc\u00e8s \u00e0 internet ou autre.&nbsp;<\/p>\n<p>La Soci\u00e9t\u00e9 se r\u00e9serve le droit de d\u00e9sactiver de plein droit, sans formalit\u00e9 ni pr\u00e9avis ni indemnit\u00e9, le Compte Abonn\u00e9 en cas de non-respect par un Utilisateur ou un Abonn\u00e9 des pr\u00e9sentes conditions.&nbsp;<\/p>\n<h5>7.1. Dur\u00e9e de l\u2019Abonnement&nbsp;<\/h5>\n<p>La Soci\u00e9t\u00e9 propose deux&nbsp;types&nbsp;de p\u00e9riodes&nbsp;d\u2019Abonnements :&nbsp;<\/p>\n<p>hebdomadaire<\/p>\n<p>mensuel&nbsp;<\/p>\n<p>annuel&nbsp;<\/p>\n<p>L\u2019Abonnement hebdomadaire est souscrit pour une dur\u00e9e ind\u00e9termin\u00e9e, avec une p\u00e9riode minimale d\u2019engagement d\u2019une semaine.&nbsp;<\/p>\n<p>L\u2019Abonnement mensuel est souscrit pour une dur\u00e9e ind\u00e9termin\u00e9e, avec une p\u00e9riode minimale d\u2019engagement d\u2019un mois.&nbsp;<\/p>\n<p>L\u2019Abonnement&nbsp;annuel est souscrit pour une dur\u00e9e ind\u00e9termin\u00e9e, avec une p\u00e9riode minimale d\u2019engagement d\u2019un an.&nbsp;<\/p>\n<p>\u00c0 l\u2019issue de la p\u00e9riode minimale d\u2019engagement, qu\u2019elle soit d\u2019une semaine ou d&rsquo;un mois ou d\u2019un an, l\u2019Abonnement sera reconduit tacitement pour une dur\u00e9e identique \u00e0 celle souscrite initialement, sauf r\u00e9siliation du contrat dans les conditions telles que d\u00e9crites en article 10.&nbsp;<\/p>\n<p>En cas de reconduction tacite,&nbsp;c\u2019est&nbsp;le tarif en vigueur au moment&nbsp;du renouvellement&nbsp;de&nbsp;l&rsquo;Abonnement concern\u00e9&nbsp;qui&nbsp;sera&nbsp;applicable.&nbsp;<\/p>\n<p>L\u2019Abonn\u00e9 sera inform\u00e9 de la date d\u2019\u00e9ch\u00e9ance et de renouvellement de son Abonnement dans son espace Compte Abonn\u00e9.&nbsp;<\/p>\n<p>&nbsp;<\/p>\n<p>Conform\u00e9ment au Code de la consommation, dans le cas o\u00f9 l\u2019Utilisateur souscrit \u00e0 un Abonnement annuel, la Soci\u00e9t\u00e9 lui adressera un email au plus tard un (1) mois avant la fin de l\u2019Abonnement, le notifiant de sa possibilit\u00e9 de ne pas reconduire le Contrat, la r\u00e9siliation \u00e9tant d\u00e8s lors possible jusqu\u2019\u00e0 la date indiqu\u00e9e dans l\u2019email de notification. Si l\u2019Utilisateur ne r\u00e9silie pas son Abonnement dans le d\u00e9lai indiqu\u00e9, celui-ci sera reconduit pour une nouvelle dur\u00e9e d\u2019un an.&nbsp;<\/p>\n<p>&nbsp;<\/p>\n<h5>7.2. Offres d\u2019essai&nbsp;<\/h5>\n<p>La Soci\u00e9t\u00e9 peut, sans pour autant y \u00eatre toujours oblig\u00e9e,&nbsp;proposer des offres d\u2019essai&nbsp;gratuites des&nbsp;Services&nbsp;et d\u2019une dur\u00e9e variable&nbsp;n\u2019exc\u00e9dant pas (31 jours)&nbsp;(ci-apr\u00e8s les Offres d\u2019Essai)&nbsp;permettant aux Utilisateurs de tester les Services. Ces Offres d\u2019Essai seront soumises aux pr\u00e9sentes CGV et seront limit\u00e9es \u00e0 une seule&nbsp;fois et pour une seule&nbsp;inscription (m\u00eame adresse de courrier \u00e9lectronique).&nbsp;<\/p>\n<p>&nbsp;<\/p>\n<p>A l\u2019issue de la p\u00e9riode d\u2019essai gratuite, sauf&nbsp;indication contraire sur&nbsp;la Plateforme&nbsp;et sauf r\u00e9siliation par l\u2019Utilisateur dans les conditions de l\u2019article 11, toute Offre d\u2019Essai est transform\u00e9e en&nbsp;Abonnement mensuel&nbsp;\/ Annuel selon l\u2019Abonnement choisi&nbsp;par l\u2019Utilisateur,&nbsp;au tarif applicable aux&nbsp;Abonnements aux&nbsp;Services.&nbsp;<\/p>\n<p>&nbsp;<\/p>\n<h5>7.3. Disponibilit\u00e9 du service&nbsp;<\/h5>\n<p>Les Programmes audiovisuels propos\u00e9s dans l\u2019offre d\u2019Abonnement sont ceux qui appartiennent \u00e0 l\u2019offre des&nbsp;Programmes&nbsp;Audiovisuels figurant sur&nbsp;la Plateforme&nbsp;sous r\u00e9serve des limitations g\u00e9ographiques pr\u00e9vues \u00e0 l\u2019article 5.1 des CGV&nbsp;et de la dur\u00e9e d\u2019autorisation de diffusion des Programmes audiovisuels dont b\u00e9n\u00e9ficie la Soci\u00e9t\u00e9. Les Programmes audiovisuels sont disponibles pour la visualisation en Streaming pendant toute la dur\u00e9e de l\u2019Abonnement sans limitation du nombre de visualisations sous r\u00e9serve de la disponibilit\u00e9 des droits n\u00e9goci\u00e9s par la Soci\u00e9t\u00e9 aupr\u00e8s des ayant-droits sur les Programmes audiovisuels.&nbsp;<\/p>\n<p>La Soci\u00e9t\u00e9 s\u2019efforce de maintenir la Plateforme accessible 24h\/24 et 7 jours \/7&nbsp;mais l\u2019acc\u00e8s aux Services peut \u00eatre interrompu pour toutes raisons notamment techniques, la Soci\u00e9t\u00e9 ne pouvant offrir aucune garantie de continuit\u00e9 de ce fait.&nbsp;&nbsp;<\/p>\n<p>&nbsp;<\/p>\n<h4>8. Prix et conditions de paiement<\/h4>\n<h5>8.1. Prix et mode de distribution&nbsp;<\/h5>\n<p>Le prix de l\u2019Abonnement est le tarif indiqu\u00e9 sur la page \u00ab Abonnement \u00bb&nbsp;de la Plateforme&nbsp;au jour de la souscription de l\u2019Abonnement.&nbsp;<\/p>\n<p>&nbsp;<\/p>\n<p>Aucune augmentation de tarif ne peut advenir pendant la p\u00e9riode minimale d\u2019engagement. \u00c0 l\u2019issue de cette p\u00e9riode, en cas d\u2019augmentation de tarif,&nbsp;l\u2019Abonn\u00e9&nbsp;en sera inform\u00e9 au moins 1 (un) mois avant l\u2019entr\u00e9e en vigueur de celle-ci. En cas de refus de l\u2019augmentation par&nbsp;l\u2019Abonn\u00e9, ce dernier pourra r\u00e9silier son Abonnement, conform\u00e9ment aux termes de l\u2019article 10 des pr\u00e9sentes CGV.&nbsp;<\/p>\n<p>&nbsp;<\/p>\n<p>Le prix indiqu\u00e9 tient compte de la TVA, de la TSA et\/ou autres taxes l\u00e9gales \u00e9ventuellement applicables au jour de la souscription de l\u2019Abonnement. Tout changement du taux applicable de ces taxes, le cas \u00e9ch\u00e9ant, sera directement r\u00e9percut\u00e9 sur les prix.&nbsp;<\/p>\n<p>L\u2019Abonn\u00e9 a la possibilit\u00e9 d\u2019entrer un code promotionnel \u00e0 l\u2019\u00e9tape de paiement. L\u2019offre promotionnelle peut \u00eatre un pourcentage d\u00e9duit du prix de base ou un montant d\u00e9duit du prix de base. Tout code promotionnel a une date de validit\u00e9 d\u2019utilisation. Un code promotionnel peut s\u2019appliquer pour une dur\u00e9e de l\u2019abonnement pr\u00e9cise ou pour tous les renouvellements suivant selon les modalit\u00e9s de l\u2019offre.&nbsp;Les codes promotionnels ne sont pas valables sur les cartes cadeaux.<\/p>\n<p>&nbsp;<\/p>\n<h5>8.2. Modalit\u00e9s de paiement&nbsp;<\/h5>\n<p>Au moment de la souscription de son Abonnement, l\u2019Utilisateur effectuera le paiement initial par carte bancaire. La transaction est s\u00e9curis\u00e9e&nbsp;via&nbsp;Stripe&nbsp;(Paiement s\u00e9curis\u00e9 certification PSI-DSS Service Provider&nbsp;Level&nbsp;1). La commande est enregistr\u00e9e et valid\u00e9e d\u00e8s l&rsquo;acceptation du paiement.&nbsp;<\/p>\n<p>&nbsp;<\/p>\n<p>L\u2019Utilisateur communique d\u00e8s son inscription \u00e0 une Offre d\u2019Essai ou \u00e0 un Abonnement, ses coordonn\u00e9es bancaires au prestataire de service&nbsp;Stripe&nbsp;dont la solution a \u00e9t\u00e9 certifi\u00e9e PSI-DSS Service Provider&nbsp;Level&nbsp;1, standard de s\u00e9curit\u00e9 international le plus \u00e9lev\u00e9, et s\u00e9curise donc la protection des donn\u00e9es relatives \u00e0 la carte et \u00e0 la transaction. Ces informations&nbsp;permettent&nbsp;le pr\u00e9l\u00e8vement ult\u00e9rieur des montants correspondant \u00e0 l\u2019Abonnement qu\u2019il aura choisi.&nbsp;<\/p>\n<p>L\u2019Abonn\u00e9 reconna\u00eet que la transmission \u00e0 la Soci\u00e9t\u00e9 des informations relatives \u00e0 sa carte de paiement vaut autorisation de pr\u00e9l\u00e8vement par d\u00e9bit mensuel ou annuel sur son compte. En cas de renouvellement de sa carte bancaire, l\u2019Abonn\u00e9 s\u2019engage \u00e0 communiquer les nouvelles donn\u00e9es applicables \u00e0 la Soci\u00e9t\u00e9. A d\u00e9faut, il s\u2019expose \u00e0 une r\u00e9siliation automatique de son Abonnement.&nbsp;<\/p>\n<p>Dans le cadre d\u2019un Abonnement mensuel, l\u2019Utilisateur sera ensuite pr\u00e9lev\u00e9 mensuellement du montant correspondant au prix de l\u2019Abonnement, jusqu\u2019\u00e0 r\u00e9siliation par l\u2019Utilisateur de son Abonnement, selon les conditions pr\u00e9vues \u00e0 l&rsquo;article 10 ou jusqu\u2019au terme du contrat quelle qu\u2019en soit la raison.&nbsp;<\/p>\n<p>Dans le cadre d\u2019un Abonnement annuel, le montant correspondant \u00e0 cet Abonnement sera pr\u00e9lev\u00e9 en une fois au moment de l\u2019inscription, puis annuellement, \u00e0 chaque reconduction de l\u2019Abonnement, jusqu\u2019\u00e0 r\u00e9siliation par l\u2019Utilisateur de son Abonnement, selon les conditions pr\u00e9vues \u00e0 l&rsquo;article 10 ou jusqu\u2019au terme du contrat quelle qu\u2019en soit la raison.&nbsp;Si l\u2019autorisation de paiement initiale est r\u00e9voqu\u00e9e par la suite, l\u2019Abonnement de l\u2019Utilisateur sera r\u00e9sili\u00e9.&nbsp;<\/p>\n<p>A d\u00e9faut de r\u00e9ception du prix dans sa totalit\u00e9, l\u2019Utilisateur ne pourra avoir acc\u00e8s \u00e0 l\u2019ensemble des Programmes audiovisuels compris dans son Abonnement.&nbsp;A l\u2019exception des dispositions de l\u2019article&nbsp;5.2&nbsp;ci-dessus, l\u2019Abonn\u00e9 doit \u00eatre conscient que la Soci\u00e9t\u00e9&nbsp;n&rsquo;accorde&nbsp;aucun remboursement ou cr\u00e9dit pour les p\u00e9riodes d&rsquo;utilisation partielle, ou pour tout contenu du Site non regard\u00e9.&nbsp;<\/p>\n<p>&nbsp;<\/p>\n<h4>&nbsp;9. Droit de r\u00e9tractation<\/h4>\n<p>La Soci\u00e9t\u00e9 informe l\u2019Utilisateur que&nbsp;le&nbsp;Code de la consommation pr\u00e9voit un d\u00e9lai de r\u00e9tractation de 14 (quatorze) jours francs en cas de conclusion d\u2019un contrat de services \u00e0 distance.&nbsp;<\/p>\n<p>&nbsp;<\/p>\n<p>La Soci\u00e9t\u00e9 informe n\u00e9anmoins l\u2019Utilisateur&nbsp;qu\u2019en vertu de l\u2019article L221-28 alin\u00e9a 13\u00b0 du code de la consommation,&nbsp;le droit de r\u00e9tractation n\u2019est pas applicable aux contrats de fourniture de contenus num\u00e9riques non fournis sur support mat\u00e9riel et mis imm\u00e9diatement \u00e0 disposition de l\u2019Utilisateur apr\u00e8s paiement.&nbsp;<\/p>\n<p>&nbsp;<\/p>\n<p>L\u2019Utilisateur consent express\u00e9ment \u00e0 la mise \u00e0 disposition imm\u00e9diate de l\u2019acc\u00e8s aux Services, et, partant, \u00e0 la non-application du droit de r\u00e9tractation&nbsp;d\u00e8s sa premi\u00e8re utilisation du service.&nbsp;<\/p>\n<p>Il b\u00e9n\u00e9ficie toutefois du droit de r\u00e9silier son Abonnement dans les conditions vis\u00e9es \u00e0 l\u2019article&nbsp;10 ci-apr\u00e8s.&nbsp;<\/p>\n<p>L\u2019Abonn\u00e9 peut aussi d\u00e9cider de ne pas acc\u00e9der&nbsp;imm\u00e9diatement&nbsp;aux Programmes audiovisuels et d\u00e8s lors conserver son droit \u00e0 r\u00e9tractation limit\u00e9 \u00e0 14 jours suivant la date de paiement de son Abonnement. Dans ce cas, il devra adresser&nbsp;email&nbsp;de r\u00e9tractation selon les modalit\u00e9s suivantes\u202f:&nbsp;<\/p>\n<p>&#8211; Envoyer un email \u00e0&nbsp;<a href=\"mailto:web@myzen.tv\">web@myzen.tv<\/a>&nbsp;avec comme objet r\u00e9tractation&nbsp;<\/p>\n<p>&#8211; Faire une d\u00e9claration sur l\u2019honneur de sa non-utilisation du service&nbsp;<\/p>\n<p>&#8211; Demander un d\u00e9sabonnement imm\u00e9diat et un remboursement s\u2019il a d\u00e9pass\u00e9 le d\u00e9lai de p\u00e9riode d\u2019essai.&nbsp;<\/p>\n<p>La Soci\u00e9t\u00e9 se r\u00e9serve le droit de v\u00e9rifier la v\u00e9racit\u00e9 de sa non-consommation par tous moyens.&nbsp;<\/p>\n<p>&nbsp;<\/p>\n<h4>&nbsp;10. R\u00e9siliation<\/h4>\n<p>\u00c0 l\u2019issue de la p\u00e9riode minimale d\u2019engagement, l\u2019Utilisateur peut r\u00e9silier \u00e0 tout moment son Abonnement en cliquant sur le lien de d\u00e9sabonnement accessible dans la rubrique \u00ab Mon compte \u00bb du Site.&nbsp;<\/p>\n<p>&nbsp;<\/p>\n<p>La r\u00e9siliation prend effet \u00e0 l\u2019issue de la p\u00e9riode d\u2019engagement en cours au moment de la r\u00e9ception de la demande de r\u00e9siliation. Ainsi, dans le cadre d\u2019un Abonnement annuel, en cas de r\u00e9siliation, l\u2019Abonnement ne sera pas renouvel\u00e9 pour l\u2019ann\u00e9e suivante, mais aucun remboursement ne pourra \u00eatre accord\u00e9 pour l\u2019ann\u00e9e en cours.&nbsp;<\/p>\n<p>&nbsp;<\/p>\n<p>Par ailleurs, la Soci\u00e9t\u00e9 se r\u00e9serve le droit de d\u00e9sactiver ou de suspendre, sans indemnit\u00e9, le compte de&nbsp;l\u2019Abonn\u00e9&nbsp;et de lui refuser&nbsp;ainsi qu\u2019aux autres Utilisateurs indiqu\u00e9s sur le Compte Abonn\u00e9,&nbsp;tout acc\u00e8s au Service dans les cas suivants :&nbsp;<\/p>\n<p>non respect&nbsp;par l\u2019Utilisateur des CGV,&nbsp;<\/p>\n<p>non paiement&nbsp;par l\u2019Utilisateur des sommes dues,&nbsp;<\/p>\n<p>agissements contraires aux int\u00e9r\u00eats&nbsp;de la Plateforme&nbsp;(voir notamment articles 13 et 14 des pr\u00e9sentes CGV). Elle en informera pr\u00e9alablement et dans un d\u00e9lai raisonnable l\u2019Utilisateur par email en indiquant les motifs de suspension ou d\u00e9sactivation.&nbsp;<\/p>\n<p>&nbsp;<\/p>\n<h4>11. Force majeure&nbsp;<\/h4>\n<p>Les Services pourront&nbsp;notamment&nbsp;\u00eatre interrompus en cas&nbsp;de cas fortuit ou&nbsp;de force majeure.&nbsp;Sont notamment consid\u00e9r\u00e9s comme \u00e9tant des cas de force majeure\u202f:&nbsp;les intemp\u00e9ries, les catastrophes naturelles, les incendies et inondations, la foudre, les attentats, les cas de rupture et de blocage des r\u00e9seaux de t\u00e9l\u00e9communication et d\u2019\u00e9nergie, les dommages provoqu\u00e9s par des virus informatiques ne pouvant \u00eatre contourn\u00e9s par des dispositifs de s\u00e9curit\u00e9 disponibles sur le march\u00e9, ainsi que toute obligation l\u00e9gale ou r\u00e9glementaire ou d&rsquo;ordre public impos\u00e9e par les autorit\u00e9s comp\u00e9tentes ayant un effet substantiel sur l\u2019ex\u00e9cution des Services en vertu des pr\u00e9sentes CGV ainsi que tout autre \u00e9v\u00e8nement de force majeure ou cas fortuit au sens de la jurisprudence fran\u00e7aise.&nbsp;&nbsp;<\/p>\n<p>&nbsp;<\/p>\n<h4>12. Protection des donn\u00e9es \u00e0 caract\u00e8re personnel<\/h4>\n<p>&nbsp;<\/p>\n<h5>12.1. Exploitation des fichiers&nbsp;<\/h5>\n<p>Dans le cadre de l\u2019utilisation ou de votre Abonnement \u00e0 nos Services, vos donn\u00e9es personnelles peuvent \u00eatre collect\u00e9es et exploit\u00e9es.&nbsp;L\u2019Abonnement est, en effet,&nbsp;soumis \u00e0 la r\u00e9alisation d\u2019un traitement automatis\u00e9 de donn\u00e9es \u00e0 caract\u00e8re personnel dont le responsable est la Soci\u00e9t\u00e9, certaines donn\u00e9es pouvant \u00e9galement \u00eatre communiqu\u00e9es \u00e0 nos partenaires, en particulier, la soci\u00e9t\u00e9 STRIPE pour la proc\u00e9dure de paiement.&nbsp;<\/p>\n<p>La Soci\u00e9t\u00e9 vous explique\u202f:&nbsp;<\/p>\n<ul>\n<li data-leveltext=\"-\" data-font=\"Calibri\" data-listid=\"2\" aria-setsize=\"-1\" data-aria-posinset=\"5\" data-aria-level=\"1\">Quelles donn\u00e9es personnelles sont collect\u00e9es&nbsp;(cf&nbsp;12.2)&nbsp;<\/li>\n<li data-leveltext=\"-\" data-font=\"Calibri\" data-listid=\"2\" aria-setsize=\"-1\" data-aria-posinset=\"5\" data-aria-level=\"1\">Pour quelles finalit\u00e9s\u202f: gestion de l\u2019abonnement et gestion de la relation commerciale&nbsp;(Cf 12.3&nbsp;<\/li>\n<\/ul>\n<ul>\n<li data-leveltext=\"-\" data-font=\"Calibri\" data-listid=\"2\" aria-setsize=\"-1\" data-aria-posinset=\"5\" data-aria-level=\"1\">A qui elles sont destin\u00e9es\u202f&nbsp;SAS&nbsp;COFITES&nbsp;ou toute autre entit\u00e9 du groupe SECOM&nbsp;<\/li>\n<li data-leveltext=\"-\" data-font=\"Calibri\" data-listid=\"2\" aria-setsize=\"-1\" data-aria-posinset=\"5\" data-aria-level=\"1\">Combien de temps elles sont conserv\u00e9es(CF 12.4)&nbsp;<\/li>\n<li data-leveltext=\"-\" data-font=\"Calibri\" data-listid=\"2\" aria-setsize=\"-1\" data-aria-posinset=\"5\" data-aria-level=\"1\">Quels sont vos droits\u202f(Cf 12.5)&nbsp;<\/li>\n<li data-leveltext=\"-\" data-font=\"Calibri\" data-listid=\"2\" aria-setsize=\"-1\" data-aria-posinset=\"5\" data-aria-level=\"1\">Qui sont vos interlocuteurs sur ces questions(CF 12.6)&nbsp;<\/li>\n<\/ul>\n<p>&nbsp;&nbsp;<\/p>\n<h5>12.2 Donn\u00e9es recueillies :&nbsp;<\/h5>\n<p>La Soci\u00e9t\u00e9 recueille :&nbsp;<\/p>\n<ul>\n<li data-leveltext=\"-\" data-font=\"Calibri\" data-listid=\"1\" aria-setsize=\"-1\" data-aria-posinset=\"50\" data-aria-level=\"1\">les renseignements que l\u2019Utilisateur fournit \u00e0 la&nbsp;Soci\u00e9t\u00e9, notamment lorsqu\u2019il cr\u00e9e un compte et qu\u2019il s\u2019abonne.&nbsp;<\/li>\n<\/ul>\n<ul>\n<li data-leveltext=\"-\" data-font=\"Calibri\" data-listid=\"1\" aria-setsize=\"-1\" data-aria-posinset=\"50\" data-aria-level=\"1\">les renseignements qui sont cr\u00e9\u00e9s lorsque l\u2019Utilisateur utilise les&nbsp;Services.&nbsp;<\/li>\n<li data-leveltext=\"-\" data-font=\"Calibri\" data-listid=\"1\" aria-setsize=\"-1\" data-aria-posinset=\"50\" data-aria-level=\"1\">les renseignements provenant d&rsquo;autres sources (notamment provenant d\u2019Apple,&nbsp;Google Play,&nbsp;outils de sondage, r\u00e9seaux sociaux etc.)&nbsp;<\/li>\n<li data-leveltext=\"-\" data-font=\"Calibri\" data-listid=\"1\" aria-setsize=\"-1\" data-aria-posinset=\"50\" data-aria-level=\"1\">Les renseignements fournis par l\u2019Utilisateur&nbsp;<\/li>\n<\/ul>\n<p>&nbsp;<\/p>\n<p>Ces renseignements peuvent comprendre :&nbsp;<\/p>\n<p>Le profil utilisateur&nbsp;: La Soci\u00e9t\u00e9 recueille les renseignements fournis lors de la cr\u00e9ation ou la modification du compte par l\u2019Utilisateur. Ces renseignements peuvent comprendre votre nom, votre&nbsp;email, votre mot de passe (de fa\u00e7on crypt\u00e9e et non visible des salari\u00e9s de la Soci\u00e9t\u00e9), votre date de naissance, votre pays&nbsp;de r\u00e9sidence, votre langue, le moyen par lequel vous \u00eates entr\u00e9 en contact avec la Soci\u00e9t\u00e9 pour la premi\u00e8re fois.&nbsp;<\/p>\n<p>Renseignements li\u00e9s \u00e0 l\u2019abonnement et aux informations bancaires&nbsp;: Si l\u2019Utilisateur s\u2019abonne ou ach\u00e8te une carte cadeau sur le Service, la Soci\u00e9t\u00e9 recueille \u00e9galement des informations sur l\u2019Abonnement (cr\u00e9ation, modification, d\u00e9sabonnement), des informations de paiement ou des renseignements bancaires (y compris les renseignements connexes de v\u00e9rification de&nbsp;paiement). Les d\u00e9tails du moyen de paiement de l\u2019Utilisateur sont collect\u00e9s et stock\u00e9s directement par l\u2019entreprise&nbsp;Stripe&nbsp;(n\u00b0RCS&nbsp;Paris\u202f:\u202f807 572 011 RCS\u202f:STRIPE France, Forme juridique :\u202fSAS&nbsp;Stripe&nbsp;Capital :\u202f1000 EUROS, Adresse du si\u00e8ge social :\u202f10 boulevard Haussmann 75009 Paris)&nbsp;lors du paiement.&nbsp;Stripe&nbsp;est&nbsp;accr\u00e9dit\u00e9e pour la collecte, le stockage et le traitement de donn\u00e9es bancaires, dont la solution a \u00e9t\u00e9 certifi\u00e9e PSI-DSS Service Provider&nbsp;Level&nbsp;1, standard de s\u00e9curit\u00e9 international le plus \u00e9lev\u00e9, et s\u00e9curise donc la protection des donn\u00e9es relatives \u00e0 la carte et \u00e0 la transaction.&nbsp;Par ailleurs,&nbsp;<a href=\"https:\/\/stripe.com\/fr\/privacy\">ses&nbsp;conditions g\u00e9n\u00e9rales<\/a>&nbsp;respectent&nbsp;la nouvelle r\u00e9glementation EU General Data Protection&nbsp;Regulation&nbsp;(\u201cGDPR\u201d)&nbsp;<\/p>\n<p>Les renseignements cr\u00e9\u00e9s lorsque l\u2019Utilisateur utilise le Service&nbsp;<\/p>\n<p>Ces renseignements peuvent comprendre :&nbsp;<\/p>\n<p>Renseignements li\u00e9s \u00e0 l\u2019historique de visionnage des&nbsp;Programmes audiovisuels et des&nbsp;Services&nbsp;: La&nbsp;Soci\u00e9t\u00e9 recueille la liste des&nbsp;Programmes audiovisuels&nbsp;visionn\u00e9s par l\u2019Utilisateur afin de lui permettre de retrouver facilement dans son&nbsp;Compte&nbsp;Abonn\u00e9&nbsp;un&nbsp;Programme audiovisuel&nbsp;visionn\u00e9 ou d\u00e9marr\u00e9.&nbsp;<\/p>\n<p>Renseignements li\u00e9s \u00e0 la mise en favoris de&nbsp;Programmes audiovisuels&nbsp;des&nbsp;Services&nbsp;: La Soci\u00e9t\u00e9 recueille la liste des&nbsp;Programmes audiovisuels&nbsp;que l\u2019Utilisateur a marqu\u00e9&nbsp;dans&nbsp;\u201cMa liste\u201d sur le Service afin de lui restituer cette liste dans son&nbsp;Compte&nbsp;Abonn\u00e9.&nbsp;<\/p>\n<p>Renseignements li\u00e9s aux transactions&nbsp;: la Soci\u00e9t\u00e9 recueille des informations sur les transactions li\u00e9es \u00e0 l\u2019Utilisation des&nbsp;Services, y compris les types d\u2019Abonnements command\u00e9s et renouvel\u00e9s, les d\u00e9tails de&nbsp;l\u2019Abonnement, la date et l&rsquo;heure des transactions, le montant factur\u00e9, le mode de paiement. De plus, si l\u2019Utilisateur utilise un code promotionnel, la Soci\u00e9t\u00e9 peut associer l\u2019Utilisateur \u00e0 ce dernier&nbsp;<\/p>\n<p>Informations sur l&rsquo;utilisation du Service&nbsp;: La Soci\u00e9t\u00e9 recueille des donn\u00e9es relatives \u00e0 la fa\u00e7on dont l\u2019Utilisateur fait usage des&nbsp;Services. Par exemple, la Soci\u00e9t\u00e9 recueille des renseignements comme la date et l&rsquo;heure d&rsquo;acc\u00e8s aux&nbsp;Services. De fa\u00e7on anonyme, la Soci\u00e9t\u00e9 recueille \u00e9galement des informations sur les fonctionnalit\u00e9s utilis\u00e9es ou les pages consult\u00e9es, les pannes de l&rsquo;application mobile ou service d\u00e9riv\u00e9s et autres activit\u00e9s du syst\u00e8me, le type de navigateur, ainsi que les sites ou les services de tiers que l\u2019Utilisateur utilise avant de faire usage&nbsp;des&nbsp;Services. Dans certains cas, la Soci\u00e9t\u00e9 recueille ces renseignements \u00e0 l&rsquo;aide de cookies&nbsp;ou de pixels invisibles et autres technologies similaires qui cr\u00e9ent et conservent des identifiants anonymes et uniques. Pour en savoir plus sur ces technologies, l\u2019Utilisateur peut consulter la rubrique \u201c12.7 Cas particuliers&nbsp;des&nbsp;cookies\u201d.&nbsp;<\/p>\n<p>Renseignements sur l&rsquo;appareil : La&nbsp;Soci\u00e9t\u00e9 peut collecter des donn\u00e9es sur les appareils que l\u2019Utilisateur utilise pour acc\u00e9der aux&nbsp;Services,&nbsp;y compris&nbsp;le mod\u00e8le de l&rsquo;appareil, l&rsquo;adresse IP, les syst\u00e8mes d&rsquo;exploitation et leurs versions, le logiciel, les pr\u00e9f\u00e9rences de langue, l\u2019identifiant universel uniques du mat\u00e9riel (Unique, les identifiants publicitaires, les num\u00e9ros de s\u00e9rie.)&nbsp;<\/p>\n<p>&nbsp;<\/p>\n<p>Les renseignements provenant d&rsquo;autres sources&nbsp;<\/p>\n<p>&nbsp;<\/p>\n<p>Ces donn\u00e9es peuvent comprendre :&nbsp;<\/p>\n<ul>\n<li data-leveltext=\"-\" data-font=\"Calibri\" data-listid=\"1\" aria-setsize=\"-1\" data-aria-posinset=\"50\" data-aria-level=\"1\">les commentaires que l\u2019Utilisateur peut laisser sur l\u2019App&nbsp;Store iOS,&nbsp;Google&nbsp;Play store,&nbsp;nos outils de sondages Utilisateur, les r\u00e9seaux sociaux.&nbsp;<\/li>\n<li data-leveltext=\"-\" data-font=\"Calibri\" data-listid=\"1\" aria-setsize=\"-1\" data-aria-posinset=\"50\" data-aria-level=\"1\">des renseignements fournis par certains Utilisateurs sur d\u2019autres Utilisateurs dans le cadre d\u2019achat d\u2019une carte cadeau notamment (nom, courriel, message \u00e0 adresser);&nbsp;<\/li>\n<\/ul>\n<ul>\n<li data-leveltext=\"-\" data-font=\"Calibri\" data-listid=\"1\" aria-setsize=\"-1\" data-aria-posinset=\"50\" data-aria-level=\"1\">des renseignements provenant des fournisseurs de services financiers (si l\u2019utilisateur est abonn\u00e9).&nbsp;<\/li>\n<li data-leveltext=\"-\" data-font=\"Calibri\" data-listid=\"1\" aria-setsize=\"-1\" data-aria-posinset=\"50\" data-aria-level=\"1\">des fournisseurs de services de marketing;&nbsp;<\/li>\n<\/ul>\n<p>La Soci\u00e9t\u00e9 peut combiner les donn\u00e9es obtenues de toutes ces sources avec les autres&nbsp;renseignements en sa possession.&nbsp;<\/p>\n<p>&nbsp;<\/p>\n<h5>12.3 Utilisation des donn\u00e9es&nbsp;<\/h5>\n<p>La soci\u00e9t\u00e9 collecte et utilise les donn\u00e9es :&nbsp;<\/p>\n<ul>\n<li data-leveltext=\"-\" data-font=\"Calibri\" data-listid=\"1\" aria-setsize=\"-1\" data-aria-posinset=\"50\" data-aria-level=\"1\">pour fournir des services fiables et de qualit\u00e9 \u00e0 l\u2019Utilisateur.&nbsp;<\/li>\n<li data-leveltext=\"-\" data-font=\"Calibri\" data-listid=\"1\" aria-setsize=\"-1\" data-aria-posinset=\"50\" data-aria-level=\"1\">pour l\u2019assistance client de l\u2019Utilisateur&nbsp;<\/li>\n<li data-leveltext=\"-\" data-font=\"Calibri\" data-listid=\"1\" aria-setsize=\"-1\" data-aria-posinset=\"50\" data-aria-level=\"1\">pour fins de recherche et d\u00e9veloppement&nbsp;<\/li>\n<li data-leveltext=\"-\" data-font=\"Calibri\" data-listid=\"1\" aria-setsize=\"-1\" data-aria-posinset=\"50\" data-aria-level=\"1\">pour permettre la communication avec l\u2019Utilisateur&nbsp;<\/li>\n<\/ul>\n<ul>\n<li data-leveltext=\"-\" data-font=\"Calibri\" data-listid=\"1\" aria-setsize=\"-1\" data-aria-posinset=\"50\" data-aria-level=\"1\">pour organiser des promotions ou des concours&nbsp;<\/li>\n<li data-leveltext=\"-\" data-font=\"Calibri\" data-listid=\"1\" aria-setsize=\"-1\" data-aria-posinset=\"50\" data-aria-level=\"1\">en lien avec des proc\u00e9dures judiciaires&nbsp;<\/li>\n<\/ul>\n<p>La soci\u00e9t\u00e9 s&rsquo;interdit de vendre ou de partager vos donn\u00e9es personnelles avec des tiers pour fins de marketing direct.&nbsp;<\/p>\n<p>&nbsp;<\/p>\n<p>Offrir des services et des fonctionnalit\u00e9s :&nbsp;<\/p>\n<ul>\n<li data-leveltext=\"-\" data-font=\"Calibri\" data-listid=\"1\" aria-setsize=\"-1\" data-aria-posinset=\"50\" data-aria-level=\"1\">cr\u00e9er et mettre \u00e0 jour le compte de l\u2019Utilisateur;&nbsp;<\/li>\n<li data-leveltext=\"-\" data-font=\"Calibri\" data-listid=\"1\" aria-setsize=\"-1\" data-aria-posinset=\"50\" data-aria-level=\"1\">traiter ou faciliter le paiement du Service.&nbsp;<\/li>\n<li data-leveltext=\"-\" data-font=\"Calibri\" data-listid=\"1\" aria-setsize=\"-1\" data-aria-posinset=\"50\" data-aria-level=\"1\">rechercher et proposer&nbsp;des&nbsp;Programmes audiovisuels&nbsp;int\u00e9ressants pour l\u2019Utilisateur&nbsp;<\/li>\n<li data-leveltext=\"-\" data-font=\"Calibri\" data-listid=\"1\" aria-setsize=\"-1\" data-aria-posinset=\"50\" data-aria-level=\"1\">offrir des fonctionnalit\u00e9s de personnalisation du compte de l\u2019Utilisateur, comme la cr\u00e9ation de&nbsp;\u00ab\u202fMa liste\u202f\u00bb ou&nbsp;permettre l&rsquo;acc\u00e8s rapide \u00e0 certains contenus&nbsp;de Programmes Audiovisuels.&nbsp;<\/li>\n<li data-leveltext=\"-\" data-font=\"Calibri\" data-listid=\"1\" aria-setsize=\"-1\" data-aria-posinset=\"50\" data-aria-level=\"1\">effectuer des op\u00e9rations internes n\u00e9cessaires pour fournir les&nbsp;Services, notamment en corrigeant des bugs logiciels et des probl\u00e8mes op\u00e9rationnels, en effectuant des analyses, des essais et des recherches de donn\u00e9es ainsi qu&rsquo;en surveillant et en analysant l&rsquo;utilisation et les tendances li\u00e9es aux activit\u00e9s.&nbsp;<\/li>\n<\/ul>\n<p>&nbsp;<\/p>\n<p>Service client&nbsp;<\/p>\n<p>La Soci\u00e9t\u00e9 utilise les renseignements recueillis afin de guider l\u2019Utilisateur lorsque ce dernier contacte le Service d&rsquo;aide, notamment pour :&nbsp;<\/p>\n<ul>\n<li data-leveltext=\"-\" data-font=\"Calibri\" data-listid=\"1\" aria-setsize=\"-1\" data-aria-posinset=\"50\" data-aria-level=\"1\">analyser et apporter une r\u00e9ponse aux questions et\/ou r\u00e9clamations li\u00e9s \u00e0 la facturation de l\u2019Abonnement&nbsp;et \u00e0 l\u2019achat d\u2019une carte cadeau&nbsp;&nbsp;<\/li>\n<li data-leveltext=\"-\" data-font=\"Calibri\" data-listid=\"1\" aria-setsize=\"-1\" data-aria-posinset=\"50\" data-aria-level=\"1\">\u00e9tudier les suggestions et retours clients afin d\u2019am\u00e9liorer les&nbsp;Services.&nbsp;<\/li>\n<\/ul>\n<p>&nbsp;<\/p>\n<p>Recherche et d\u00e9veloppement&nbsp;<\/p>\n<p>La Soci\u00e9t\u00e9 peut utiliser les renseignements obtenus pour les essais, la recherche, l&rsquo;analyse et le d\u00e9veloppement&nbsp;des&nbsp;Services. Cela permet d&rsquo;accro\u00eetre la qualit\u00e9&nbsp;des&nbsp;Services, de concevoir de nouvelles fonctionnalit\u00e9s et de nouveaux produits.&nbsp;<\/p>\n<p>&nbsp;<\/p>\n<p>Communications de la part de la Soci\u00e9t\u00e9&nbsp;<\/p>\n<p>La Soci\u00e9t\u00e9 peut utiliser les donn\u00e9es recueillies afin d\u2019am\u00e9liorer la communication sur les&nbsp;Services, les promotions, les \u00e9tudes, les enqu\u00eates, les actualit\u00e9s, les mises \u00e0 jour et les \u00e9v\u00e9nements.&nbsp;<\/p>\n<p>&nbsp;<\/p>\n<p>La Soci\u00e9t\u00e9 peut \u00e9galement utiliser ces renseignements pour&nbsp;effectuer des actions de marketing promotionnel favorisant la consommation des contenus de la Plateforme.&nbsp;Selon les informations de l\u2019Utilisateur, celui-ci pourra recevoir tout ou partie de ces communications. Les&nbsp;Utilisateurs de l&rsquo;Union europ\u00e9enne ont le droit de s&rsquo;opposer \u00e0 ce type de traitement (voir l\u2019article \u201c12.5. Droits d\u2019acc\u00e8s, de rectification et d\u2019opposition de l\u2019Utilisateur\u201d).&nbsp;<\/p>\n<p>&nbsp;<\/p>\n<p>&nbsp;<\/p>\n<p>&nbsp;<\/p>\n<p>Proc\u00e9dures et exigences juridiques&nbsp;<\/p>\n<p>La Soci\u00e9t\u00e9 peut utiliser les renseignements recueillis pour \u00e9tudier et traiter les r\u00e9clamations ou les litiges associ\u00e9s \u00e0 l\u2019utilisation&nbsp;des&nbsp;Services.&nbsp;<\/p>\n<p>&nbsp;<\/p>\n<h5>12.4 Stockage et suppression des donn\u00e9es&nbsp;<\/h5>\n<p>La Soci\u00e9t\u00e9 et ses partenaires bancaires et marketing stockent les renseignements sur l\u2019Utilisateur d\u00e9crits \u00e0 l\u2019article \u201c12.2 Donn\u00e9es recueillies\u201d aussi longtemps que l\u2019Utilisateur conserve son&nbsp;Compte&nbsp;Abonn\u00e9&nbsp;sur&nbsp;la Plateforme. Si un Utilisateur retire son consentement au stockage ou \u00e0 l&rsquo;utilisation de renseignements personnels pour des fonctionnalit\u00e9s essentielles&nbsp;des&nbsp;Services, celui-ci perd la capacit\u00e9 d\u2019utiliser tout ou partie&nbsp;des&nbsp;Services. Par exemple, si un Utilisateur&nbsp;Abonn\u00e9 demande la suppression de son moyen de paiement, celui&nbsp;perd la capacit\u00e9 d\u2019utiliser les&nbsp;Services&nbsp;au-del\u00e0&nbsp;de la p\u00e9riode d\u2019Abonnement d\u00e9j\u00e0 pay\u00e9e. Si un Utilisateur demande la suppression de son&nbsp;Compte&nbsp;Abonn\u00e9&nbsp;sur le Service, celui-ci ne pourra plus acc\u00e9der aux&nbsp;Programmes audiovisuels&nbsp;complets&nbsp;des&nbsp;Services. En parall\u00e8le, si l\u2019Utilisateur retire son consentement au stockage et \u00e0 l\u2019utilisation de renseignements personnels pour des fonctionnalit\u00e9s facultatives, comme l\u2019historique de lecture ou l\u2019ajout aux favoris, la Soci\u00e9t\u00e9 supprime de fa\u00e7on d\u00e9finitive ces renseignements personnels et l\u2019Utilisateur ne peut plus les retrouver lors de l\u2019utilisation&nbsp;des&nbsp;Services.&nbsp;<\/p>\n<p>&nbsp;<\/p>\n<p>L\u2019Utilisateur peut demander, \u00e0 tout moment, la d\u00e9sactivation de son&nbsp;Compte&nbsp;Abonn\u00e9&nbsp;ou la suppression totale et d\u00e9finitive du&nbsp;Compte&nbsp;Abonn\u00e9&nbsp;(incluant la suppression de toutes les donn\u00e9es personnelles associ\u00e9es). Dans le cas d\u2019une demande de d\u00e9sactivation du&nbsp;Compte&nbsp;Abonn\u00e9, celui-ci est rendu inactif. L\u2019Utilisateur ne peut plus acc\u00e9der \u00e0 son&nbsp;Compte&nbsp;Abonn\u00e9, l\u2019Abonnement est stopp\u00e9. Les donn\u00e9es personnelles ne sont pas&nbsp;imm\u00e9diatement&nbsp;supprim\u00e9es et ce&nbsp;Compte&nbsp;Abonn\u00e9&nbsp;peut \u00eatre r\u00e9activ\u00e9 sur demande de l\u2019Utilisateur. Dans le cas d\u2019une demande de suppression totale et d\u00e9finitive du&nbsp;Compte&nbsp;Abonn\u00e9, celui-ci est supprim\u00e9 ainsi que toutes les donn\u00e9es associ\u00e9es. L\u2019Utilisateur ne peut plus utiliser les&nbsp;Services.&nbsp;L\u2019Abonnement cesse&nbsp;imm\u00e9diatement et irr\u00e9vocablement. Le moyen de paiement de l\u2019Utilisateur abonn\u00e9 est supprim\u00e9 mais les donn\u00e9es li\u00e9es aux facturations pass\u00e9es sont conserv\u00e9es en vertu de l\u2019article L123-22 du code de commerce de la Loi fran\u00e7aise obligeant la Soci\u00e9t\u00e9 \u00e0 conserver des preuves de son activit\u00e9 (notamment les factures de ses clients) pendant un d\u00e9lai de 10 ans. Dans le cas d\u2019une suppression totale et d\u00e9finitive du&nbsp;Compte&nbsp;Abonn\u00e9, l\u2019Utilisateur ne peut plus demander la r\u00e9activation de son&nbsp;Compte&nbsp;Abonn\u00e9&nbsp;ou un acc\u00e8s \u00e0 ses donn\u00e9es personnelles fournies pr\u00e9alablement \u00e0 la suppression.&nbsp;<\/p>\n<p>&nbsp;<\/p>\n<p>La d\u00e9sactivation ou la suppression d\u00e9finitive du&nbsp;Compte&nbsp;Abonn\u00e9&nbsp;de l\u2019Utilisateur entra\u00eenant l\u2019arr\u00eat de l\u2019Abonnement ne donne pas droit \u00e0 un remboursement de tout ou partie de cet&nbsp;Abonnement.&nbsp;<\/p>\n<p>Les modalit\u00e9s de demande de suppression&nbsp;d\u2019un Compte&nbsp;Abonn\u00e9&nbsp;sont pr\u00e9cis\u00e9es dans l\u2019article \u201c12.5 Droits d\u2019acc\u00e8s, de rectification et d\u2019opposition de l\u2019Utilisateur\u201d.&nbsp;<\/p>\n<p>Les donn\u00e9es personnelles recueillies par la Soci\u00e9t\u00e9 sont destin\u00e9es \u00e0 la gestion des Abonnements de l\u2019Utilisateur, \u00e0 l\u2019acc\u00e8s \u00e0 son&nbsp;Compte&nbsp;Abonn\u00e9&nbsp;ainsi qu\u2019aux Services.&nbsp;<\/p>\n<p>&nbsp;<\/p>\n<p>La Soci\u00e9t\u00e9 pourra, apr\u00e8s avoir \u00e0 ce titre recueilli le consentement de l\u2019Utilisateur, adresser \u00e0 l\u2019Utilisateur, par courrier \u00e9lectronique, des informations commerciales lui permettant de mieux faire conna\u00eetre les&nbsp;Services propos\u00e9s par le Site.&nbsp;<\/p>\n<p>&nbsp;<\/p>\n<p>La Soci\u00e9t\u00e9 traite les informations concernant les Utilisateurs avec la plus grande confidentialit\u00e9 dans le respect de la loi du 6 janvier 1978 relative \u00e0 l&rsquo;informatique, aux&nbsp;fichiers et aux libert\u00e9s telle que modifi\u00e9e par la loi du 6 ao\u00fbt 2004&nbsp;et les lois ult\u00e9rieures et conform\u00e9ment aux dispositions du RGPD.&nbsp;<\/p>\n<p>&nbsp;<\/p>\n<p>Les donn\u00e9es personnelles de l\u2019Utilisateur ainsi que les informations relatives \u00e0&nbsp;son Abonnement aux Services et \u00e0 son utilisation&nbsp;de la Plateforme&nbsp;font l&rsquo;objet d&rsquo;un archivage \u00e9lectronique par la Soci\u00e9t\u00e9 pendant toute la dur\u00e9e d\u2019Abonnement de l\u2019Utilisateur aux&nbsp;Services&nbsp;et aux fins de conserver les \u00e9l\u00e9ments n\u00e9cessaires en cas de mise en jeu de sa responsabilit\u00e9 contractuelle et\/ou d\u00e9lictuelle. L\u2019Utilisateur peut avoir librement acc\u00e8s aux informations le concernant en en faisant la demande \u00e0 la Soci\u00e9t\u00e9.&nbsp;<\/p>\n<p>&nbsp;<\/p>\n<h5>12.5 Droits d\u2019acc\u00e8s, de rectification et d\u2019opposition de l\u2019Utilisateur&nbsp;<\/h5>\n<p>Conform\u00e9ment \u00e0 la Loi Informatique et Libert\u00e9s du 6 janvier 1978 modifi\u00e9e&nbsp;et au RGPD, l\u2019Utilisateur dispose, \u00e0 tout moment, d&rsquo;un droit d&rsquo;acc\u00e8s aux informations le concernant, d&rsquo;un droit de les faire rectifier ou compl\u00e9ter si elles sont mal renseign\u00e9es ou incompl\u00e8tes, d&rsquo;un droit de s&rsquo;opposer \u00e0 leur diffusion \u00e0 des tiers, d&rsquo;un droit de s&rsquo;opposer sans frais \u00e0 ce qu&rsquo;elles soient utilis\u00e9es \u00e0 des fins commerciales et, plus g\u00e9n\u00e9ralement, d&rsquo;un droit de s&rsquo;opposer \u00e0 toute forme de traitement tel que d\u00e9fini \u00e0 l&rsquo;alin\u00e9a 3 de l&rsquo;article 2 de ladite loi.&nbsp;<\/p>\n<p>Conform\u00e9ment au R\u00e8glement G\u00e9n\u00e9ral sur la Protection des Donn\u00e9es (General Data Protection R\u00e9gulation) adopt\u00e9 par le Parlement europ\u00e9en le 14 avril 2016, toute personne physique dispose des droits d\u2019acc\u00e8s, de modification, de rectification et de suppression des donn\u00e9es la concernant.&nbsp;&nbsp;<\/p>\n<p>Vous disposez \u00e9galement d\u2019un droit \u00e0 la portabilit\u00e9 des donn\u00e9es que vous nous avez communiqu\u00e9es qui s\u2019av\u00e8reraient n\u00e9cessaires \u00e0 un autre fournisseur pour qu\u2019il puisse vous procurer des services \u00e9quivalant \u00e0 ceux de notre Soci\u00e9t\u00e9. A d\u00e9faut, nous vous transmettrons exclusivement les coordonn\u00e9es personnelles de contact que vous nous aurez fournies sur un support informatique,&nbsp;&nbsp;<\/p>\n<p>&nbsp;<\/p>\n<p>L\u2019exercice de ces droits s\u2019effectue \u00e0 tout moment par la voie postale \u00e0 l\u2019adresse postale du si\u00e8ge de la Soci\u00e9t\u00e9 ou \u00e9lectronique \u00e0 l\u2019adresse suivante :&nbsp;data@myzen.tv&nbsp;&nbsp;<\/p>\n<h5>12.6 Vos interlocuteurs concernant la protection de vos donn\u00e9es personnelles&nbsp;<\/h5>\n<p>Pour toute demande concernant la protection de vos donn\u00e9es personnelles et leur exploitation par la Soci\u00e9t\u00e9, vous pouvez \u00e9crire \u00e0&nbsp;<a href=\"mailto:data@myzen.tv\">data@myzen.tv<\/a>&nbsp;ou par courrier postal \u00e0&nbsp;COFITES&nbsp;&nbsp;&#8211;&nbsp;&nbsp;9 rue Archim\u00e8de, Villeneuve&nbsp;D\u2019ascq&nbsp;59650 France.&nbsp;<\/p>\n<p>Si vous n\u2019obtenez pas satisfaction ou estimez que nous ne respectons pas vos droits, vous pouvez \u00e9galement formuler une r\u00e9clamation aupr\u00e8s de la Commission Nationale Informatique et Libert\u00e9.&nbsp;<\/p>\n<p>&nbsp;<\/p>\n<h5>12.7 Le cas particulier&nbsp;des&nbsp;cookies&nbsp;<\/h5>\n<p>En acc\u00e9dant aux&nbsp;Services, des cookies sont install\u00e9s sur l&rsquo;\u00c9quipement Informatique de l\u2019Utilisateur. Les cookies sont des fichiers envoy\u00e9s vers le navigateur et enregistr\u00e9s sur le disque dur de l&rsquo;\u00c9quipement Informatique de l\u2019Utilisateur, par le navigateur Internet.&nbsp;Vous \u00eates inform\u00e9s de l\u2019existence de ces cookies et de leurs caract\u00e9ristiques par un bandeau qui vous permet d\u2019acc\u00e9der \u00e0 une page de configuration des cookies sur laquelle vous pouvez formuler des choix selon les cookies.&nbsp;Ces cookies&nbsp;contiennent des informations relatives \u00e0&nbsp;la navigation&nbsp;de l\u2019Utilisateur&nbsp;sur le Site (notamment : pages consult\u00e9es, date et heure de connexion), que le Site pourra lire \u00e0 l\u2019occasion de ses visites ult\u00e9rieures&nbsp;pour personnaliser son utilisation des Services.&nbsp;Ils peuvent \u00e9galement servir \u00e0 des mesures d\u2019audience et optimisation des Services ou \u00e0 adresser \u00e0 l\u2019Utilisateur des offres&nbsp;personnalis\u00e9es.&nbsp;Ils sont automatiquement cr\u00e9\u00e9s \u00e0 l\u2019ouverture d\u2019une session, initi\u00e9e par la connexion de l\u2019Utilisateur sur le Site.&nbsp;L\u2019Utilisateur peut s\u2019opposer \u00e0 l\u2019enregistrement de ces cookies&nbsp;(\u00e0 l\u2019exception de certains cookies tels que&nbsp;notamment&nbsp;ceux conservant en m\u00e9moire son historique, certains cookies de mesures d\u2019audience etc.). Pour refuser les autres cookies, vous devez&nbsp;configurer votre&nbsp;navigateur internet, votre&nbsp;syst\u00e8me&nbsp;android&nbsp;ou&nbsp;ios&nbsp;en ce sens.&nbsp;<\/p>\n<p>&nbsp;<\/p>\n<h4>13. Propri\u00e9t\u00e9 intellectuelle<\/h4>\n<h5>13.1. Protection du Site&nbsp;et des Services&nbsp;<\/h5>\n<p>La Soci\u00e9t\u00e9 est et restera titulaire des droits de propri\u00e9t\u00e9 intellectuelle attach\u00e9s&nbsp;\u00e0 son Site,&nbsp;\u00e0 sa d\u00e9nomination, \u00e0 son nom de domaine,&nbsp;\u00e0 la Plateforme, aux Services, leurs rubriques&nbsp;et aux Programmes audiovisuels&nbsp;:&nbsp;<\/p>\n<p>Il s\u2019agit notamment des \u00e9l\u00e9ments constitutifs du&nbsp;Site tels que, sans que cette liste soit restrictive,&nbsp;les informations, les donn\u00e9es textuelles, visuelles, sonores et audiovisuelles,&nbsp;les&nbsp;bases de donn\u00e9es,&nbsp;les \u00e9l\u00e9ments&nbsp;logiciels ou graphiques, quel que soit leur mode de protection, leur territoire et leur dur\u00e9e de protection&nbsp;;&nbsp;<\/p>\n<p>Il s\u2019agit \u00e9galement de&nbsp;tout signe distinctif, d\u00e9pos\u00e9 ou enregistr\u00e9 par la Soci\u00e9t\u00e9 au titre de marque ou prot\u00e9g\u00e9 au titre d\u2019une l\u00e9gislation quelconque en mati\u00e8re de propri\u00e9t\u00e9 intellectuelle, notamment par le droit d\u2019auteur et le copyright. L\u2019acc\u00e8s aux Services&nbsp;n\u2019entra\u00eene aucun transfert de propri\u00e9t\u00e9 de la part de la Soci\u00e9t\u00e9 \u00e0 l\u2019Utilisateur&nbsp;et\/ou \u00e0 l\u2019Abonn\u00e9, et n&#8217;emporte nullement, notamment, autorisation de repr\u00e9senter, modifier, reproduire, ou utiliser commercialement les diff\u00e9rents \u00e9l\u00e9ments du Site, de la Plateforme, des Services et des Programmes audiovisuels.&nbsp;<\/p>\n<p>Toute d\u00e9gradation, ainsi que, en l&rsquo;absence d&rsquo;autorisation pr\u00e9alable et \u00e9crite, toute repr\u00e9sentation, reproduction, modification, utilisation commerciale, totale ou partielle, des diff\u00e9rents \u00e9l\u00e9ments du Site est interdite et expose son (ou ses) auteur(s) \u00e0 des poursuites.&nbsp;<\/p>\n<p>&nbsp;<\/p>\n<h5>13.2. Protection&nbsp;particuli\u00e8re&nbsp;des Programmes audiovisuels&nbsp;<\/h5>\n<p>Les Services&nbsp;respectent&nbsp;le droit d&rsquo;auteur. Tous les droits des auteurs des \u0153uvres prot\u00e9g\u00e9es reproduites et communiqu\u00e9es sur ce site, sont r\u00e9serv\u00e9s. Sauf autorisation, toute utilisation des \u0153uvres autre que la reproduction et la consultation individuelle et priv\u00e9e&nbsp;dans le \u00ab\u202fcercle de famille\u202f\u00bb&nbsp;est interdite.&nbsp;<\/p>\n<p>&nbsp;<\/p>\n<p>Les Services propos\u00e9s par la Soci\u00e9t\u00e9 sur le Site sont exclusivement limit\u00e9s \u00e0 une consommation d\u2019ordre priv\u00e9 dans le cadre du cercle familial et ne peuvent \u00eatre destin\u00e9s \u00e0 une utilisation collective au sens de l&rsquo;article L.122-5 2\u00b0 du Code de la propri\u00e9t\u00e9 intellectuelle.&nbsp;<\/p>\n<p>&nbsp;<\/p>\n<p>Les Programmes audiovisuels visionn\u00e9s par l\u2019Utilisateur sont des fichiers num\u00e9riques prot\u00e9g\u00e9s par des dispositions nationales et internationales en mati\u00e8re de droit d&rsquo;auteur. Leur utilisation ne pourra \u00eatre effectu\u00e9e que dans les limites d\u00e9finies dans les pr\u00e9sentes CGV.&nbsp;<\/p>\n<p>&nbsp;<\/p>\n<p>La Soci\u00e9t\u00e9 garantit qu&rsquo;elle d\u00e9tient les droits n\u00e9cessaires relatifs aux Programmes audiovisuels, qu&rsquo;elle a obtenu toutes les autorisations des ayants droit relatives \u00e0 l&rsquo;exploitation des Programmes audiovisuels et que l&rsquo;exploitation desdits Programmes audiovisuels par l\u2019Utilisateur, conform\u00e9ment aux dispositions&nbsp;des&nbsp;pr\u00e9sentes, ne portera atteinte ni&nbsp;au droit d\u2019auteur, ni&nbsp;au copyright ni \u00e0 un droit quelconque d&rsquo;un tiers sur le(s) Programme(s) audiovisuel(s).&nbsp;<\/p>\n<p>&nbsp;<\/p>\n<p>La mise \u00e0 disposition des Programmes audiovisuels suppose de la part de l\u2019Utilisateur, l\u2019acceptation d\u2019une utilisation sous droits, \u00e0 caract\u00e8re non exclusif, et non transmissible \u00e0 des tiers.&nbsp;<\/p>\n<p>&nbsp;<\/p>\n<p>En aucun cas l\u2019Utilisateur ne peut consid\u00e9rer qu\u2019il est propri\u00e9taire des fichiers num\u00e9riques correspondant aux Programmes audiovisuels.&nbsp;<\/p>\n<p>&nbsp;<\/p>\n<p>Toute reproduction ou repr\u00e9sentation des Programmes audiovisuels, en tout ou partie, sur un quelconque support, est interdite. Le non-respect de cette interdiction constitue une contrefa\u00e7on pouvant engager la responsabilit\u00e9 civile et p\u00e9nale du contrefacteur.&nbsp;<\/p>\n<p>&nbsp;<\/p>\n<p>Les fichiers num\u00e9riques sur le Site et\/ou l\u2019Application peuvent \u00eatre prot\u00e9g\u00e9s par des mesures techniques de protection et d\u2019information, c\u2019est-\u00e0-dire des syst\u00e8mes de protection permettant de contr\u00f4ler leur utilisation et en particulier leur copie.&nbsp;<\/p>\n<p>&nbsp;<\/p>\n<p>L\u2019Utilisateur reconna\u00eet et accepte express\u00e9ment que les mesures techniques de protection et d\u2019information sont susceptibles de limiter son acc\u00e8s \u00e0 un ou plusieurs Programmes audiovisuels, ainsi que les utilisations qui peuvent en \u00eatre faites. L\u2019Utilisateur accepte \u00e9galement qu\u2019il soit proc\u00e9d\u00e9 \u00e0 la mise \u00e0 jour automatique des mesures techniques de protection et d\u2019information et les cons\u00e9quences qui y sont attach\u00e9es.&nbsp;<\/p>\n<p>&nbsp;<\/p>\n<p>Les mesures techniques de protection et d\u2019information sont r\u00e9gies par le code de la propri\u00e9t\u00e9 intellectuelle. L\u2019Utilisateur s\u2019interdit de prendre toute mesure visant \u00e0 contourner ou \u00e0 porter atteinte aux techniques de contr\u00f4le des contenus num\u00e9riques. Toute tentative de contournement de ces mesures est passible des sanctions pr\u00e9vues par ce m\u00eame code.&nbsp;<\/p>\n<p>&nbsp;<\/p>\n<h4>14. Garanties,Responsabilit\u00e9s et obligations&nbsp;<\/h4>\n<h5>14.1.&nbsp;Garanties,&nbsp;Responsabilit\u00e9s et obligations de la Soci\u00e9t\u00e9&nbsp;<\/h5>\n<p>&nbsp;<\/p>\n<p>La Soci\u00e9t\u00e9 ne garantit pas la compatibilit\u00e9 des Services aux besoins et attentes des Utilisateurs et Abonn\u00e9s. Elle ne garantit pas que les Services soient exempts d\u2019erreurs.&nbsp;<\/p>\n<p>L&rsquo;acc\u00e8s au Site est assur\u00e9 en continu sous r\u00e9serve des p\u00e9riodes de maintenance et d&rsquo;entretien, des op\u00e9rations de mise \u00e0 jour des serveurs et de leurs \u00e9ventuelles interruptions exceptionnelles. Les interruptions seront notifi\u00e9es via le Site au minimum 24 heures avant qu\u2019elles n\u2019interviennent, sauf lorsque ces interruptions ont un caract\u00e8re d\u2019urgence.&nbsp;&nbsp;<\/p>\n<p>La Soci\u00e9t\u00e9 ne pourra \u00eatre tenue responsable des d\u00e9faillances dans la performance des Services, de la modification, de la suspension ou de l&rsquo;interruption de ses Services, de la perte de donn\u00e9es de l\u2019Utilisateur; ni des cons\u00e9quences des virus lors de l&rsquo;utilisation du r\u00e9seau internet.<br \/>&nbsp;<\/p>\n<p>&nbsp;<\/p>\n<p>Il est express\u00e9ment entendu que la Soci\u00e9t\u00e9 ne pourra en aucune mani\u00e8re \u00eatre tenue pour responsable d&rsquo;un quelconque dommage subi par l\u2019Utilisateur&nbsp;ou l\u2019Abonn\u00e9&nbsp;et\/ou tout tiers du fait :&nbsp;<\/p>\n<p>&#8211; d&rsquo;une quelconque indisponibilit\u00e9 du site et d&rsquo;une mani\u00e8re g\u00e9n\u00e9rale, de toute avarie technique&nbsp;quelle qu\u2019en soit la cause&nbsp;;&nbsp;<\/p>\n<p>&#8211; d&rsquo;un cas de force majeure.&nbsp;<\/p>\n<p>&nbsp;<\/p>\n<p>L\u2019Utilisateur comprend et accepte que le catalogue des Programmes audiovisuels propos\u00e9 par la Soci\u00e9t\u00e9 \u00e9volue constamment, notamment en fonction des droits de diffusion de ces&nbsp;Programmes qui sont n\u00e9goci\u00e9s chaque ann\u00e9e, et qu\u2019en cons\u00e9quence, la Soci\u00e9t\u00e9 ne peut garantir une disponibilit\u00e9 absolue ou continue et sans limitation de dur\u00e9e sur l\u2019ensemble des Programmes audiovisuels.&nbsp;<\/p>\n<p>&nbsp;<\/p>\n<p>Aucune responsabilit\u00e9 de la Soci\u00e9t\u00e9 ne pourra \u00eatre engag\u00e9e du fait de r\u00e9clamations, actions ou recours de tiers se pr\u00e9valant de droits privatifs sur tout contenu non cr\u00e9\u00e9 par la Soci\u00e9t\u00e9 ou sous sa responsabilit\u00e9.&nbsp;<\/p>\n<p>&nbsp;<\/p>\n<p>Dans le cas o\u00f9 la responsabilit\u00e9 de la Soci\u00e9t\u00e9 serait engag\u00e9e, la r\u00e9paration ne s\u2019appliquera qu\u2019aux seuls dommages directs, personnels, certains, \u00e0 l\u2019exclusion, sans que cette liste ne soit limitative, de tous dommages et\/ou pr\u00e9judices indirects et\/ou immat\u00e9riels ayant pour cause, origine, ou fondement l\u2019utilisation du Site et des Services.&nbsp;<\/p>\n<p>En tout \u00e9tat de cause, la Soci\u00e9t\u00e9 ne pourra voir sa responsabilit\u00e9 engag\u00e9e en cas de faute ou de fait imputable \u00e0 l\u2019Utilisateur, \u00e0 un tiers ou en cas de survenance d\u2019un cas de force majeure.&nbsp;<\/p>\n<p>&nbsp;<\/p>\n<h5>14.2. Responsabilit\u00e9s et obligations de l\u2019Utilisateur&nbsp;<\/h5>\n<p>L\u2019Utilisateur s&rsquo;engage \u00e0 ne pas contourner ni porter atteinte aux mesures techniques de protection des fichiers num\u00e9riques ainsi qu&rsquo;\u00e0, le cas \u00e9ch\u00e9ant, tout dispositif poursuivant le m\u00eame objectif et ce, notamment dans le respect de l\u2019article 13 des pr\u00e9sentes CGV.&nbsp;<\/p>\n<p>&nbsp;<\/p>\n<p>Il incombe \u00e0 l\u2019Utilisateur, comme \u00e0 tout internaute, de prot\u00e9ger son \u00c9quipement Informatique notamment contre toute forme de contamination par des virus et\/ou de tentative d&rsquo;intrusion, la Soci\u00e9t\u00e9 ne pouvant en aucun cas en \u00eatre tenue pour responsable.&nbsp;<\/p>\n<p>&nbsp;<\/p>\n<p>L\u2019Utilisateur&nbsp;d\u00e9clare et reconna\u00eet qu\u2019il&nbsp;est seul responsable de l\u2019utilisation de son&nbsp;Compte&nbsp;Abonn\u00e9 et des Services et qu\u2019il y acc\u00e8de en connaissance de cause.&nbsp;<\/p>\n<p>&nbsp;<\/p>\n<p>Pour garantir la s\u00e9curit\u00e9 de son compte, l\u2019Utilisateur s\u2019engage \u00e0 :&nbsp;<\/p>\n<p>&#8211; ne pas divulguer \u00e0 des tiers ni son identifiant de connexion, ni son mot de passe ;&nbsp;<\/p>\n<p>&#8211; prendre toutes les pr\u00e9cautions n\u00e9cessaires pour \u00e9viter que des tiers ne puissent y avoir acc\u00e8s ;&nbsp;<\/p>\n<p>&#8211; utiliser une bo\u00eete email personnelle et ne pas partager cet email.&nbsp;<\/p>\n<p>&nbsp;<\/p>\n<p>Le pr\u00eat, le partage, l\u2019\u00e9change, le don, l\u2019achat, le transfert et la vente de comptes sont interdits.&nbsp;<\/p>\n<p>&nbsp;<\/p>\n<p>Dans le cas o\u00f9 l\u2019Utilisateur suspecte raisonnablement une faille dans la s\u00e9curit\u00e9, y compris la perte, le vol ou l\u2019utilisation non autoris\u00e9e de ses identifiants de connexion et\/ou mots de passe, l\u2019Utilisateur s\u2019engage \u00e0 en informer imm\u00e9diatement la Soci\u00e9t\u00e9.&nbsp;<\/p>\n<p>&nbsp;<\/p>\n<p>L\u2019Utilisateur s\u2019engage \u00e0 ne pas utiliser des failles, bugs informatiques ou toute autre forme d\u2019erreur pour obtenir des avantages dans l\u2019utilisation du Site.&nbsp;<\/p>\n<p>&nbsp;<\/p>\n<p>L\u2019Utilisateur s\u2019engage \u00e0 ne pas entraver ou perturber le bon fonctionnement des Services. L\u2019Utilisateur s\u2019engage notamment \u00e0 ne pas utiliser les Services \u00e0 des fins promotionnelles et commerciales.&nbsp;<\/p>\n<p>&nbsp;<\/p>\n<p>L\u2019Utilisateur est seul responsable du bon fonctionnement de son \u00c9quipement Informatique. La Soci\u00e9t\u00e9 ne saurait en aucun cas \u00eatre tenue responsable si les Services propos\u00e9 par le Site se r\u00e9v\u00e8le incompatible ou pr\u00e9sente des dysfonctionnements avec certains logiciels, configurations, \u00e9quipements ou syst\u00e8mes d&rsquo;exploitation de l\u2019Utilisateur.&nbsp;<\/p>\n<p>&nbsp;<\/p>\n<p>L\u2019Utilisateur garantit la Soci\u00e9t\u00e9 contre toute action, r\u00e9clamation, revendication ou opposition de la part de toute personne invoquant un droit de propri\u00e9t\u00e9 intellectuelle ou un acte de concurrence d\u00e9loyale et\/ou parasitaire qui se rattacherait, directement ou indirectement, \u00e0 l\u2019utilisation du Service par les Utilisateurs.&nbsp;<\/p>\n<p>L\u2019Utilisateur, qu\u2019il soit ou non Abonn\u00e9, indemnisera la Soci\u00e9t\u00e9 ainsi que sa maison m\u00e8re et les soci\u00e9t\u00e9s qui lui sont affili\u00e9es en cas de pr\u00e9judice d\u2019image ou tout dommage, r\u00e9clamation ou action \u00e9manant de tiers suite \u00e0 l\u2019utilisation par l\u2019Utilisateur des Services et de tous frais corr\u00e9latifs support\u00e9s par la Soci\u00e9t\u00e9, tels que les honoraires d\u2019avocats.&nbsp;<\/p>\n<h4>15. Liens hypertextes<\/h4>\n<p>Des liens hypertextes propos\u00e9s sur le Site peuvent renvoyer vers d&rsquo;autres sites ou d&rsquo;autres informations g\u00e9r\u00e9es par des sites partenaires. Dans la mesure o\u00f9 la Soci\u00e9t\u00e9 ne peut exercer aucun contr\u00f4le sur ces sites, sa responsabilit\u00e9 ne saurait \u00eatre engag\u00e9e dans le cas o\u00f9 le contenu desdits autres sites d\u00e9rogerait aux dispositions l\u00e9gales et\/ou r\u00e9glementaires en vigueur.&nbsp;<\/p>\n<p>&nbsp;<\/p>\n<h4>16. Preuves<\/h4>\n<p>Sauf preuve contraire, les donn\u00e9es enregistr\u00e9es par la Soci\u00e9t\u00e9 constituent la preuve de l&rsquo;ensemble des transactions pass\u00e9es entre la Soci\u00e9t\u00e9 et les Utilisateurs. L&rsquo;historique des transactions des 12 derniers mois est consultable \u00e0 tout moment par l\u2019Utilisateur sur le Site dans la rubrique \u00ab Mon compte \u00bb.&nbsp;<\/p>\n<h4>17. R\u00e9vision des conditions g\u00e9n\u00e9rales<\/h4>\n<p>La Soci\u00e9t\u00e9 se r\u00e9serve le droit de modifier les pr\u00e9sentes CGV \u00e0 tout moment et ce, \u00e0 sa seule discr\u00e9tion. L\u2019Utilisateur sera inform\u00e9 par tous moyens des nouvelles CGV qu\u2019il devra accepter s\u2019il souhaite continuer \u00e0 utiliser le Site et les Services.&nbsp;<\/p>\n<h4>18. Validit\u00e9 des conditions g\u00e9n\u00e9rales<\/h4>\n<p>Si une ou plusieurs stipulations des pr\u00e9sentes CGV sont tenues pour non valides ou d\u00e9clar\u00e9es telles en application d\u2019une loi, d\u2019un r\u00e8glement ou \u00e0 la suite d\u2019une d\u00e9cision d\u00e9finitive d\u2019une juridiction comp\u00e9tente, les autres stipulations garderont toute leur force et leur port\u00e9e.&nbsp;<\/p>\n<h4>19. Divers<\/h4>\n<p>19.1. Le fait de ne pas exiger ou forcer l\u2019ex\u00e9cution par l\u2019Utilisateur&nbsp;ou&nbsp;l\u2019Abonn\u00e9&nbsp;de certaines des stipulations des pr\u00e9sentes CGV ou encore le fait de ne pas faire valoir un droit pr\u00e9vu par les pr\u00e9sentes CGV ne saurait \u00eatre interpr\u00e9t\u00e9 comme une renonciation, de la part de la Soci\u00e9t\u00e9, \u00e0 son droit d\u2019exiger ou de faire imposer l\u2019ex\u00e9cution de ces stipulations.&nbsp;<\/p>\n<p>&nbsp;<\/p>\n<p>19.2. L\u2019Utilisateur consent \u00e0 ce que la Soci\u00e9t\u00e9 puisse c\u00e9der le pr\u00e9sent contrat, dans son int\u00e9gralit\u00e9 ou en partie, \u00e0 tout moment. La cession prendra effet \u00e0 la date de la notification de cette cession \u00e0 l\u2019Utilisateur, par tout moyen.&nbsp;De son c\u00f4t\u00e9, l\u2019Utilisateur ne peut pas c\u00e9der, transf\u00e9rer, ou conc\u00e9der aucun des droits ou obligations de ces CGV sans l\u2019accord \u00e9crit pr\u00e9alable de la Soci\u00e9t\u00e9.&nbsp;<\/p>\n<p>&nbsp;<\/p>\n<h4>20. Contact, assistance et r\u00e9clamation<\/h4>\n<p>Pour toute question ou demande de renseignements sur les Programmes&nbsp;audiovisuels&nbsp;ou pour toute r\u00e9clamation relative \u00e0&nbsp;son compte Abonn\u00e9, l\u2019Utilisateur&nbsp;sont invit\u00e9s \u00e0&nbsp;contacter la Soci\u00e9t\u00e9 en utilisant l\u2019adresse e-mail :&nbsp;web@myzen.tv&nbsp;<\/p>\n<p>La Soci\u00e9t\u00e9 r\u00e9pondra dans les plus brefs d\u00e9lais aux questions ou demandes de renseignements.&nbsp;<\/p>\n<p>&nbsp;<\/p>\n<p>En cas de contestation sur les transactions commerciales pass\u00e9es et sur la justification des sommes dues, les r\u00e9clamations devront \u00eatre adress\u00e9es par courrier \u00e9lectronique en utilisant le mail contact \u00ab&nbsp;web@myzen.tv\u00bb, dans un d\u00e9lai de 30 jours \u00e0 compter de la date de l&rsquo;op\u00e9ration contest\u00e9e. Ce d\u00e9lai de 30 jours est destin\u00e9 \u00e0 permettre aux parties de trouver une solution \u00e0 l\u2019amiable et ne prive pas l\u2019Utilisateur de ses recours possibles en justice. La demande sera examin\u00e9e par la Soci\u00e9t\u00e9 qui r\u00e9pondra dans les plus brefs d\u00e9lais. Toutefois, pour que cette demande soit valablement trait\u00e9e, les \u00e9l\u00e9ments suivants devront imp\u00e9rativement \u00eatre communiqu\u00e9s :&nbsp;<\/p>\n<p>&nbsp;<\/p>\n<p>objet de la r\u00e9clamation ;&nbsp;<\/p>\n<p>identifiant donn\u00e9 dans le formulaire d&rsquo;inscription ;&nbsp;<\/p>\n<p>coordonn\u00e9es compl\u00e8tes (nom, pr\u00e9nom, adresse postale et \u00e9lectronique, num\u00e9ro de t\u00e9l\u00e9phone) ;&nbsp;<\/p>\n<p>date de la commande ;&nbsp;<\/p>\n<p>r\u00e9f\u00e9rence de la commande et de la transaction telle qu\u2019elle figure dans le mail de confirmation adress\u00e9 \u00e0 l\u2019Utilisateur apr\u00e8s chaque commande.&nbsp;<\/p>\n<p>\u00c0 d\u00e9faut de l&rsquo;un des \u00e9l\u00e9ments pr\u00e9cit\u00e9s, la demande ne sera pas trait\u00e9e.<\/p>\n<h4>21. Droit applicable au r\u00e8glement des litiges<\/h4>\n<p>Les pr\u00e9sentes CGV sont soumises \u00e0 la loi fran\u00e7aise.&nbsp;<\/p>\n<p>Tout litige non r\u00e9solu de mani\u00e8re amiable sera soumis aux tribunaux comp\u00e9tents.<br \/>Toutefois, l&rsquo;Abonn\u00e9 pourra pr\u00e9alablement recourir \u00e0 la proc\u00e9dure de m\u00e9diation pr\u00e9vue&nbsp;par le&nbsp;code de la consommation.&nbsp;&nbsp;<\/p>\n<p>&nbsp;<\/p>\n<h3>Mentions L\u00e9gales&nbsp;<\/h3>\n<p>MyZen&nbsp;TV est \u00e9dit\u00e9 par la soci\u00e9t\u00e9&nbsp;COFITES,&nbsp;&nbsp;<\/p>\n<p>SAS\u202fau capital de&nbsp;100 040 euros<br \/>RCS Lille&nbsp;441 119\u202f989&nbsp;<\/p>\n<p>dont le si\u00e8ge social est situ\u00e9\u202f9 rue Archim\u00e8de 59650 Villeneuve d\u2019Ascq France<\/p>\n<p>TVA intracommunautaire&nbsp;FR 37 441 119 989&nbsp;<\/p>\n<p>Adresse email :&nbsp;<a href=\"mailto:web@myzen.tv\">web@myzen.tv<\/a>&nbsp;<\/p>\n<p>&nbsp;<\/p>\n<p>Le directeur de la publication est Bruno Lecluse, en sa qualit\u00e9 de Directeur g\u00e9n\u00e9ral de la cha\u00eene.&nbsp;<\/p>\n<p>Le site&nbsp;watch.myzen.tv&nbsp;est h\u00e9berg\u00e9 par :&nbsp;<\/p>\n<p>&nbsp;<\/p>\n<p>MyZen TV&nbsp;est h\u00e9berg\u00e9\u202fpar&nbsp;le service&nbsp;Okast&nbsp;dont la gestion est assur\u00e9e par la soci\u00e9t\u00e9 M.E.I Group&nbsp;RCS&nbsp;de Nanterre sous le num\u00e9ro B 790 589\u202f469&nbsp;ayant son si\u00e8ge social au 6, promenade Saint&nbsp;Leufroy, 92150 Suresnes.&nbsp;<\/p>\n<p>&nbsp;<\/p>\n<p>Ce service respecte le droit d\u2019auteur. Tous les droits des auteurs des \u0153uvres prot\u00e9g\u00e9es reproduites et communiqu\u00e9es sur ce site, sont r\u00e9serv\u00e9s. Sauf autorisation, toute utilisation des \u0153uvres autre que la reproduction et la consultation individuelles et priv\u00e9es est interdite.&nbsp;<\/p>\n<p>&nbsp;<\/p>\n<p>\u00a9MyZen TV&nbsp;2020&nbsp;<\/p>\n","protected":false},"excerpt":{"rendered":"<p>La chaine lifestyle Maintenant disponible en HD et 4K Regardez sur votre TV, box, tablette &amp; smartphone Conditions G\u00e9n\u00e9rales de&nbsp;Prestations&nbsp;(CGP),&nbsp;d\u2019acc\u00e8s \u00e0 la Plateforme et d\u2019utilisation des Services&nbsp;MyZen&nbsp;TV 10&nbsp;D\u00e9cembre&nbsp;2020 MyZen&nbsp;TV est \u00e9dit\u00e9 par la soci\u00e9t\u00e9&nbsp;COFITES, SAS\u202fau capital de&nbsp;100 040 eurosRCS Lille&nbsp;441 119\u202f989&nbsp;dont le si\u00e8ge social est situ\u00e9\u202f9 rue Archim\u00e8de 59650 Villeneuve d\u2019Ascq France TVA intracommunautaire&nbsp;FR 37 [&hellip;]<\/p>\n","protected":false},"author":2,"featured_media":0,"parent":0,"menu_order":0,"comment_status":"closed","ping_status":"closed","template":"","meta":{"episode_type":"","audio_file":"","cover_image":"","cover_image_id":"","duration":"","filesize":"","date_recorded":"","explicit":"","block":"","itunes_episode_number":"","itunes_title":"","itunes_season_number":"","itunes_episode_type":"","filesize_raw":"","footnotes":""},"class_list":["post-6099","page","type-page","status-publish","hentry"],"yoast_head":"<!-- This site is optimized with the Yoast SEO plugin v24.0 - https:\/\/yoast.com\/wordpress\/plugins\/seo\/ -->\n<title>Conditions g\u00e9n\u00e9rales d&#039;abonnement et d&#039;utilisation - MyZen TV<\/title>\n<meta name=\"robots\" content=\"index, follow, max-snippet:-1, max-image-preview:large, max-video-preview:-1\" \/>\n<link rel=\"canonical\" href=\"https:\/\/www.myzen.tv\/fr\/conditions-generales-dabonnement-et-dutilisation\/\" \/>\n<meta property=\"og:locale\" content=\"fr_FR\" \/>\n<meta property=\"og:type\" content=\"article\" \/>\n<meta property=\"og:title\" content=\"Conditions g\u00e9n\u00e9rales d&#039;abonnement et d&#039;utilisation - MyZen TV\" \/>\n<meta property=\"og:description\" content=\"La chaine lifestyle Maintenant disponible en HD et 4K Regardez sur votre TV, box, tablette &amp; smartphone Conditions G\u00e9n\u00e9rales de&nbsp;Prestations&nbsp;(CGP),&nbsp;d\u2019acc\u00e8s \u00e0 la Plateforme et d\u2019utilisation des Services&nbsp;MyZen&nbsp;TV 10&nbsp;D\u00e9cembre&nbsp;2020 MyZen&nbsp;TV est \u00e9dit\u00e9 par la soci\u00e9t\u00e9&nbsp;COFITES, SAS\u202fau capital de&nbsp;100 040 eurosRCS Lille&nbsp;441 119\u202f989&nbsp;dont le si\u00e8ge social est situ\u00e9\u202f9 rue Archim\u00e8de 59650 Villeneuve d\u2019Ascq France TVA intracommunautaire&nbsp;FR 37 [&hellip;]\" \/>\n<meta property=\"og:url\" content=\"https:\/\/www.myzen.tv\/fr\/conditions-generales-dabonnement-et-dutilisation\/\" \/>\n<meta property=\"og:site_name\" content=\"MyZen TV\" \/>\n<meta property=\"article:publisher\" content=\"https:\/\/www.facebook.com\/myzen.tv.fr\/\" \/>\n<meta property=\"article:modified_time\" content=\"2024-04-26T09:37:57+00:00\" \/>\n<meta property=\"og:image\" content=\"https:\/\/www.myzen.tv\/wp-content\/uploads\/2021\/05\/cropped-cropped-ICON_MZtv-LOGO_firetv640-1-1.png\" \/>\n\t<meta property=\"og:image:width\" content=\"248\" \/>\n\t<meta property=\"og:image:height\" content=\"248\" \/>\n\t<meta property=\"og:image:type\" content=\"image\/png\" \/>\n<meta name=\"twitter:card\" content=\"summary_large_image\" \/>\n<meta name=\"twitter:label1\" content=\"Dur\u00e9e de lecture estim\u00e9e\" \/>\n\t<meta name=\"twitter:data1\" content=\"41 minutes\" \/>\n<!-- \/ Yoast SEO plugin. -->","yoast_head_json":{"title":"Conditions g\u00e9n\u00e9rales d'abonnement et d'utilisation - MyZen TV","robots":{"index":"index","follow":"follow","max-snippet":"max-snippet:-1","max-image-preview":"max-image-preview:large","max-video-preview":"max-video-preview:-1"},"canonical":"https:\/\/www.myzen.tv\/fr\/conditions-generales-dabonnement-et-dutilisation\/","og_locale":"fr_FR","og_type":"article","og_title":"Conditions g\u00e9n\u00e9rales d'abonnement et d'utilisation - MyZen TV","og_description":"La chaine lifestyle Maintenant disponible en HD et 4K Regardez sur votre TV, box, tablette &amp; smartphone Conditions G\u00e9n\u00e9rales de&nbsp;Prestations&nbsp;(CGP),&nbsp;d\u2019acc\u00e8s \u00e0 la Plateforme et d\u2019utilisation des Services&nbsp;MyZen&nbsp;TV 10&nbsp;D\u00e9cembre&nbsp;2020 MyZen&nbsp;TV est \u00e9dit\u00e9 par la soci\u00e9t\u00e9&nbsp;COFITES, SAS\u202fau capital de&nbsp;100 040 eurosRCS Lille&nbsp;441 119\u202f989&nbsp;dont le si\u00e8ge social est situ\u00e9\u202f9 rue Archim\u00e8de 59650 Villeneuve d\u2019Ascq France TVA intracommunautaire&nbsp;FR 37 [&hellip;]","og_url":"https:\/\/www.myzen.tv\/fr\/conditions-generales-dabonnement-et-dutilisation\/","og_site_name":"MyZen TV","article_publisher":"https:\/\/www.facebook.com\/myzen.tv.fr\/","article_modified_time":"2024-04-26T09:37:57+00:00","og_image":[{"width":248,"height":248,"url":"https:\/\/www.myzen.tv\/wp-content\/uploads\/2021\/05\/cropped-cropped-ICON_MZtv-LOGO_firetv640-1-1.png","type":"image\/png"}],"twitter_card":"summary_large_image","twitter_misc":{"Dur\u00e9e de lecture estim\u00e9e":"41 minutes"},"schema":{"@context":"https:\/\/schema.org","@graph":[{"@type":"WebPage","@id":"https:\/\/www.myzen.tv\/fr\/conditions-generales-dabonnement-et-dutilisation\/","url":"https:\/\/www.myzen.tv\/fr\/conditions-generales-dabonnement-et-dutilisation\/","name":"Conditions g\u00e9n\u00e9rales d'abonnement et d'utilisation - MyZen TV","isPartOf":{"@id":"https:\/\/www.myzen.tv\/fr\/#website"},"datePublished":"2020-01-06T10:29:32+00:00","dateModified":"2024-04-26T09:37:57+00:00","breadcrumb":{"@id":"https:\/\/www.myzen.tv\/fr\/conditions-generales-dabonnement-et-dutilisation\/#breadcrumb"},"inLanguage":"fr-FR","potentialAction":[{"@type":"ReadAction","target":["https:\/\/www.myzen.tv\/fr\/conditions-generales-dabonnement-et-dutilisation\/"]}]},{"@type":"BreadcrumbList","@id":"https:\/\/www.myzen.tv\/fr\/conditions-generales-dabonnement-et-dutilisation\/#breadcrumb","itemListElement":[{"@type":"ListItem","position":1,"name":"Home","item":"https:\/\/www.myzen.tv\/fr\/"},{"@type":"ListItem","position":2,"name":"Conditions g\u00e9n\u00e9rales d&#8217;abonnement et d&#8217;utilisation"}]},{"@type":"WebSite","@id":"https:\/\/www.myzen.tv\/fr\/#website","url":"https:\/\/www.myzen.tv\/fr\/","name":"MyZen TV","description":"Your lifestyle and well-being channel","publisher":{"@id":"https:\/\/www.myzen.tv\/fr\/#organization"},"potentialAction":[{"@type":"SearchAction","target":{"@type":"EntryPoint","urlTemplate":"https:\/\/www.myzen.tv\/fr\/?s={search_term_string}"},"query-input":{"@type":"PropertyValueSpecification","valueRequired":true,"valueName":"search_term_string"}}],"inLanguage":"fr-FR"},{"@type":"Organization","@id":"https:\/\/www.myzen.tv\/fr\/#organization","name":"MyZen TV","url":"https:\/\/www.myzen.tv\/fr\/","logo":{"@type":"ImageObject","inLanguage":"fr-FR","@id":"https:\/\/www.myzen.tv\/fr\/#\/schema\/logo\/image\/","url":"https:\/\/www.myzen.tv\/wp-content\/uploads\/2021\/05\/cropped-ICON_MZtv-LOGO_firetv640-1-1.png","contentUrl":"https:\/\/www.myzen.tv\/wp-content\/uploads\/2021\/05\/cropped-ICON_MZtv-LOGO_firetv640-1-1.png","width":512,"height":512,"caption":"MyZen TV"},"image":{"@id":"https:\/\/www.myzen.tv\/fr\/#\/schema\/logo\/image\/"},"sameAs":["https:\/\/www.facebook.com\/myzen.tv.fr\/","https:\/\/www.instagram.com\/myzentv\/"]}]}},"_links":{"self":[{"href":"https:\/\/www.myzen.tv\/fr\/wp-json\/wp\/v2\/pages\/6099","targetHints":{"allow":["GET"]}}],"collection":[{"href":"https:\/\/www.myzen.tv\/fr\/wp-json\/wp\/v2\/pages"}],"about":[{"href":"https:\/\/www.myzen.tv\/fr\/wp-json\/wp\/v2\/types\/page"}],"author":[{"embeddable":true,"href":"https:\/\/www.myzen.tv\/fr\/wp-json\/wp\/v2\/users\/2"}],"replies":[{"embeddable":true,"href":"https:\/\/www.myzen.tv\/fr\/wp-json\/wp\/v2\/comments?post=6099"}],"version-history":[{"count":67,"href":"https:\/\/www.myzen.tv\/fr\/wp-json\/wp\/v2\/pages\/6099\/revisions"}],"predecessor-version":[{"id":1703865,"href":"https:\/\/www.myzen.tv\/fr\/wp-json\/wp\/v2\/pages\/6099\/revisions\/1703865"}],"wp:attachment":[{"href":"https:\/\/www.myzen.tv\/fr\/wp-json\/wp\/v2\/media?parent=6099"}],"curies":[{"name":"wp","href":"https:\/\/api.w.org\/{rel}","templated":true}]}}