{"id":1631056,"date":"2021-02-17T14:54:45","date_gmt":"2021-02-17T14:54:45","guid":{"rendered":"https:\/\/www.myzen.tv\/programs\/%types_program%s\/10038-herbarium-s04-e04-2\/"},"modified":"2025-12-31T04:53:21","modified_gmt":"2025-12-31T04:53:21","slug":"10038-la-premiere-republique-s00-e04","status":"inactive","type":"program","link":"https:\/\/www.myzen.tv\/fr\/program\/episode\/10038-la-premiere-republique-s00-e04","title":{"rendered":"La premi\u00e8re R\u00e9publique"},"content":{"rendered":"<p>Dans cet \u00e9pisode sur le th\u00e8me de la premi\u00e8re R\u00e9publique, Catherine et Linda nous parlerons un peu plus des traditions de la R\u00e9publique Tch\u00e8que. Elles nous pr\u00e9senteront les bienfaits de la Liv\u00e8che, une plante aromatique. Elles nous feront d\u00e9couvrir les recettes traditionnelles de leur pays pour nous faire voyager. <\/p>\n","protected":false},"excerpt":{"rendered":"<p>Dans cet \u00e9pisode, Catherine et Linda vous feront d\u00e9couvrir un peu plus la R\u00e9publique Tch\u00e8que \u00e0 travers les traditions culinaires.<\/p>\n","protected":false},"featured_media":1649756,"parent":0,"menu_order":0,"template":"","format":"standard","meta":{"episode_type":"","audio_file":"","cover_image":"","cover_image_id":"","duration":"00:26:00","filesize":"","date_recorded":"","explicit":"","block":"","itunes_episode_number":"","itunes_title":"","itunes_season_number":"","itunes_episode_type":"","filesize_raw":""},"program_type":[32],"group":[319,314],"d_category":[1172],"genre":[1378],"class_list":["post-1631056","program","type-program","status-inactive","format-standard","has-post-thumbnail","hentry","program_type-episode","group-bien-etre-sante","group-cuisine","d_category-daily-wellbeing","genre-magazine"],"yoast_head":"<!-- This site is optimized with the Yoast SEO plugin v24.0 - https:\/\/yoast.com\/wordpress\/plugins\/seo\/ -->\n<title>La premi\u00e8re R\u00e9publique - MyZen TV<\/title>\n<meta name=\"robots\" content=\"index, follow, max-snippet:-1, max-image-preview:large, max-video-preview:-1\" \/>\n<link rel=\"canonical\" href=\"https:\/\/www.myzen.tv\/fr\/program\/episode\/10038-la-premiere-republique-s00-e04\/\" \/>\n<meta property=\"og:locale\" content=\"fr_FR\" \/>\n<meta property=\"og:type\" content=\"article\" \/>\n<meta property=\"og:title\" content=\"La premi\u00e8re R\u00e9publique - MyZen TV\" \/>\n<meta property=\"og:description\" content=\"Dans cet \u00e9pisode, Catherine et Linda vous feront d\u00e9couvrir un peu plus la R\u00e9publique Tch\u00e8que \u00e0 travers les traditions culinaires.\" \/>\n<meta property=\"og:url\" content=\"https:\/\/www.myzen.tv\/fr\/program\/episode\/10038-la-premiere-republique-s00-e04\" \/>\n<meta property=\"og:site_name\" content=\"MyZen TV\" \/>\n<meta property=\"article:publisher\" content=\"https:\/\/www.facebook.com\/myzen.tv.fr\/\" \/>\n<meta property=\"article:modified_time\" content=\"2025-12-31T04:53:21+00:00\" \/>\n<meta property=\"og:image\" content=\"https:\/\/www.myzen.tv\/wp-content\/uploads\/2021\/05\/herbarium-s4e4-la-premiere-republique.jpeg\" \/>\n\t<meta property=\"og:image:width\" content=\"1280\" \/>\n\t<meta property=\"og:image:height\" content=\"720\" \/>\n\t<meta property=\"og:image:type\" content=\"image\/jpeg\" \/>\n<meta name=\"twitter:card\" content=\"summary_large_image\" \/>\n<!-- \/ Yoast SEO plugin. -->","yoast_head_json":{"title":"La premi\u00e8re R\u00e9publique - MyZen TV","robots":{"index":"index","follow":"follow","max-snippet":"max-snippet:-1","max-image-preview":"max-image-preview:large","max-video-preview":"max-video-preview:-1"},"canonical":"https:\/\/www.myzen.tv\/fr\/program\/episode\/10038-la-premiere-republique-s00-e04\/","og_locale":"fr_FR","og_type":"article","og_title":"La premi\u00e8re R\u00e9publique - MyZen TV","og_description":"Dans cet \u00e9pisode, Catherine et Linda vous feront d\u00e9couvrir un peu plus la R\u00e9publique Tch\u00e8que \u00e0 travers les traditions culinaires.","og_url":"https:\/\/www.myzen.tv\/fr\/program\/episode\/10038-la-premiere-republique-s00-e04","og_site_name":"MyZen TV","article_publisher":"https:\/\/www.facebook.com\/myzen.tv.fr\/","article_modified_time":"2025-12-31T04:53:21+00:00","og_image":[{"width":1280,"height":720,"url":"https:\/\/www.myzen.tv\/wp-content\/uploads\/2021\/05\/herbarium-s4e4-la-premiere-republique.jpeg","type":"image\/jpeg"}],"twitter_card":"summary_large_image","schema":{"@context":"https:\/\/schema.org","@graph":[{"@type":"WebPage","@id":"https:\/\/www.myzen.tv\/fr\/program\/episode\/10038-la-premiere-republique-s00-e04","url":"https:\/\/www.myzen.tv\/fr\/program\/episode\/10038-la-premiere-republique-s00-e04","name":"La premi\u00e8re R\u00e9publique - MyZen TV","isPartOf":{"@id":"https:\/\/www.myzen.tv\/fr\/#website"},"primaryImageOfPage":{"@id":"https:\/\/www.myzen.tv\/fr\/program\/episode\/10038-la-premiere-republique-s00-e04#primaryimage"},"image":{"@id":"https:\/\/www.myzen.tv\/fr\/program\/episode\/10038-la-premiere-republique-s00-e04#primaryimage"},"thumbnailUrl":"https:\/\/www.myzen.tv\/wp-content\/uploads\/2021\/05\/herbarium-s4e4-la-premiere-republique.jpeg","datePublished":"2021-02-17T14:54:45+00:00","dateModified":"2025-12-31T04:53:21+00:00","breadcrumb":{"@id":"https:\/\/www.myzen.tv\/fr\/program\/episode\/10038-la-premiere-republique-s00-e04#breadcrumb"},"inLanguage":"fr-FR","potentialAction":[{"@type":"ReadAction","target":["https:\/\/www.myzen.tv\/fr\/program\/episode\/10038-la-premiere-republique-s00-e04"]}]},{"@type":"ImageObject","inLanguage":"fr-FR","@id":"https:\/\/www.myzen.tv\/fr\/program\/episode\/10038-la-premiere-republique-s00-e04#primaryimage","url":"https:\/\/www.myzen.tv\/wp-content\/uploads\/2021\/05\/herbarium-s4e4-la-premiere-republique.jpeg","contentUrl":"https:\/\/www.myzen.tv\/wp-content\/uploads\/2021\/05\/herbarium-s4e4-la-premiere-republique.jpeg","width":1280,"height":720,"caption":"Dans cet \u00e9pisode, Catherine et Linda vous feront d\u00e9couvrir un peu plus la R\u00e9publique Tch\u00e8que \u00e0 travers les traditions culinaires."},{"@type":"BreadcrumbList","@id":"https:\/\/www.myzen.tv\/fr\/program\/episode\/10038-la-premiere-republique-s00-e04#breadcrumb","itemListElement":[{"@type":"ListItem","position":1,"name":"Home","item":"https:\/\/www.myzen.tv\/fr\/"},{"@type":"ListItem","position":2,"name":"Programs","item":"https:\/\/www.myzen.tv\/fr\/programs\/"},{"@type":"ListItem","position":3,"name":"Bien-\u00eatre au quotidien","item":"https:\/\/www.myzen.tv\/fr\/categorie\/bien-etre-au-quotidien\/"},{"@type":"ListItem","position":4,"name":"La premi\u00e8re R\u00e9publique"}]},{"@type":"WebSite","@id":"https:\/\/www.myzen.tv\/fr\/#website","url":"https:\/\/www.myzen.tv\/fr\/","name":"MyZen TV","description":"Your lifestyle and well-being channel","publisher":{"@id":"https:\/\/www.myzen.tv\/fr\/#organization"},"potentialAction":[{"@type":"SearchAction","target":{"@type":"EntryPoint","urlTemplate":"https:\/\/www.myzen.tv\/fr\/?s={search_term_string}"},"query-input":{"@type":"PropertyValueSpecification","valueRequired":true,"valueName":"search_term_string"}}],"inLanguage":"fr-FR"},{"@type":"Organization","@id":"https:\/\/www.myzen.tv\/fr\/#organization","name":"MyZen TV","url":"https:\/\/www.myzen.tv\/fr\/","logo":{"@type":"ImageObject","inLanguage":"fr-FR","@id":"https:\/\/www.myzen.tv\/fr\/#\/schema\/logo\/image\/","url":"https:\/\/www.myzen.tv\/wp-content\/uploads\/2021\/05\/cropped-ICON_MZtv-LOGO_firetv640-1-1.png","contentUrl":"https:\/\/www.myzen.tv\/wp-content\/uploads\/2021\/05\/cropped-ICON_MZtv-LOGO_firetv640-1-1.png","width":512,"height":512,"caption":"MyZen TV"},"image":{"@id":"https:\/\/www.myzen.tv\/fr\/#\/schema\/logo\/image\/"},"sameAs":["https:\/\/www.facebook.com\/myzen.tv.fr\/","https:\/\/www.instagram.com\/myzentv\/"]}]}},"status_options":[{"label":"Inactive","value":"inactive"}],"_links":{"self":[{"href":"https:\/\/www.myzen.tv\/fr\/wp-json\/wp\/v2\/programs\/1631056","targetHints":{"allow":["GET"]}}],"collection":[{"href":"https:\/\/www.myzen.tv\/fr\/wp-json\/wp\/v2\/programs"}],"about":[{"href":"https:\/\/www.myzen.tv\/fr\/wp-json\/wp\/v2\/types\/program"}],"wp:featuredmedia":[{"embeddable":true,"href":"https:\/\/www.myzen.tv\/fr\/wp-json\/wp\/v2\/media\/1649756"}],"wp:attachment":[{"href":"https:\/\/www.myzen.tv\/fr\/wp-json\/wp\/v2\/media?parent=1631056"}],"wp:term":[{"taxonomy":"program_type","embeddable":true,"href":"https:\/\/www.myzen.tv\/fr\/wp-json\/wp\/v2\/program_type?post=1631056"},{"taxonomy":"group","embeddable":true,"href":"https:\/\/www.myzen.tv\/fr\/wp-json\/wp\/v2\/group?post=1631056"},{"taxonomy":"d_category","embeddable":true,"href":"https:\/\/www.myzen.tv\/fr\/wp-json\/wp\/v2\/d_category?post=1631056"},{"taxonomy":"genre","embeddable":true,"href":"https:\/\/www.myzen.tv\/fr\/wp-json\/wp\/v2\/genre?post=1631056"}],"curies":[{"name":"wp","href":"https:\/\/api.w.org\/{rel}","templated":true}]}}