{"id":1651117,"date":"2021-05-19T16:32:41","date_gmt":"2021-05-19T16:32:41","guid":{"rendered":"https:\/\/www.myzen.tv\/programs\/%types_program%s\/12466-dans-tes-yeux-s01-e52\/"},"modified":"2025-12-31T04:42:54","modified_gmt":"2025-12-31T04:42:54","slug":"12466-nepal-lhimalaya-s00-e52","status":"inactive","type":"program","link":"https:\/\/www.myzen.tv\/fr\/program\/episode\/12466-nepal-lhimalaya-s00-e52","title":{"rendered":"N\u00e9pal : l\u2019Himalaya"},"content":{"rendered":"<p>Comment est la vie sur le toit du monde ? Les Gurungs sont l&rsquo;une des rares ethnies n\u00e9palaises \u00e0 vivre en autarcie dans les hautes collines du centre du pays. Aid\u00e9e par un jeune guide n\u00e9palais, Sophie entreprend une longue marche dans les contreforts de l\u2019Annapurna avant d\u2019atteindre le village de Ghandruk, un \u00ab balcon \u00bb face au plus l\u00e9gendaires des sommets. Elle y apprend les traditions agricoles encore vivaces des femmes gurungs et d\u00e9couvre un peuple aux apparences paisibles mais qui a engendr\u00e9 les guerriers les plus intr\u00e9pides au monde. Mais l\u2019Annapurna rec\u00e8le aussi des tr\u00e9sors plus pacifiques dont une incroyable richesse v\u00e9g\u00e9tale qu\u2019un m\u00e9decin herboriste sait mettre en pratique.<\/p>\n","protected":false},"excerpt":{"rendered":"<p>Dans cet \u00e9pisode, Sophie va rencontrer des personnes qui vivent sur le toit du monde, l&rsquo;Himalaya au N\u00e9pal.<\/p>\n","protected":false},"featured_media":1622180,"parent":0,"menu_order":0,"template":"","format":"standard","meta":{"episode_type":"","audio_file":"","cover_image":"","cover_image_id":"","duration":"00:26:00","filesize":"","date_recorded":"","explicit":"","block":"","itunes_episode_number":"","itunes_title":"","itunes_season_number":"","itunes_episode_type":"","filesize_raw":""},"program_type":[32],"group":[271],"d_category":[1171],"genre":[1383],"class_list":["post-1651117","program","type-program","status-inactive","format-standard","has-post-thumbnail","hentry","program_type-episode","group-travel","d_category-evasion","genre-reality-show"],"yoast_head":"<!-- This site is optimized with the Yoast SEO plugin v24.0 - https:\/\/yoast.com\/wordpress\/plugins\/seo\/ -->\n<title>N\u00e9pal : l\u2019Himalaya - MyZen TV<\/title>\n<meta name=\"robots\" content=\"index, follow, max-snippet:-1, max-image-preview:large, max-video-preview:-1\" \/>\n<link rel=\"canonical\" href=\"https:\/\/www.myzen.tv\/fr\/program\/episode\/12466-nepal-lhimalaya-s00-e52\/\" \/>\n<meta property=\"og:locale\" content=\"fr_FR\" \/>\n<meta property=\"og:type\" content=\"article\" \/>\n<meta property=\"og:title\" content=\"N\u00e9pal : l\u2019Himalaya - MyZen TV\" \/>\n<meta property=\"og:description\" content=\"Dans cet \u00e9pisode, Sophie va rencontrer des personnes qui vivent sur le toit du monde, l&#039;Himalaya au N\u00e9pal.\" \/>\n<meta property=\"og:url\" content=\"https:\/\/www.myzen.tv\/fr\/program\/episode\/12466-nepal-lhimalaya-s00-e52\" \/>\n<meta property=\"og:site_name\" content=\"MyZen TV\" \/>\n<meta property=\"article:publisher\" content=\"https:\/\/www.facebook.com\/myzen.tv.fr\/\" \/>\n<meta property=\"article:modified_time\" content=\"2025-12-31T04:42:54+00:00\" \/>\n<meta property=\"og:image\" content=\"https:\/\/www.myzen.tv\/wp-content\/uploads\/2021\/02\/through-your-eyes-52-nepal-the-himalayas.jpeg\" \/>\n\t<meta property=\"og:image:width\" content=\"1280\" \/>\n\t<meta property=\"og:image:height\" content=\"720\" \/>\n\t<meta property=\"og:image:type\" content=\"image\/jpeg\" \/>\n<meta name=\"twitter:card\" content=\"summary_large_image\" \/>\n<meta name=\"twitter:label1\" content=\"Dur\u00e9e de lecture estim\u00e9e\" \/>\n\t<meta name=\"twitter:data1\" content=\"1 minute\" \/>\n<!-- \/ Yoast SEO plugin. -->","yoast_head_json":{"title":"N\u00e9pal : l\u2019Himalaya - MyZen TV","robots":{"index":"index","follow":"follow","max-snippet":"max-snippet:-1","max-image-preview":"max-image-preview:large","max-video-preview":"max-video-preview:-1"},"canonical":"https:\/\/www.myzen.tv\/fr\/program\/episode\/12466-nepal-lhimalaya-s00-e52\/","og_locale":"fr_FR","og_type":"article","og_title":"N\u00e9pal : l\u2019Himalaya - MyZen TV","og_description":"Dans cet \u00e9pisode, Sophie va rencontrer des personnes qui vivent sur le toit du monde, l'Himalaya au N\u00e9pal.","og_url":"https:\/\/www.myzen.tv\/fr\/program\/episode\/12466-nepal-lhimalaya-s00-e52","og_site_name":"MyZen TV","article_publisher":"https:\/\/www.facebook.com\/myzen.tv.fr\/","article_modified_time":"2025-12-31T04:42:54+00:00","og_image":[{"width":1280,"height":720,"url":"https:\/\/www.myzen.tv\/wp-content\/uploads\/2021\/02\/through-your-eyes-52-nepal-the-himalayas.jpeg","type":"image\/jpeg"}],"twitter_card":"summary_large_image","twitter_misc":{"Dur\u00e9e de lecture estim\u00e9e":"1 minute"},"schema":{"@context":"https:\/\/schema.org","@graph":[{"@type":"WebPage","@id":"https:\/\/www.myzen.tv\/fr\/program\/episode\/12466-nepal-lhimalaya-s00-e52","url":"https:\/\/www.myzen.tv\/fr\/program\/episode\/12466-nepal-lhimalaya-s00-e52","name":"N\u00e9pal : l\u2019Himalaya - MyZen TV","isPartOf":{"@id":"https:\/\/www.myzen.tv\/fr\/#website"},"primaryImageOfPage":{"@id":"https:\/\/www.myzen.tv\/fr\/program\/episode\/12466-nepal-lhimalaya-s00-e52#primaryimage"},"image":{"@id":"https:\/\/www.myzen.tv\/fr\/program\/episode\/12466-nepal-lhimalaya-s00-e52#primaryimage"},"thumbnailUrl":"https:\/\/www.myzen.tv\/wp-content\/uploads\/2021\/02\/through-your-eyes-52-nepal-the-himalayas.jpeg","datePublished":"2021-05-19T16:32:41+00:00","dateModified":"2025-12-31T04:42:54+00:00","breadcrumb":{"@id":"https:\/\/www.myzen.tv\/fr\/program\/episode\/12466-nepal-lhimalaya-s00-e52#breadcrumb"},"inLanguage":"fr-FR","potentialAction":[{"@type":"ReadAction","target":["https:\/\/www.myzen.tv\/fr\/program\/episode\/12466-nepal-lhimalaya-s00-e52"]}]},{"@type":"ImageObject","inLanguage":"fr-FR","@id":"https:\/\/www.myzen.tv\/fr\/program\/episode\/12466-nepal-lhimalaya-s00-e52#primaryimage","url":"https:\/\/www.myzen.tv\/wp-content\/uploads\/2021\/02\/through-your-eyes-52-nepal-the-himalayas.jpeg","contentUrl":"https:\/\/www.myzen.tv\/wp-content\/uploads\/2021\/02\/through-your-eyes-52-nepal-the-himalayas.jpeg","width":1280,"height":720,"caption":"Follow the adventures of Sophie, an exceptional blind journalist who travels and discovers this world\u2019s beauties through other senses"},{"@type":"BreadcrumbList","@id":"https:\/\/www.myzen.tv\/fr\/program\/episode\/12466-nepal-lhimalaya-s00-e52#breadcrumb","itemListElement":[{"@type":"ListItem","position":1,"name":"Home","item":"https:\/\/www.myzen.tv\/fr\/"},{"@type":"ListItem","position":2,"name":"Programs","item":"https:\/\/www.myzen.tv\/fr\/programs\/"},{"@type":"ListItem","position":3,"name":"\u00c9vasion","item":"https:\/\/www.myzen.tv\/fr\/categorie\/evasion\/"},{"@type":"ListItem","position":4,"name":"N\u00e9pal : l\u2019Himalaya"}]},{"@type":"WebSite","@id":"https:\/\/www.myzen.tv\/fr\/#website","url":"https:\/\/www.myzen.tv\/fr\/","name":"MyZen TV","description":"Your lifestyle and well-being channel","publisher":{"@id":"https:\/\/www.myzen.tv\/fr\/#organization"},"potentialAction":[{"@type":"SearchAction","target":{"@type":"EntryPoint","urlTemplate":"https:\/\/www.myzen.tv\/fr\/?s={search_term_string}"},"query-input":{"@type":"PropertyValueSpecification","valueRequired":true,"valueName":"search_term_string"}}],"inLanguage":"fr-FR"},{"@type":"Organization","@id":"https:\/\/www.myzen.tv\/fr\/#organization","name":"MyZen TV","url":"https:\/\/www.myzen.tv\/fr\/","logo":{"@type":"ImageObject","inLanguage":"fr-FR","@id":"https:\/\/www.myzen.tv\/fr\/#\/schema\/logo\/image\/","url":"https:\/\/www.myzen.tv\/wp-content\/uploads\/2021\/05\/cropped-ICON_MZtv-LOGO_firetv640-1-1.png","contentUrl":"https:\/\/www.myzen.tv\/wp-content\/uploads\/2021\/05\/cropped-ICON_MZtv-LOGO_firetv640-1-1.png","width":512,"height":512,"caption":"MyZen TV"},"image":{"@id":"https:\/\/www.myzen.tv\/fr\/#\/schema\/logo\/image\/"},"sameAs":["https:\/\/www.facebook.com\/myzen.tv.fr\/","https:\/\/www.instagram.com\/myzentv\/"]}]}},"status_options":[{"label":"Inactive","value":"inactive"}],"_links":{"self":[{"href":"https:\/\/www.myzen.tv\/fr\/wp-json\/wp\/v2\/programs\/1651117","targetHints":{"allow":["GET"]}}],"collection":[{"href":"https:\/\/www.myzen.tv\/fr\/wp-json\/wp\/v2\/programs"}],"about":[{"href":"https:\/\/www.myzen.tv\/fr\/wp-json\/wp\/v2\/types\/program"}],"wp:featuredmedia":[{"embeddable":true,"href":"https:\/\/www.myzen.tv\/fr\/wp-json\/wp\/v2\/media\/1622180"}],"wp:attachment":[{"href":"https:\/\/www.myzen.tv\/fr\/wp-json\/wp\/v2\/media?parent=1651117"}],"wp:term":[{"taxonomy":"program_type","embeddable":true,"href":"https:\/\/www.myzen.tv\/fr\/wp-json\/wp\/v2\/program_type?post=1651117"},{"taxonomy":"group","embeddable":true,"href":"https:\/\/www.myzen.tv\/fr\/wp-json\/wp\/v2\/group?post=1651117"},{"taxonomy":"d_category","embeddable":true,"href":"https:\/\/www.myzen.tv\/fr\/wp-json\/wp\/v2\/d_category?post=1651117"},{"taxonomy":"genre","embeddable":true,"href":"https:\/\/www.myzen.tv\/fr\/wp-json\/wp\/v2\/genre?post=1651117"}],"curies":[{"name":"wp","href":"https:\/\/api.w.org\/{rel}","templated":true}]}}