{"id":1682120,"date":"2025-03-22T19:42:27","date_gmt":"2025-03-22T19:42:27","guid":{"rendered":"https:\/\/www.myzen.tv\/?post_type=program&#038;p=1682120"},"modified":"2026-01-20T04:40:54","modified_gmt":"2026-01-20T04:40:54","slug":"13208-raviolis-farcis-au-bacon-et-a-la-ricotta-s00-e11","status":"inactive","type":"program","link":"https:\/\/www.myzen.tv\/fr\/program\/episode\/13208-raviolis-farcis-au-bacon-et-a-la-ricotta-s00-e11","title":{"rendered":"Raviolis farcis au bacon et \u00e0 la ricotta"},"content":{"rendered":"<p>Aujourd&rsquo;hui, nous allons vous pr\u00e9parer des raviolis farcis au bacon et \u00e0 la ricotta. Pour ce qui est de la p\u00e2te \u00e0 raviolis faite maison nous allons avoir besoin de farine, d\u2019\u0153ufs et de sel. Ensuite, pour la farce il nous faudra de la ricotta, du bacon, des tomates s\u00e9ch\u00e9es et du parmesan. Un repas simple et d\u00e9licieux \u00e0 ne plus h\u00e9siter \u00e0 faire chez vous. <\/p>\n","protected":false},"excerpt":{"rendered":"<p>Nous allons cuisiner des raviolis farcis au bacon et \u00e0 la ricotta. Pour la p\u00e2te \u00e0 raviolis elle sera faite maison. La farce sera compos\u00e9e de bacon, de ricotta et des tomates s\u00e9ch\u00e9es. Une recette \u00e0 la port\u00e9e de tous.<\/p>\n","protected":false},"featured_media":1688341,"parent":0,"menu_order":0,"template":"","format":"standard","meta":{"episode_type":"","audio_file":"","cover_image":"","cover_image_id":"","duration":"00:05:00","filesize":"","date_recorded":"","explicit":"","block":"","itunes_episode_number":"","itunes_title":"","itunes_season_number":"","itunes_episode_type":"","filesize_raw":""},"program_type":[32],"group":[261,314],"d_category":[1172],"genre":[1372],"class_list":["post-1682120","program","type-program","status-inactive","format-standard","has-post-thumbnail","hentry","program_type-episode","group-cooking","group-cuisine","d_category-daily-wellbeing","genre-do-it-yourself"],"yoast_head":"<!-- This site is optimized with the Yoast SEO plugin v24.0 - https:\/\/yoast.com\/wordpress\/plugins\/seo\/ -->\n<title>Raviolis farcis au bacon et \u00e0 la ricotta - MyZen TV<\/title>\n<meta name=\"robots\" content=\"index, follow, max-snippet:-1, max-image-preview:large, max-video-preview:-1\" \/>\n<link rel=\"canonical\" href=\"https:\/\/www.myzen.tv\/fr\/program\/episode\/13208-raviolis-farcis-au-bacon-et-a-la-ricotta-s00-e11\/\" \/>\n<meta property=\"og:locale\" content=\"fr_FR\" \/>\n<meta property=\"og:type\" content=\"article\" \/>\n<meta property=\"og:title\" content=\"Raviolis farcis au bacon et \u00e0 la ricotta - MyZen TV\" \/>\n<meta property=\"og:description\" content=\"Nous allons cuisiner des raviolis farcis au bacon et \u00e0 la ricotta. Pour la p\u00e2te \u00e0 raviolis elle sera faite maison. La farce sera compos\u00e9e de bacon, de ricotta et des tomates s\u00e9ch\u00e9es. Une recette \u00e0 la port\u00e9e de tous.\" \/>\n<meta property=\"og:url\" content=\"https:\/\/www.myzen.tv\/fr\/program\/episode\/13208-raviolis-farcis-au-bacon-et-a-la-ricotta-s00-e11\" \/>\n<meta property=\"og:site_name\" content=\"MyZen TV\" \/>\n<meta property=\"article:publisher\" content=\"https:\/\/www.facebook.com\/myzen.tv.fr\/\" \/>\n<meta property=\"article:modified_time\" content=\"2026-01-20T04:40:54+00:00\" \/>\n<meta property=\"og:image\" content=\"https:\/\/www.myzen.tv\/wp-content\/uploads\/2022\/08\/pastateca-bacon-and-ricotta-stuffed-ravioli6307418539f25.jpg\" \/>\n\t<meta property=\"og:image:width\" content=\"1920\" \/>\n\t<meta property=\"og:image:height\" content=\"1080\" \/>\n\t<meta property=\"og:image:type\" content=\"image\/jpeg\" \/>\n<meta name=\"twitter:card\" content=\"summary_large_image\" \/>\n<!-- \/ Yoast SEO plugin. -->","yoast_head_json":{"title":"Raviolis farcis au bacon et \u00e0 la ricotta - MyZen TV","robots":{"index":"index","follow":"follow","max-snippet":"max-snippet:-1","max-image-preview":"max-image-preview:large","max-video-preview":"max-video-preview:-1"},"canonical":"https:\/\/www.myzen.tv\/fr\/program\/episode\/13208-raviolis-farcis-au-bacon-et-a-la-ricotta-s00-e11\/","og_locale":"fr_FR","og_type":"article","og_title":"Raviolis farcis au bacon et \u00e0 la ricotta - MyZen TV","og_description":"Nous allons cuisiner des raviolis farcis au bacon et \u00e0 la ricotta. Pour la p\u00e2te \u00e0 raviolis elle sera faite maison. La farce sera compos\u00e9e de bacon, de ricotta et des tomates s\u00e9ch\u00e9es. Une recette \u00e0 la port\u00e9e de tous.","og_url":"https:\/\/www.myzen.tv\/fr\/program\/episode\/13208-raviolis-farcis-au-bacon-et-a-la-ricotta-s00-e11","og_site_name":"MyZen TV","article_publisher":"https:\/\/www.facebook.com\/myzen.tv.fr\/","article_modified_time":"2026-01-20T04:40:54+00:00","og_image":[{"width":1920,"height":1080,"url":"https:\/\/www.myzen.tv\/wp-content\/uploads\/2022\/08\/pastateca-bacon-and-ricotta-stuffed-ravioli6307418539f25.jpg","type":"image\/jpeg"}],"twitter_card":"summary_large_image","schema":{"@context":"https:\/\/schema.org","@graph":[{"@type":"WebPage","@id":"https:\/\/www.myzen.tv\/fr\/program\/episode\/13208-raviolis-farcis-au-bacon-et-a-la-ricotta-s00-e11","url":"https:\/\/www.myzen.tv\/fr\/program\/episode\/13208-raviolis-farcis-au-bacon-et-a-la-ricotta-s00-e11","name":"Raviolis farcis au bacon et \u00e0 la ricotta - MyZen TV","isPartOf":{"@id":"https:\/\/www.myzen.tv\/fr\/#website"},"primaryImageOfPage":{"@id":"https:\/\/www.myzen.tv\/fr\/program\/episode\/13208-raviolis-farcis-au-bacon-et-a-la-ricotta-s00-e11#primaryimage"},"image":{"@id":"https:\/\/www.myzen.tv\/fr\/program\/episode\/13208-raviolis-farcis-au-bacon-et-a-la-ricotta-s00-e11#primaryimage"},"thumbnailUrl":"https:\/\/www.myzen.tv\/wp-content\/uploads\/2022\/08\/pastateca-bacon-and-ricotta-stuffed-ravioli6307418539f25.jpg","datePublished":"2025-03-22T19:42:27+00:00","dateModified":"2026-01-20T04:40:54+00:00","breadcrumb":{"@id":"https:\/\/www.myzen.tv\/fr\/program\/episode\/13208-raviolis-farcis-au-bacon-et-a-la-ricotta-s00-e11#breadcrumb"},"inLanguage":"fr-FR","potentialAction":[{"@type":"ReadAction","target":["https:\/\/www.myzen.tv\/fr\/program\/episode\/13208-raviolis-farcis-au-bacon-et-a-la-ricotta-s00-e11"]}]},{"@type":"ImageObject","inLanguage":"fr-FR","@id":"https:\/\/www.myzen.tv\/fr\/program\/episode\/13208-raviolis-farcis-au-bacon-et-a-la-ricotta-s00-e11#primaryimage","url":"https:\/\/www.myzen.tv\/wp-content\/uploads\/2022\/08\/pastateca-bacon-and-ricotta-stuffed-ravioli6307418539f25.jpg","contentUrl":"https:\/\/www.myzen.tv\/wp-content\/uploads\/2022\/08\/pastateca-bacon-and-ricotta-stuffed-ravioli6307418539f25.jpg","width":1920,"height":1080,"caption":"We will cook homemade ravioli stuffed with bacon and ricotta and sundried tomatoes. A quick and easy recipe for you."},{"@type":"BreadcrumbList","@id":"https:\/\/www.myzen.tv\/fr\/program\/episode\/13208-raviolis-farcis-au-bacon-et-a-la-ricotta-s00-e11#breadcrumb","itemListElement":[{"@type":"ListItem","position":1,"name":"Home","item":"https:\/\/www.myzen.tv\/fr\/"},{"@type":"ListItem","position":2,"name":"Programs","item":"https:\/\/www.myzen.tv\/fr\/programs\/"},{"@type":"ListItem","position":3,"name":"Raviolis farcis au bacon et \u00e0 la ricotta"}]},{"@type":"WebSite","@id":"https:\/\/www.myzen.tv\/fr\/#website","url":"https:\/\/www.myzen.tv\/fr\/","name":"MyZen TV","description":"Your lifestyle and well-being channel","publisher":{"@id":"https:\/\/www.myzen.tv\/fr\/#organization"},"potentialAction":[{"@type":"SearchAction","target":{"@type":"EntryPoint","urlTemplate":"https:\/\/www.myzen.tv\/fr\/?s={search_term_string}"},"query-input":{"@type":"PropertyValueSpecification","valueRequired":true,"valueName":"search_term_string"}}],"inLanguage":"fr-FR"},{"@type":"Organization","@id":"https:\/\/www.myzen.tv\/fr\/#organization","name":"MyZen TV","url":"https:\/\/www.myzen.tv\/fr\/","logo":{"@type":"ImageObject","inLanguage":"fr-FR","@id":"https:\/\/www.myzen.tv\/fr\/#\/schema\/logo\/image\/","url":"https:\/\/www.myzen.tv\/wp-content\/uploads\/2021\/05\/cropped-ICON_MZtv-LOGO_firetv640-1-1.png","contentUrl":"https:\/\/www.myzen.tv\/wp-content\/uploads\/2021\/05\/cropped-ICON_MZtv-LOGO_firetv640-1-1.png","width":512,"height":512,"caption":"MyZen TV"},"image":{"@id":"https:\/\/www.myzen.tv\/fr\/#\/schema\/logo\/image\/"},"sameAs":["https:\/\/www.facebook.com\/myzen.tv.fr\/","https:\/\/www.instagram.com\/myzentv\/"]}]}},"status_options":[{"label":"Inactive","value":"inactive"}],"_links":{"self":[{"href":"https:\/\/www.myzen.tv\/fr\/wp-json\/wp\/v2\/programs\/1682120","targetHints":{"allow":["GET"]}}],"collection":[{"href":"https:\/\/www.myzen.tv\/fr\/wp-json\/wp\/v2\/programs"}],"about":[{"href":"https:\/\/www.myzen.tv\/fr\/wp-json\/wp\/v2\/types\/program"}],"wp:featuredmedia":[{"embeddable":true,"href":"https:\/\/www.myzen.tv\/fr\/wp-json\/wp\/v2\/media\/1688341"}],"wp:attachment":[{"href":"https:\/\/www.myzen.tv\/fr\/wp-json\/wp\/v2\/media?parent=1682120"}],"wp:term":[{"taxonomy":"program_type","embeddable":true,"href":"https:\/\/www.myzen.tv\/fr\/wp-json\/wp\/v2\/program_type?post=1682120"},{"taxonomy":"group","embeddable":true,"href":"https:\/\/www.myzen.tv\/fr\/wp-json\/wp\/v2\/group?post=1682120"},{"taxonomy":"d_category","embeddable":true,"href":"https:\/\/www.myzen.tv\/fr\/wp-json\/wp\/v2\/d_category?post=1682120"},{"taxonomy":"genre","embeddable":true,"href":"https:\/\/www.myzen.tv\/fr\/wp-json\/wp\/v2\/genre?post=1682120"}],"curies":[{"name":"wp","href":"https:\/\/api.w.org\/{rel}","templated":true}]}}