{"id":1698130,"date":"2023-07-20T09:49:08","date_gmt":"2023-07-20T09:49:08","guid":{"rendered":"https:\/\/www.myzen.tv\/program\/\/13531-les-saveurs-de-lhuile-dolive-s00-e12"},"modified":"2026-04-28T10:04:37","modified_gmt":"2026-04-28T10:04:37","slug":"13531-les-saveurs-de-lhuile-dolive-s00-e12","status":"publish","type":"program","link":"https:\/\/www.myzen.tv\/fr\/program\/episode\/13531-les-saveurs-de-lhuile-dolive-s00-e12","title":{"rendered":"Les saveurs de l&rsquo;huile d&rsquo;olive"},"content":{"rendered":"<p>C\u2019est un voyage dans le sud de la France que vous propose Julie cette fois-ci. Entre la Vall\u00e9e du Rh\u00f4ne et la M\u00e9diterran\u00e9e, partons \u00e0 la d\u00e9couverte d\u2019un fruit que l\u2019on r\u00e9colte en novembre : l\u2019olive. Sur le chemin nous nous arr\u00eaterons chez la famille Sourdon pour cuisiner de la daurade accompagn\u00e9e d\u2019un fricot d\u2019olive. Nous irons ensuite du c\u00f4t\u00e9 d\u2019Aix en Provence pour pr\u00e9parer un dr\u00f4le de dessert : la pompe \u00e0 l\u2019huile fa\u00e7on Fernand. Direction ensuite un domaine exceptionnel, la villa Beaulieu pour d\u00e9guster un Bagna Cauda comme vous en avez rarement vu avant de finir avec Jean-Luc Rabanel, chef \u00e9toil\u00e9 Bio qui fait partie des grands d\u00e9fenseurs de l\u2019huile d\u2019olive grand cru. <\/p>\n","protected":false},"excerpt":{"rendered":"<p>C\u2019est un voyage dans le sud de la France que vous propose Julie cette fois-ci. Entre la Vall\u00e9e du Rh\u00f4ne et la M\u00e9diterran\u00e9e, partons \u00e0 la d\u00e9couverte d\u2019un fruit que l\u2019on r\u00e9colte en novembre : l\u2019olive.<\/p>\n","protected":false},"featured_media":1704519,"parent":0,"menu_order":0,"template":"","format":"standard","meta":{"episode_type":"","audio_file":"","cover_image":"","cover_image_id":"","duration":"00:52:00","filesize":"","date_recorded":"","explicit":"","block":"","itunes_episode_number":"","itunes_title":"","itunes_season_number":"","itunes_episode_type":"","filesize_raw":""},"program_type":[32],"group":[261,314,271,318],"d_category":[1172],"genre":[1374],"class_list":["post-1698130","program","type-program","status-publish","format-standard","has-post-thumbnail","hentry","program_type-episode","group-cooking","group-cuisine","group-travel","group-voyage","d_category-daily-wellbeing","genre-entertainement"],"yoast_head":"<!-- This site is optimized with the Yoast SEO plugin v24.0 - https:\/\/yoast.com\/wordpress\/plugins\/seo\/ -->\n<title>Les saveurs de l&#039;huile d&#039;olive - MyZen TV<\/title>\n<meta name=\"robots\" content=\"index, follow, max-snippet:-1, max-image-preview:large, max-video-preview:-1\" \/>\n<link rel=\"canonical\" href=\"https:\/\/www.myzen.tv\/fr\/program\/episode\/13531-les-saveurs-de-lhuile-dolive-s00-e12\/\" \/>\n<meta property=\"og:locale\" content=\"fr_FR\" \/>\n<meta property=\"og:type\" content=\"article\" \/>\n<meta property=\"og:title\" content=\"Les saveurs de l&#039;huile d&#039;olive - MyZen TV\" \/>\n<meta property=\"og:description\" content=\"C\u2019est un voyage dans le sud de la France que vous propose Julie cette fois-ci. Entre la Vall\u00e9e du Rh\u00f4ne et la M\u00e9diterran\u00e9e, partons \u00e0 la d\u00e9couverte d\u2019un fruit que l\u2019on r\u00e9colte en novembre : l\u2019olive.\" \/>\n<meta property=\"og:url\" content=\"https:\/\/www.myzen.tv\/fr\/program\/episode\/13531-les-saveurs-de-lhuile-dolive-s00-e12\" \/>\n<meta property=\"og:site_name\" content=\"MyZen TV\" \/>\n<meta property=\"article:publisher\" content=\"https:\/\/www.facebook.com\/myzen.tv.fr\/\" \/>\n<meta property=\"article:modified_time\" content=\"2026-04-28T10:04:37+00:00\" \/>\n<meta property=\"og:image\" content=\"https:\/\/www.myzen.tv\/wp-content\/uploads\/2024\/11\/les-carnets-de-julie-saison-4674aca478fb83-scaled.jpg\" \/>\n\t<meta property=\"og:image:width\" content=\"2560\" \/>\n\t<meta property=\"og:image:height\" content=\"1440\" \/>\n\t<meta property=\"og:image:type\" content=\"image\/jpeg\" \/>\n<meta name=\"twitter:card\" content=\"summary_large_image\" \/>\n<meta name=\"twitter:label1\" content=\"Dur\u00e9e de lecture estim\u00e9e\" \/>\n\t<meta name=\"twitter:data1\" content=\"1 minute\" \/>\n<!-- \/ Yoast SEO plugin. -->","yoast_head_json":{"title":"Les saveurs de l'huile d'olive - MyZen TV","robots":{"index":"index","follow":"follow","max-snippet":"max-snippet:-1","max-image-preview":"max-image-preview:large","max-video-preview":"max-video-preview:-1"},"canonical":"https:\/\/www.myzen.tv\/fr\/program\/episode\/13531-les-saveurs-de-lhuile-dolive-s00-e12\/","og_locale":"fr_FR","og_type":"article","og_title":"Les saveurs de l'huile d'olive - MyZen TV","og_description":"C\u2019est un voyage dans le sud de la France que vous propose Julie cette fois-ci. Entre la Vall\u00e9e du Rh\u00f4ne et la M\u00e9diterran\u00e9e, partons \u00e0 la d\u00e9couverte d\u2019un fruit que l\u2019on r\u00e9colte en novembre : l\u2019olive.","og_url":"https:\/\/www.myzen.tv\/fr\/program\/episode\/13531-les-saveurs-de-lhuile-dolive-s00-e12","og_site_name":"MyZen TV","article_publisher":"https:\/\/www.facebook.com\/myzen.tv.fr\/","article_modified_time":"2026-04-28T10:04:37+00:00","og_image":[{"width":2560,"height":1440,"url":"https:\/\/www.myzen.tv\/wp-content\/uploads\/2024\/11\/les-carnets-de-julie-saison-4674aca478fb83-scaled.jpg","type":"image\/jpeg"}],"twitter_card":"summary_large_image","twitter_misc":{"Dur\u00e9e de lecture estim\u00e9e":"1 minute"},"schema":{"@context":"https:\/\/schema.org","@graph":[{"@type":"WebPage","@id":"https:\/\/www.myzen.tv\/fr\/program\/episode\/13531-les-saveurs-de-lhuile-dolive-s00-e12","url":"https:\/\/www.myzen.tv\/fr\/program\/episode\/13531-les-saveurs-de-lhuile-dolive-s00-e12","name":"Les saveurs de l'huile d'olive - MyZen TV","isPartOf":{"@id":"https:\/\/www.myzen.tv\/fr\/#website"},"primaryImageOfPage":{"@id":"https:\/\/www.myzen.tv\/fr\/program\/episode\/13531-les-saveurs-de-lhuile-dolive-s00-e12#primaryimage"},"image":{"@id":"https:\/\/www.myzen.tv\/fr\/program\/episode\/13531-les-saveurs-de-lhuile-dolive-s00-e12#primaryimage"},"thumbnailUrl":"https:\/\/www.myzen.tv\/wp-content\/uploads\/2024\/11\/les-carnets-de-julie-saison-4674aca478fb83-scaled.jpg","datePublished":"2023-07-20T09:49:08+00:00","dateModified":"2026-04-28T10:04:37+00:00","breadcrumb":{"@id":"https:\/\/www.myzen.tv\/fr\/program\/episode\/13531-les-saveurs-de-lhuile-dolive-s00-e12#breadcrumb"},"inLanguage":"fr-FR","potentialAction":[{"@type":"ReadAction","target":["https:\/\/www.myzen.tv\/fr\/program\/episode\/13531-les-saveurs-de-lhuile-dolive-s00-e12"]}]},{"@type":"ImageObject","inLanguage":"fr-FR","@id":"https:\/\/www.myzen.tv\/fr\/program\/episode\/13531-les-saveurs-de-lhuile-dolive-s00-e12#primaryimage","url":"https:\/\/www.myzen.tv\/wp-content\/uploads\/2024\/11\/les-carnets-de-julie-saison-4674aca478fb83-scaled.jpg","contentUrl":"https:\/\/www.myzen.tv\/wp-content\/uploads\/2024\/11\/les-carnets-de-julie-saison-4674aca478fb83-scaled.jpg","width":2560,"height":1440,"caption":"P\u00e9tillante et pleine de curiosit\u00e9, Julie Andrieu part \u00e0 la d\u00e9couverte des traditions culinaires les plus vari\u00e9es."},{"@type":"BreadcrumbList","@id":"https:\/\/www.myzen.tv\/fr\/program\/episode\/13531-les-saveurs-de-lhuile-dolive-s00-e12#breadcrumb","itemListElement":[{"@type":"ListItem","position":1,"name":"Home","item":"https:\/\/www.myzen.tv\/fr\/"},{"@type":"ListItem","position":2,"name":"Programs","item":"https:\/\/www.myzen.tv\/fr\/programs\/"},{"@type":"ListItem","position":3,"name":"Les saveurs de l&#8217;huile d&#8217;olive"}]},{"@type":"WebSite","@id":"https:\/\/www.myzen.tv\/fr\/#website","url":"https:\/\/www.myzen.tv\/fr\/","name":"MyZen TV","description":"Your lifestyle and well-being channel","publisher":{"@id":"https:\/\/www.myzen.tv\/fr\/#organization"},"potentialAction":[{"@type":"SearchAction","target":{"@type":"EntryPoint","urlTemplate":"https:\/\/www.myzen.tv\/fr\/?s={search_term_string}"},"query-input":{"@type":"PropertyValueSpecification","valueRequired":true,"valueName":"search_term_string"}}],"inLanguage":"fr-FR"},{"@type":"Organization","@id":"https:\/\/www.myzen.tv\/fr\/#organization","name":"MyZen TV","url":"https:\/\/www.myzen.tv\/fr\/","logo":{"@type":"ImageObject","inLanguage":"fr-FR","@id":"https:\/\/www.myzen.tv\/fr\/#\/schema\/logo\/image\/","url":"https:\/\/www.myzen.tv\/wp-content\/uploads\/2021\/05\/cropped-ICON_MZtv-LOGO_firetv640-1-1.png","contentUrl":"https:\/\/www.myzen.tv\/wp-content\/uploads\/2021\/05\/cropped-ICON_MZtv-LOGO_firetv640-1-1.png","width":512,"height":512,"caption":"MyZen TV"},"image":{"@id":"https:\/\/www.myzen.tv\/fr\/#\/schema\/logo\/image\/"},"sameAs":["https:\/\/www.facebook.com\/myzen.tv.fr\/","https:\/\/www.instagram.com\/myzentv\/"]}]}},"status_options":[{"label":"Inactive","value":"inactive"}],"_links":{"self":[{"href":"https:\/\/www.myzen.tv\/fr\/wp-json\/wp\/v2\/programs\/1698130","targetHints":{"allow":["GET"]}}],"collection":[{"href":"https:\/\/www.myzen.tv\/fr\/wp-json\/wp\/v2\/programs"}],"about":[{"href":"https:\/\/www.myzen.tv\/fr\/wp-json\/wp\/v2\/types\/program"}],"wp:featuredmedia":[{"embeddable":true,"href":"https:\/\/www.myzen.tv\/fr\/wp-json\/wp\/v2\/media\/1704519"}],"wp:attachment":[{"href":"https:\/\/www.myzen.tv\/fr\/wp-json\/wp\/v2\/media?parent=1698130"}],"wp:term":[{"taxonomy":"program_type","embeddable":true,"href":"https:\/\/www.myzen.tv\/fr\/wp-json\/wp\/v2\/program_type?post=1698130"},{"taxonomy":"group","embeddable":true,"href":"https:\/\/www.myzen.tv\/fr\/wp-json\/wp\/v2\/group?post=1698130"},{"taxonomy":"d_category","embeddable":true,"href":"https:\/\/www.myzen.tv\/fr\/wp-json\/wp\/v2\/d_category?post=1698130"},{"taxonomy":"genre","embeddable":true,"href":"https:\/\/www.myzen.tv\/fr\/wp-json\/wp\/v2\/genre?post=1698130"}],"curies":[{"name":"wp","href":"https:\/\/api.w.org\/{rel}","templated":true}]}}