{"id":1709472,"date":"2025-02-27T20:28:46","date_gmt":"2025-02-27T20:28:46","guid":{"rendered":"https:\/\/www.myzen.tv\/program\/\/14061-la-foire-du-chateau-de-brancepeth-s-e03"},"modified":"2026-04-28T10:13:15","modified_gmt":"2026-04-28T10:13:15","slug":"14061-la-foire-du-chateau-de-brancepeth-s-e03","status":"publish","type":"program","link":"https:\/\/www.myzen.tv\/fr\/program\/episode\/14061-la-foire-du-chateau-de-brancepeth-s-e03","title":{"rendered":"La foire du ch\u00e2teau de Brancepeth"},"content":{"rendered":"<p>Trois artisans amateurs pr\u00e9sentent leurs cr\u00e9ations pour la premi\u00e8re fois lors de la foire artisanale du ch\u00e2teau de Brancepeth, dans le comt\u00e9 de Durham. Olivia, ergoth\u00e9rapeute, teint ses propres fils et r\u00e9alise des pi\u00e8ces tiss\u00e9es \u00e0 la main. Neil, ancien constructeur, fabrique des ornements en m\u00e9tal originaux, et Wendi, qui cr\u00e9e d\u00e9sormais ses propres \u0153uvres en verre gr\u00e2ce \u00e0 l\u2019art du fusing, apprend m\u00eame la technique du soufflage de verre sp\u00e9cialement pour l\u2019\u00e9v\u00e9nement.<\/p>\n","protected":false},"excerpt":{"rendered":"<p>Trois artisans font leurs d\u00e9buts \u00e0 la foire artisanale du ch\u00e2teau de Brancepeth : Olivia et son fil teint \u00e0 la main, les ornements en m\u00e9tal de Neil et les pi\u00e8ces en verre fusionn\u00e9 et souffl\u00e9 de Wendi.<\/p>\n","protected":false},"featured_media":1710801,"parent":0,"menu_order":0,"template":"","format":"standard","meta":{"episode_type":"","audio_file":"","cover_image":"","cover_image_id":"","duration":"00:45:00","filesize":"","date_recorded":"","explicit":"","block":"","itunes_episode_number":"","itunes_title":"","itunes_season_number":"","itunes_episode_type":"","filesize_raw":""},"program_type":[32],"group":[270],"d_category":[1174],"genre":[1372],"class_list":["post-1709472","program","type-program","status-publish","format-standard","has-post-thumbnail","hentry","program_type-episode","group-life-changes","d_category-life-changes","genre-do-it-yourself"],"yoast_head":"<!-- This site is optimized with the Yoast SEO plugin v24.0 - https:\/\/yoast.com\/wordpress\/plugins\/seo\/ -->\n<title>La foire du ch\u00e2teau de Brancepeth - MyZen TV<\/title>\n<meta name=\"robots\" content=\"index, follow, max-snippet:-1, max-image-preview:large, max-video-preview:-1\" \/>\n<link rel=\"canonical\" href=\"https:\/\/www.myzen.tv\/fr\/program\/episode\/14061-la-foire-du-chateau-de-brancepeth-s-e03\/\" \/>\n<meta property=\"og:locale\" content=\"fr_FR\" \/>\n<meta property=\"og:type\" content=\"article\" \/>\n<meta property=\"og:title\" content=\"La foire du ch\u00e2teau de Brancepeth - MyZen TV\" \/>\n<meta property=\"og:description\" content=\"Trois artisans font leurs d\u00e9buts \u00e0 la foire artisanale du ch\u00e2teau de Brancepeth : Olivia et son fil teint \u00e0 la main, les ornements en m\u00e9tal de Neil et les pi\u00e8ces en verre fusionn\u00e9 et souffl\u00e9 de Wendi.\" \/>\n<meta property=\"og:url\" content=\"https:\/\/www.myzen.tv\/fr\/program\/episode\/14061-la-foire-du-chateau-de-brancepeth-s-e03\" \/>\n<meta property=\"og:site_name\" content=\"MyZen TV\" \/>\n<meta property=\"article:publisher\" content=\"https:\/\/www.facebook.com\/myzen.tv.fr\/\" \/>\n<meta property=\"article:modified_time\" content=\"2026-04-28T10:13:15+00:00\" \/>\n<meta property=\"og:image\" content=\"https:\/\/www.myzen.tv\/wp-content\/uploads\/2025\/02\/the-wonderful-world-of-crafting-season-1-brancepeth67c0cafa2466e-scaled.jpg\" \/>\n\t<meta property=\"og:image:width\" content=\"2560\" \/>\n\t<meta property=\"og:image:height\" content=\"1704\" \/>\n\t<meta property=\"og:image:type\" content=\"image\/jpeg\" \/>\n<meta name=\"twitter:card\" content=\"summary_large_image\" \/>\n<!-- \/ Yoast SEO plugin. -->","yoast_head_json":{"title":"La foire du ch\u00e2teau de Brancepeth - MyZen TV","robots":{"index":"index","follow":"follow","max-snippet":"max-snippet:-1","max-image-preview":"max-image-preview:large","max-video-preview":"max-video-preview:-1"},"canonical":"https:\/\/www.myzen.tv\/fr\/program\/episode\/14061-la-foire-du-chateau-de-brancepeth-s-e03\/","og_locale":"fr_FR","og_type":"article","og_title":"La foire du ch\u00e2teau de Brancepeth - MyZen TV","og_description":"Trois artisans font leurs d\u00e9buts \u00e0 la foire artisanale du ch\u00e2teau de Brancepeth : Olivia et son fil teint \u00e0 la main, les ornements en m\u00e9tal de Neil et les pi\u00e8ces en verre fusionn\u00e9 et souffl\u00e9 de Wendi.","og_url":"https:\/\/www.myzen.tv\/fr\/program\/episode\/14061-la-foire-du-chateau-de-brancepeth-s-e03","og_site_name":"MyZen TV","article_publisher":"https:\/\/www.facebook.com\/myzen.tv.fr\/","article_modified_time":"2026-04-28T10:13:15+00:00","og_image":[{"width":2560,"height":1704,"url":"https:\/\/www.myzen.tv\/wp-content\/uploads\/2025\/02\/the-wonderful-world-of-crafting-season-1-brancepeth67c0cafa2466e-scaled.jpg","type":"image\/jpeg"}],"twitter_card":"summary_large_image","schema":{"@context":"https:\/\/schema.org","@graph":[{"@type":"WebPage","@id":"https:\/\/www.myzen.tv\/fr\/program\/episode\/14061-la-foire-du-chateau-de-brancepeth-s-e03","url":"https:\/\/www.myzen.tv\/fr\/program\/episode\/14061-la-foire-du-chateau-de-brancepeth-s-e03","name":"La foire du ch\u00e2teau de Brancepeth - MyZen TV","isPartOf":{"@id":"https:\/\/www.myzen.tv\/fr\/#website"},"primaryImageOfPage":{"@id":"https:\/\/www.myzen.tv\/fr\/program\/episode\/14061-la-foire-du-chateau-de-brancepeth-s-e03#primaryimage"},"image":{"@id":"https:\/\/www.myzen.tv\/fr\/program\/episode\/14061-la-foire-du-chateau-de-brancepeth-s-e03#primaryimage"},"thumbnailUrl":"https:\/\/www.myzen.tv\/wp-content\/uploads\/2025\/02\/the-wonderful-world-of-crafting-season-1-brancepeth67c0cafa2466e-scaled.jpg","datePublished":"2025-02-27T20:28:46+00:00","dateModified":"2026-04-28T10:13:15+00:00","breadcrumb":{"@id":"https:\/\/www.myzen.tv\/fr\/program\/episode\/14061-la-foire-du-chateau-de-brancepeth-s-e03#breadcrumb"},"inLanguage":"fr-FR","potentialAction":[{"@type":"ReadAction","target":["https:\/\/www.myzen.tv\/fr\/program\/episode\/14061-la-foire-du-chateau-de-brancepeth-s-e03"]}]},{"@type":"ImageObject","inLanguage":"fr-FR","@id":"https:\/\/www.myzen.tv\/fr\/program\/episode\/14061-la-foire-du-chateau-de-brancepeth-s-e03#primaryimage","url":"https:\/\/www.myzen.tv\/wp-content\/uploads\/2025\/02\/the-wonderful-world-of-crafting-season-1-brancepeth67c0cafa2466e-scaled.jpg","contentUrl":"https:\/\/www.myzen.tv\/wp-content\/uploads\/2025\/02\/the-wonderful-world-of-crafting-season-1-brancepeth67c0cafa2466e-scaled.jpg","width":2560,"height":1704,"caption":"Three crafters debut at Brancepeth Castle Craft Fair: Olivia with hand-dyed yarn, Neil's metal ornaments, and Wendi's fused and blown glass pieces."},{"@type":"BreadcrumbList","@id":"https:\/\/www.myzen.tv\/fr\/program\/episode\/14061-la-foire-du-chateau-de-brancepeth-s-e03#breadcrumb","itemListElement":[{"@type":"ListItem","position":1,"name":"Home","item":"https:\/\/www.myzen.tv\/fr\/"},{"@type":"ListItem","position":2,"name":"Programs","item":"https:\/\/www.myzen.tv\/fr\/programs\/"},{"@type":"ListItem","position":3,"name":"La foire du ch\u00e2teau de Brancepeth"}]},{"@type":"WebSite","@id":"https:\/\/www.myzen.tv\/fr\/#website","url":"https:\/\/www.myzen.tv\/fr\/","name":"MyZen TV","description":"Your lifestyle and well-being channel","publisher":{"@id":"https:\/\/www.myzen.tv\/fr\/#organization"},"potentialAction":[{"@type":"SearchAction","target":{"@type":"EntryPoint","urlTemplate":"https:\/\/www.myzen.tv\/fr\/?s={search_term_string}"},"query-input":{"@type":"PropertyValueSpecification","valueRequired":true,"valueName":"search_term_string"}}],"inLanguage":"fr-FR"},{"@type":"Organization","@id":"https:\/\/www.myzen.tv\/fr\/#organization","name":"MyZen TV","url":"https:\/\/www.myzen.tv\/fr\/","logo":{"@type":"ImageObject","inLanguage":"fr-FR","@id":"https:\/\/www.myzen.tv\/fr\/#\/schema\/logo\/image\/","url":"https:\/\/www.myzen.tv\/wp-content\/uploads\/2021\/05\/cropped-ICON_MZtv-LOGO_firetv640-1-1.png","contentUrl":"https:\/\/www.myzen.tv\/wp-content\/uploads\/2021\/05\/cropped-ICON_MZtv-LOGO_firetv640-1-1.png","width":512,"height":512,"caption":"MyZen TV"},"image":{"@id":"https:\/\/www.myzen.tv\/fr\/#\/schema\/logo\/image\/"},"sameAs":["https:\/\/www.facebook.com\/myzen.tv.fr\/","https:\/\/www.instagram.com\/myzentv\/"]}]}},"status_options":[{"label":"Inactive","value":"inactive"}],"_links":{"self":[{"href":"https:\/\/www.myzen.tv\/fr\/wp-json\/wp\/v2\/programs\/1709472","targetHints":{"allow":["GET"]}}],"collection":[{"href":"https:\/\/www.myzen.tv\/fr\/wp-json\/wp\/v2\/programs"}],"about":[{"href":"https:\/\/www.myzen.tv\/fr\/wp-json\/wp\/v2\/types\/program"}],"wp:featuredmedia":[{"embeddable":true,"href":"https:\/\/www.myzen.tv\/fr\/wp-json\/wp\/v2\/media\/1710801"}],"wp:attachment":[{"href":"https:\/\/www.myzen.tv\/fr\/wp-json\/wp\/v2\/media?parent=1709472"}],"wp:term":[{"taxonomy":"program_type","embeddable":true,"href":"https:\/\/www.myzen.tv\/fr\/wp-json\/wp\/v2\/program_type?post=1709472"},{"taxonomy":"group","embeddable":true,"href":"https:\/\/www.myzen.tv\/fr\/wp-json\/wp\/v2\/group?post=1709472"},{"taxonomy":"d_category","embeddable":true,"href":"https:\/\/www.myzen.tv\/fr\/wp-json\/wp\/v2\/d_category?post=1709472"},{"taxonomy":"genre","embeddable":true,"href":"https:\/\/www.myzen.tv\/fr\/wp-json\/wp\/v2\/genre?post=1709472"}],"curies":[{"name":"wp","href":"https:\/\/api.w.org\/{rel}","templated":true}]}}