{"id":1735738,"date":"2025-07-05T16:53:50","date_gmt":"2025-07-05T16:53:50","guid":{"rendered":"https:\/\/www.myzen.tv\/?post_type=program&#038;p=1735738"},"modified":"2026-04-28T10:26:23","modified_gmt":"2026-04-28T10:26:23","slug":"14357-reflechir-et-se-connecter-ouvrez-vos-epaules-vos-hanches-et-vos-jambes-s-e06","status":"publish","type":"program","link":"https:\/\/www.myzen.tv\/fr\/program\/episode\/14357-reflechir-et-se-connecter-ouvrez-vos-epaules-vos-hanches-et-vos-jambes-s-e06","title":{"rendered":"R\u00e9fl\u00e9chir et se connecter : Ouvrez vos \u00e9paules, vos hanches et vos jambes"},"content":{"rendered":"<p>Pr\u00eat(e) \u00e0 vous envoler ? \u00ab R\u00e9fl\u00e9chir et se connecter \u00bb engage tout votre corps \u00e0 travers une s\u00e9rie de postures qui commencent par calmer et recentrer, avant d\u2019\u00e9veiller et d\u2019inspirer. Faites le plein d\u2019\u00e9nergie et de s\u00e9curit\u00e9 avant de laisser place \u00e0 votre curiosit\u00e9 et repousser vos limites.<\/p>\n","protected":false},"excerpt":{"rendered":"<p>Pr\u00eat(e) \u00e0 vous envoler ? \u00ab\u00a0R\u00e9fl\u00e9chir et se connecter\u00a0\u00bb engage tout votre corps \u00e0 travers une s\u00e9rie de postures qui commencent par calmer et recentrer, avant d\u2019\u00e9veiller et d\u2019inspirer.<\/p>\n","protected":false},"featured_media":1736177,"parent":0,"menu_order":0,"template":"","format":"standard","meta":{"episode_type":"","audio_file":"","cover_image":"","cover_image_id":"","duration":"00:24:00","filesize":"","date_recorded":"","explicit":"","block":"","itunes_episode_number":"","itunes_title":"","itunes_season_number":"","itunes_episode_type":"","filesize_raw":""},"program_type":[32],"group":[268,315],"d_category":[1177],"genre":[1378],"class_list":["post-1735738","program","type-program","status-publish","format-standard","has-post-thumbnail","hentry","program_type-episode","group-fitness-yoga","group-remise-en-forme","d_category-body-and-soul","genre-magazine"],"yoast_head":"<!-- This site is optimized with the Yoast SEO plugin v24.0 - https:\/\/yoast.com\/wordpress\/plugins\/seo\/ -->\n<title>R\u00e9fl\u00e9chir et se connecter : Ouvrez vos \u00e9paules, vos hanches et vos jambes - MyZen TV<\/title>\n<meta name=\"robots\" content=\"index, follow, max-snippet:-1, max-image-preview:large, max-video-preview:-1\" \/>\n<link rel=\"canonical\" href=\"https:\/\/www.myzen.tv\/fr\/program\/episode\/14357-reflechir-et-se-connecter-ouvrez-vos-epaules-vos-hanches-et-vos-jambes-s-e06\/\" \/>\n<meta property=\"og:locale\" content=\"fr_FR\" \/>\n<meta property=\"og:type\" content=\"article\" \/>\n<meta property=\"og:title\" content=\"R\u00e9fl\u00e9chir et se connecter : Ouvrez vos \u00e9paules, vos hanches et vos jambes - MyZen TV\" \/>\n<meta property=\"og:description\" content=\"Pr\u00eat(e) \u00e0 vous envoler ? &quot;R\u00e9fl\u00e9chir et se connecter&quot; engage tout votre corps \u00e0 travers une s\u00e9rie de postures qui commencent par calmer et recentrer, avant d\u2019\u00e9veiller et d\u2019inspirer.\" \/>\n<meta property=\"og:url\" content=\"https:\/\/www.myzen.tv\/fr\/program\/episode\/14357-reflechir-et-se-connecter-ouvrez-vos-epaules-vos-hanches-et-vos-jambes-s-e06\" \/>\n<meta property=\"og:site_name\" content=\"MyZen TV\" \/>\n<meta property=\"article:publisher\" content=\"https:\/\/www.facebook.com\/myzen.tv.fr\/\" \/>\n<meta property=\"article:modified_time\" content=\"2026-04-28T10:26:23+00:00\" \/>\n<meta property=\"og:image\" content=\"https:\/\/www.myzen.tv\/wp-content\/uploads\/2025\/07\/namaste-yoga-saison-3-reflechir-et-se-connecter-ouvrez-vos-epaules-vos-hanches-et-vos-jambes6869589ee78a8.jpeg\" \/>\n\t<meta property=\"og:image:width\" content=\"1920\" \/>\n\t<meta property=\"og:image:height\" content=\"1080\" \/>\n\t<meta property=\"og:image:type\" content=\"image\/jpeg\" \/>\n<meta name=\"twitter:card\" content=\"summary_large_image\" \/>\n<!-- \/ Yoast SEO plugin. -->","yoast_head_json":{"title":"R\u00e9fl\u00e9chir et se connecter : Ouvrez vos \u00e9paules, vos hanches et vos jambes - MyZen TV","robots":{"index":"index","follow":"follow","max-snippet":"max-snippet:-1","max-image-preview":"max-image-preview:large","max-video-preview":"max-video-preview:-1"},"canonical":"https:\/\/www.myzen.tv\/fr\/program\/episode\/14357-reflechir-et-se-connecter-ouvrez-vos-epaules-vos-hanches-et-vos-jambes-s-e06\/","og_locale":"fr_FR","og_type":"article","og_title":"R\u00e9fl\u00e9chir et se connecter : Ouvrez vos \u00e9paules, vos hanches et vos jambes - MyZen TV","og_description":"Pr\u00eat(e) \u00e0 vous envoler ? \"R\u00e9fl\u00e9chir et se connecter\" engage tout votre corps \u00e0 travers une s\u00e9rie de postures qui commencent par calmer et recentrer, avant d\u2019\u00e9veiller et d\u2019inspirer.","og_url":"https:\/\/www.myzen.tv\/fr\/program\/episode\/14357-reflechir-et-se-connecter-ouvrez-vos-epaules-vos-hanches-et-vos-jambes-s-e06","og_site_name":"MyZen TV","article_publisher":"https:\/\/www.facebook.com\/myzen.tv.fr\/","article_modified_time":"2026-04-28T10:26:23+00:00","og_image":[{"width":1920,"height":1080,"url":"https:\/\/www.myzen.tv\/wp-content\/uploads\/2025\/07\/namaste-yoga-saison-3-reflechir-et-se-connecter-ouvrez-vos-epaules-vos-hanches-et-vos-jambes6869589ee78a8.jpeg","type":"image\/jpeg"}],"twitter_card":"summary_large_image","schema":{"@context":"https:\/\/schema.org","@graph":[{"@type":"WebPage","@id":"https:\/\/www.myzen.tv\/fr\/program\/episode\/14357-reflechir-et-se-connecter-ouvrez-vos-epaules-vos-hanches-et-vos-jambes-s-e06","url":"https:\/\/www.myzen.tv\/fr\/program\/episode\/14357-reflechir-et-se-connecter-ouvrez-vos-epaules-vos-hanches-et-vos-jambes-s-e06","name":"R\u00e9fl\u00e9chir et se connecter : Ouvrez vos \u00e9paules, vos hanches et vos jambes - MyZen TV","isPartOf":{"@id":"https:\/\/www.myzen.tv\/fr\/#website"},"primaryImageOfPage":{"@id":"https:\/\/www.myzen.tv\/fr\/program\/episode\/14357-reflechir-et-se-connecter-ouvrez-vos-epaules-vos-hanches-et-vos-jambes-s-e06#primaryimage"},"image":{"@id":"https:\/\/www.myzen.tv\/fr\/program\/episode\/14357-reflechir-et-se-connecter-ouvrez-vos-epaules-vos-hanches-et-vos-jambes-s-e06#primaryimage"},"thumbnailUrl":"https:\/\/www.myzen.tv\/wp-content\/uploads\/2025\/07\/namaste-yoga-saison-3-reflechir-et-se-connecter-ouvrez-vos-epaules-vos-hanches-et-vos-jambes6869589ee78a8.jpeg","datePublished":"2025-07-05T16:53:50+00:00","dateModified":"2026-04-28T10:26:23+00:00","breadcrumb":{"@id":"https:\/\/www.myzen.tv\/fr\/program\/episode\/14357-reflechir-et-se-connecter-ouvrez-vos-epaules-vos-hanches-et-vos-jambes-s-e06#breadcrumb"},"inLanguage":"fr-FR","potentialAction":[{"@type":"ReadAction","target":["https:\/\/www.myzen.tv\/fr\/program\/episode\/14357-reflechir-et-se-connecter-ouvrez-vos-epaules-vos-hanches-et-vos-jambes-s-e06"]}]},{"@type":"ImageObject","inLanguage":"fr-FR","@id":"https:\/\/www.myzen.tv\/fr\/program\/episode\/14357-reflechir-et-se-connecter-ouvrez-vos-epaules-vos-hanches-et-vos-jambes-s-e06#primaryimage","url":"https:\/\/www.myzen.tv\/wp-content\/uploads\/2025\/07\/namaste-yoga-saison-3-reflechir-et-se-connecter-ouvrez-vos-epaules-vos-hanches-et-vos-jambes6869589ee78a8.jpeg","contentUrl":"https:\/\/www.myzen.tv\/wp-content\/uploads\/2025\/07\/namaste-yoga-saison-3-reflechir-et-se-connecter-ouvrez-vos-epaules-vos-hanches-et-vos-jambes6869589ee78a8.jpeg","width":1920,"height":1080,"caption":"Pr\u00eat(e) \u00e0 vous envoler ? \"R\u00e9fl\u00e9chir et se connecter\" engage tout votre corps \u00e0 travers une s\u00e9rie de postures qui commencent par calmer et recentrer, avant d\u2019\u00e9veiller et d\u2019inspirer."},{"@type":"BreadcrumbList","@id":"https:\/\/www.myzen.tv\/fr\/program\/episode\/14357-reflechir-et-se-connecter-ouvrez-vos-epaules-vos-hanches-et-vos-jambes-s-e06#breadcrumb","itemListElement":[{"@type":"ListItem","position":1,"name":"Home","item":"https:\/\/www.myzen.tv\/fr\/"},{"@type":"ListItem","position":2,"name":"Programs","item":"https:\/\/www.myzen.tv\/fr\/programs\/"},{"@type":"ListItem","position":3,"name":"R\u00e9fl\u00e9chir et se connecter : Ouvrez vos \u00e9paules, vos hanches et vos jambes"}]},{"@type":"WebSite","@id":"https:\/\/www.myzen.tv\/fr\/#website","url":"https:\/\/www.myzen.tv\/fr\/","name":"MyZen TV","description":"Your lifestyle and well-being channel","publisher":{"@id":"https:\/\/www.myzen.tv\/fr\/#organization"},"potentialAction":[{"@type":"SearchAction","target":{"@type":"EntryPoint","urlTemplate":"https:\/\/www.myzen.tv\/fr\/?s={search_term_string}"},"query-input":{"@type":"PropertyValueSpecification","valueRequired":true,"valueName":"search_term_string"}}],"inLanguage":"fr-FR"},{"@type":"Organization","@id":"https:\/\/www.myzen.tv\/fr\/#organization","name":"MyZen TV","url":"https:\/\/www.myzen.tv\/fr\/","logo":{"@type":"ImageObject","inLanguage":"fr-FR","@id":"https:\/\/www.myzen.tv\/fr\/#\/schema\/logo\/image\/","url":"https:\/\/www.myzen.tv\/wp-content\/uploads\/2021\/05\/cropped-ICON_MZtv-LOGO_firetv640-1-1.png","contentUrl":"https:\/\/www.myzen.tv\/wp-content\/uploads\/2021\/05\/cropped-ICON_MZtv-LOGO_firetv640-1-1.png","width":512,"height":512,"caption":"MyZen TV"},"image":{"@id":"https:\/\/www.myzen.tv\/fr\/#\/schema\/logo\/image\/"},"sameAs":["https:\/\/www.facebook.com\/myzen.tv.fr\/","https:\/\/www.instagram.com\/myzentv\/"]}]}},"status_options":[{"label":"Inactive","value":"inactive"}],"_links":{"self":[{"href":"https:\/\/www.myzen.tv\/fr\/wp-json\/wp\/v2\/programs\/1735738","targetHints":{"allow":["GET"]}}],"collection":[{"href":"https:\/\/www.myzen.tv\/fr\/wp-json\/wp\/v2\/programs"}],"about":[{"href":"https:\/\/www.myzen.tv\/fr\/wp-json\/wp\/v2\/types\/program"}],"wp:featuredmedia":[{"embeddable":true,"href":"https:\/\/www.myzen.tv\/fr\/wp-json\/wp\/v2\/media\/1736177"}],"wp:attachment":[{"href":"https:\/\/www.myzen.tv\/fr\/wp-json\/wp\/v2\/media?parent=1735738"}],"wp:term":[{"taxonomy":"program_type","embeddable":true,"href":"https:\/\/www.myzen.tv\/fr\/wp-json\/wp\/v2\/program_type?post=1735738"},{"taxonomy":"group","embeddable":true,"href":"https:\/\/www.myzen.tv\/fr\/wp-json\/wp\/v2\/group?post=1735738"},{"taxonomy":"d_category","embeddable":true,"href":"https:\/\/www.myzen.tv\/fr\/wp-json\/wp\/v2\/d_category?post=1735738"},{"taxonomy":"genre","embeddable":true,"href":"https:\/\/www.myzen.tv\/fr\/wp-json\/wp\/v2\/genre?post=1735738"}],"curies":[{"name":"wp","href":"https:\/\/api.w.org\/{rel}","templated":true}]}}