{"id":1735752,"date":"2025-09-25T23:54:57","date_gmt":"2025-09-25T23:54:57","guid":{"rendered":"https:\/\/www.myzen.tv\/?post_type=program&#038;p=1735752"},"modified":"2026-04-28T10:26:37","modified_gmt":"2026-04-28T10:26:37","slug":"14363-lequilibre-de-letre-ouvrir-les-hanches-et-renforcer-les-bras-et-le-haut-du-dos-s-e13","status":"publish","type":"program","link":"https:\/\/www.myzen.tv\/fr\/program\/episode\/14363-lequilibre-de-letre-ouvrir-les-hanches-et-renforcer-les-bras-et-le-haut-du-dos-s-e13","title":{"rendered":"L&rsquo;\u00e9quilibre de l&rsquo;\u00eatre : Ouvrir les hanches et renforcer les bras et le haut du dos"},"content":{"rendered":"<p>\u00ab L&rsquo;\u00e9quilibre de l&rsquo;\u00eatre \u00bb est une s\u00e9quence fluide et puissante qui cr\u00e9e pr\u00e9sence et force. Utilisez cette pratique pour vous ancrer, puis vous \u00e9lever avec confiance et une \u00e9nergie centr\u00e9e et \u00e9quilibr\u00e9e. \u00c9tude des oppos\u00e9s compl\u00e9mentaires, cette pratique vous mettra au d\u00e9fi de trouver l\u2019\u00e9quilibre au sein de l\u2019opposition.<\/p>\n","protected":false},"excerpt":{"rendered":"<p>\u00ab\u00a0L&rsquo;\u00e9quilibre de l&rsquo;\u00eatre\u00a0\u00bb est une s\u00e9quence fluide et puissante qui cr\u00e9e pr\u00e9sence et force. Utilisez cette pratique pour vous ancrer, puis vous \u00e9lever avec confiance et une \u00e9nergie centr\u00e9e et \u00e9quilibr\u00e9e.<\/p>\n","protected":false},"featured_media":1762525,"parent":0,"menu_order":0,"template":"","format":"standard","meta":{"episode_type":"","audio_file":"","cover_image":"","cover_image_id":"","duration":"00:24:00","filesize":"","date_recorded":"","explicit":"","block":"","itunes_episode_number":"","itunes_title":"","itunes_season_number":"","itunes_episode_type":"","filesize_raw":""},"program_type":[32],"group":[268,315],"d_category":[1177],"genre":[1378],"class_list":["post-1735752","program","type-program","status-publish","format-standard","has-post-thumbnail","hentry","program_type-episode","group-fitness-yoga","group-remise-en-forme","d_category-body-and-soul","genre-magazine"],"yoast_head":"<!-- This site is optimized with the Yoast SEO plugin v24.0 - https:\/\/yoast.com\/wordpress\/plugins\/seo\/ -->\n<title>L&#039;\u00e9quilibre de l&#039;\u00eatre : Ouvrir les hanches et renforcer les bras et le haut du dos - MyZen TV<\/title>\n<meta name=\"robots\" content=\"index, follow, max-snippet:-1, max-image-preview:large, max-video-preview:-1\" \/>\n<link rel=\"canonical\" href=\"https:\/\/www.myzen.tv\/fr\/program\/episode\/14363-lequilibre-de-letre-ouvrir-les-hanches-et-renforcer-les-bras-et-le-haut-du-dos-s-e13\/\" \/>\n<meta property=\"og:locale\" content=\"fr_FR\" \/>\n<meta property=\"og:type\" content=\"article\" \/>\n<meta property=\"og:title\" content=\"L&#039;\u00e9quilibre de l&#039;\u00eatre : Ouvrir les hanches et renforcer les bras et le haut du dos - MyZen TV\" \/>\n<meta property=\"og:description\" content=\"&quot;L&#039;\u00e9quilibre de l&#039;\u00eatre&quot; est une s\u00e9quence fluide et puissante qui cr\u00e9e pr\u00e9sence et force. Utilisez cette pratique pour vous ancrer, puis vous \u00e9lever avec confiance et une \u00e9nergie centr\u00e9e et \u00e9quilibr\u00e9e.\" \/>\n<meta property=\"og:url\" content=\"https:\/\/www.myzen.tv\/fr\/program\/episode\/14363-lequilibre-de-letre-ouvrir-les-hanches-et-renforcer-les-bras-et-le-haut-du-dos-s-e13\" \/>\n<meta property=\"og:site_name\" content=\"MyZen TV\" \/>\n<meta property=\"article:publisher\" content=\"https:\/\/www.facebook.com\/myzen.tv.fr\/\" \/>\n<meta property=\"article:modified_time\" content=\"2026-04-28T10:26:37+00:00\" \/>\n<meta property=\"og:image\" content=\"https:\/\/www.myzen.tv\/wp-content\/uploads\/2025\/09\/namaste-yoga-saison-4-lequilibre-de-letre-ouvrir-les-hanches-et-renforcer-les-bras-et-le-haut-du-dos68d5d6515dfd0-scaled.jpg\" \/>\n\t<meta property=\"og:image:width\" content=\"2560\" \/>\n\t<meta property=\"og:image:height\" content=\"1709\" \/>\n\t<meta property=\"og:image:type\" content=\"image\/jpeg\" \/>\n<meta name=\"twitter:card\" content=\"summary_large_image\" \/>\n<!-- \/ Yoast SEO plugin. -->","yoast_head_json":{"title":"L'\u00e9quilibre de l'\u00eatre : Ouvrir les hanches et renforcer les bras et le haut du dos - MyZen TV","robots":{"index":"index","follow":"follow","max-snippet":"max-snippet:-1","max-image-preview":"max-image-preview:large","max-video-preview":"max-video-preview:-1"},"canonical":"https:\/\/www.myzen.tv\/fr\/program\/episode\/14363-lequilibre-de-letre-ouvrir-les-hanches-et-renforcer-les-bras-et-le-haut-du-dos-s-e13\/","og_locale":"fr_FR","og_type":"article","og_title":"L'\u00e9quilibre de l'\u00eatre : Ouvrir les hanches et renforcer les bras et le haut du dos - MyZen TV","og_description":"\"L'\u00e9quilibre de l'\u00eatre\" est une s\u00e9quence fluide et puissante qui cr\u00e9e pr\u00e9sence et force. Utilisez cette pratique pour vous ancrer, puis vous \u00e9lever avec confiance et une \u00e9nergie centr\u00e9e et \u00e9quilibr\u00e9e.","og_url":"https:\/\/www.myzen.tv\/fr\/program\/episode\/14363-lequilibre-de-letre-ouvrir-les-hanches-et-renforcer-les-bras-et-le-haut-du-dos-s-e13","og_site_name":"MyZen TV","article_publisher":"https:\/\/www.facebook.com\/myzen.tv.fr\/","article_modified_time":"2026-04-28T10:26:37+00:00","og_image":[{"width":2560,"height":1709,"url":"https:\/\/www.myzen.tv\/wp-content\/uploads\/2025\/09\/namaste-yoga-saison-4-lequilibre-de-letre-ouvrir-les-hanches-et-renforcer-les-bras-et-le-haut-du-dos68d5d6515dfd0-scaled.jpg","type":"image\/jpeg"}],"twitter_card":"summary_large_image","schema":{"@context":"https:\/\/schema.org","@graph":[{"@type":"WebPage","@id":"https:\/\/www.myzen.tv\/fr\/program\/episode\/14363-lequilibre-de-letre-ouvrir-les-hanches-et-renforcer-les-bras-et-le-haut-du-dos-s-e13","url":"https:\/\/www.myzen.tv\/fr\/program\/episode\/14363-lequilibre-de-letre-ouvrir-les-hanches-et-renforcer-les-bras-et-le-haut-du-dos-s-e13","name":"L'\u00e9quilibre de l'\u00eatre : Ouvrir les hanches et renforcer les bras et le haut du dos - MyZen TV","isPartOf":{"@id":"https:\/\/www.myzen.tv\/fr\/#website"},"primaryImageOfPage":{"@id":"https:\/\/www.myzen.tv\/fr\/program\/episode\/14363-lequilibre-de-letre-ouvrir-les-hanches-et-renforcer-les-bras-et-le-haut-du-dos-s-e13#primaryimage"},"image":{"@id":"https:\/\/www.myzen.tv\/fr\/program\/episode\/14363-lequilibre-de-letre-ouvrir-les-hanches-et-renforcer-les-bras-et-le-haut-du-dos-s-e13#primaryimage"},"thumbnailUrl":"https:\/\/www.myzen.tv\/wp-content\/uploads\/2025\/09\/namaste-yoga-saison-4-lequilibre-de-letre-ouvrir-les-hanches-et-renforcer-les-bras-et-le-haut-du-dos68d5d6515dfd0-scaled.jpg","datePublished":"2025-09-25T23:54:57+00:00","dateModified":"2026-04-28T10:26:37+00:00","breadcrumb":{"@id":"https:\/\/www.myzen.tv\/fr\/program\/episode\/14363-lequilibre-de-letre-ouvrir-les-hanches-et-renforcer-les-bras-et-le-haut-du-dos-s-e13#breadcrumb"},"inLanguage":"fr-FR","potentialAction":[{"@type":"ReadAction","target":["https:\/\/www.myzen.tv\/fr\/program\/episode\/14363-lequilibre-de-letre-ouvrir-les-hanches-et-renforcer-les-bras-et-le-haut-du-dos-s-e13"]}]},{"@type":"ImageObject","inLanguage":"fr-FR","@id":"https:\/\/www.myzen.tv\/fr\/program\/episode\/14363-lequilibre-de-letre-ouvrir-les-hanches-et-renforcer-les-bras-et-le-haut-du-dos-s-e13#primaryimage","url":"https:\/\/www.myzen.tv\/wp-content\/uploads\/2025\/09\/namaste-yoga-saison-4-lequilibre-de-letre-ouvrir-les-hanches-et-renforcer-les-bras-et-le-haut-du-dos68d5d6515dfd0-scaled.jpg","contentUrl":"https:\/\/www.myzen.tv\/wp-content\/uploads\/2025\/09\/namaste-yoga-saison-4-lequilibre-de-letre-ouvrir-les-hanches-et-renforcer-les-bras-et-le-haut-du-dos68d5d6515dfd0-scaled.jpg","width":2560,"height":1709,"caption":"\"L'\u00e9quilibre de l'\u00eatre\" est une s\u00e9quence fluide et puissante qui cr\u00e9e pr\u00e9sence et force. Utilisez cette pratique pour vous ancrer, puis vous \u00e9lever avec confiance et une \u00e9nergie centr\u00e9e et \u00e9quilibr\u00e9e."},{"@type":"BreadcrumbList","@id":"https:\/\/www.myzen.tv\/fr\/program\/episode\/14363-lequilibre-de-letre-ouvrir-les-hanches-et-renforcer-les-bras-et-le-haut-du-dos-s-e13#breadcrumb","itemListElement":[{"@type":"ListItem","position":1,"name":"Home","item":"https:\/\/www.myzen.tv\/fr\/"},{"@type":"ListItem","position":2,"name":"Programs","item":"https:\/\/www.myzen.tv\/fr\/programs\/"},{"@type":"ListItem","position":3,"name":"L&#8217;\u00e9quilibre de l&#8217;\u00eatre : Ouvrir les hanches et renforcer les bras et le haut du dos"}]},{"@type":"WebSite","@id":"https:\/\/www.myzen.tv\/fr\/#website","url":"https:\/\/www.myzen.tv\/fr\/","name":"MyZen TV","description":"Your lifestyle and well-being channel","publisher":{"@id":"https:\/\/www.myzen.tv\/fr\/#organization"},"potentialAction":[{"@type":"SearchAction","target":{"@type":"EntryPoint","urlTemplate":"https:\/\/www.myzen.tv\/fr\/?s={search_term_string}"},"query-input":{"@type":"PropertyValueSpecification","valueRequired":true,"valueName":"search_term_string"}}],"inLanguage":"fr-FR"},{"@type":"Organization","@id":"https:\/\/www.myzen.tv\/fr\/#organization","name":"MyZen TV","url":"https:\/\/www.myzen.tv\/fr\/","logo":{"@type":"ImageObject","inLanguage":"fr-FR","@id":"https:\/\/www.myzen.tv\/fr\/#\/schema\/logo\/image\/","url":"https:\/\/www.myzen.tv\/wp-content\/uploads\/2021\/05\/cropped-ICON_MZtv-LOGO_firetv640-1-1.png","contentUrl":"https:\/\/www.myzen.tv\/wp-content\/uploads\/2021\/05\/cropped-ICON_MZtv-LOGO_firetv640-1-1.png","width":512,"height":512,"caption":"MyZen TV"},"image":{"@id":"https:\/\/www.myzen.tv\/fr\/#\/schema\/logo\/image\/"},"sameAs":["https:\/\/www.facebook.com\/myzen.tv.fr\/","https:\/\/www.instagram.com\/myzentv\/"]}]}},"status_options":[{"label":"Inactive","value":"inactive"}],"_links":{"self":[{"href":"https:\/\/www.myzen.tv\/fr\/wp-json\/wp\/v2\/programs\/1735752","targetHints":{"allow":["GET"]}}],"collection":[{"href":"https:\/\/www.myzen.tv\/fr\/wp-json\/wp\/v2\/programs"}],"about":[{"href":"https:\/\/www.myzen.tv\/fr\/wp-json\/wp\/v2\/types\/program"}],"wp:featuredmedia":[{"embeddable":true,"href":"https:\/\/www.myzen.tv\/fr\/wp-json\/wp\/v2\/media\/1762525"}],"wp:attachment":[{"href":"https:\/\/www.myzen.tv\/fr\/wp-json\/wp\/v2\/media?parent=1735752"}],"wp:term":[{"taxonomy":"program_type","embeddable":true,"href":"https:\/\/www.myzen.tv\/fr\/wp-json\/wp\/v2\/program_type?post=1735752"},{"taxonomy":"group","embeddable":true,"href":"https:\/\/www.myzen.tv\/fr\/wp-json\/wp\/v2\/group?post=1735752"},{"taxonomy":"d_category","embeddable":true,"href":"https:\/\/www.myzen.tv\/fr\/wp-json\/wp\/v2\/d_category?post=1735752"},{"taxonomy":"genre","embeddable":true,"href":"https:\/\/www.myzen.tv\/fr\/wp-json\/wp\/v2\/genre?post=1735752"}],"curies":[{"name":"wp","href":"https:\/\/api.w.org\/{rel}","templated":true}]}}