{"id":1745334,"date":"2025-08-26T18:56:58","date_gmt":"2025-08-26T18:56:58","guid":{"rendered":"https:\/\/www.myzen.tv\/?post_type=program&#038;p=1745334"},"modified":"2025-10-16T19:59:03","modified_gmt":"2025-10-16T19:59:03","slug":"14524-episode-2-s-e02","status":"publish","type":"program","link":"https:\/\/www.myzen.tv\/fr\/program\/episode\/14524-episode-2-s-e02","title":{"rendered":"\u00c9pisode 2"},"content":{"rendered":"<p>Maya a maintenant sept semaines et devient tr\u00e8s d\u00e9termin\u00e9e et expressive. Giles commence \u00e0 se sentir d\u00e9pass\u00e9 par l\u2019ampleur de ce qu\u2019il a entrepris avec le sanctuaire, mais il garde un \u0153il attentif sur la sant\u00e9 de Maya, notamment sur sa vue fluctuante et ses pattes arri\u00e8re encore un peu instables. Kathryn et Sam s\u2019initient aux soins des f\u00e9lins et tombent sous le charme de leur nouvelle colocataire.<br \/>\nMaya passe de b\u00e9b\u00e9 vuln\u00e9rable \u00e0 petite tornade pleine d\u2019\u00e9nergie. Elle apprend \u00e0 sauter hors de sa caisse, explore la maison seule et, avec l\u2019arriv\u00e9e de toutes ses dents, s\u2019attaque aux objets favoris de Giles.<br \/>\nPatient et protecteur, Giles l\u2019accompagne dans son d\u00e9veloppement.<br \/>\n\u00c0 huit semaines, Maya sort pour la premi\u00e8re fois, go\u00fbte de la viande et d\u00e9couvre un parcours d\u2019escalade que Giles a construit dans le jardin, pour lui permettre d\u2019apprendre \u00e0 grimper comme les jaguars dans la nature.<br \/>\nPour l\u2019aider face \u00e0 ses troubles neurologiques, Giles l\u2019emm\u00e8ne en hydroth\u00e9rapie, o\u00f9 les premiers signes d\u2019am\u00e9lioration apparaissent.<br \/>\nMaya est officiellement pr\u00e9sent\u00e9e au public lors du Bal d\u2019\u00e9t\u00e9, o\u00f9 Giles r\u00e9colte 15 000 livres sterling pour aider les jaguars sauvages.<br \/>\nIl part ensuite au Costa Rica pour comprendre la situation sur le terrain. Depuis les airs, il survole un corridor forestier vital en Am\u00e9rique centrale, avant de rejoindre une \u00e9quipe qui plante des arbres pour pr\u00e9server cet habitat crucial.<\/p>\n","protected":false},"excerpt":{"rendered":"<p>\u00c0 8 semaines, Maya explore, grimpe, mordille&#8230; et s\u00e9duit tous ceux qu\u2019elle croise. Giles veille sur elle, l\u2019emm\u00e8ne en hydroth\u00e9rapie, et r\u00e9colte 15 000 \u00a3 pour prot\u00e9ger les jaguars au Costa Rica. Une aventure pleine d\u2019espoir et de d\u00e9vouement.<\/p>\n","protected":false},"featured_media":1746968,"parent":0,"menu_order":0,"template":"","format":"standard","meta":{"episode_type":"","audio_file":"","cover_image":"","cover_image_id":"","duration":"00:52:00","filesize":"","date_recorded":"","explicit":"","block":"","itunes_episode_number":"","itunes_title":"","itunes_season_number":"","itunes_episode_type":"","filesize_raw":""},"program_type":[32],"group":[],"d_category":[],"genre":[1374],"class_list":["post-1745334","program","type-program","status-publish","format-standard","has-post-thumbnail","hentry","program_type-episode","genre-entertainement"],"yoast_head":"<!-- This site is optimized with the Yoast SEO plugin v24.0 - https:\/\/yoast.com\/wordpress\/plugins\/seo\/ -->\n<title>\u00c9pisode 2 - MyZen TV<\/title>\n<meta name=\"robots\" content=\"index, follow, max-snippet:-1, max-image-preview:large, max-video-preview:-1\" \/>\n<link rel=\"canonical\" href=\"https:\/\/www.myzen.tv\/fr\/program\/episode\/14524-episode-2-s-e02\/\" \/>\n<meta property=\"og:locale\" content=\"fr_FR\" \/>\n<meta property=\"og:type\" content=\"article\" \/>\n<meta property=\"og:title\" content=\"\u00c9pisode 2 - MyZen TV\" \/>\n<meta property=\"og:description\" content=\"\u00c0 8 semaines, Maya explore, grimpe, mordille... et s\u00e9duit tous ceux qu\u2019elle croise. Giles veille sur elle, l\u2019emm\u00e8ne en hydroth\u00e9rapie, et r\u00e9colte 15 000 \u00a3 pour prot\u00e9ger les jaguars au Costa Rica. Une aventure pleine d\u2019espoir et de d\u00e9vouement.\" \/>\n<meta property=\"og:url\" content=\"https:\/\/www.myzen.tv\/fr\/program\/episode\/14524-episode-2-s-e02\" \/>\n<meta property=\"og:site_name\" content=\"MyZen TV\" \/>\n<meta property=\"article:publisher\" content=\"https:\/\/www.facebook.com\/myzen.tv.fr\/\" \/>\n<meta property=\"article:modified_time\" content=\"2025-10-16T19:59:03+00:00\" \/>\n<meta property=\"og:image\" content=\"https:\/\/www.myzen.tv\/wp-content\/uploads\/2025\/08\/des-fauves-dans-la-maison-saison-1-episode-268928df3e8fcd-scaled.jpg\" \/>\n\t<meta property=\"og:image:width\" content=\"2560\" \/>\n\t<meta property=\"og:image:height\" content=\"1440\" \/>\n\t<meta property=\"og:image:type\" content=\"image\/jpeg\" \/>\n<meta name=\"twitter:card\" content=\"summary_large_image\" \/>\n<meta name=\"twitter:label1\" content=\"Dur\u00e9e de lecture estim\u00e9e\" \/>\n\t<meta name=\"twitter:data1\" content=\"1 minute\" \/>\n<!-- \/ Yoast SEO plugin. -->","yoast_head_json":{"title":"\u00c9pisode 2 - MyZen TV","robots":{"index":"index","follow":"follow","max-snippet":"max-snippet:-1","max-image-preview":"max-image-preview:large","max-video-preview":"max-video-preview:-1"},"canonical":"https:\/\/www.myzen.tv\/fr\/program\/episode\/14524-episode-2-s-e02\/","og_locale":"fr_FR","og_type":"article","og_title":"\u00c9pisode 2 - MyZen TV","og_description":"\u00c0 8 semaines, Maya explore, grimpe, mordille... et s\u00e9duit tous ceux qu\u2019elle croise. Giles veille sur elle, l\u2019emm\u00e8ne en hydroth\u00e9rapie, et r\u00e9colte 15 000 \u00a3 pour prot\u00e9ger les jaguars au Costa Rica. Une aventure pleine d\u2019espoir et de d\u00e9vouement.","og_url":"https:\/\/www.myzen.tv\/fr\/program\/episode\/14524-episode-2-s-e02","og_site_name":"MyZen TV","article_publisher":"https:\/\/www.facebook.com\/myzen.tv.fr\/","article_modified_time":"2025-10-16T19:59:03+00:00","og_image":[{"width":2560,"height":1440,"url":"https:\/\/www.myzen.tv\/wp-content\/uploads\/2025\/08\/des-fauves-dans-la-maison-saison-1-episode-268928df3e8fcd-scaled.jpg","type":"image\/jpeg"}],"twitter_card":"summary_large_image","twitter_misc":{"Dur\u00e9e de lecture estim\u00e9e":"1 minute"},"schema":{"@context":"https:\/\/schema.org","@graph":[{"@type":"WebPage","@id":"https:\/\/www.myzen.tv\/fr\/program\/episode\/14524-episode-2-s-e02","url":"https:\/\/www.myzen.tv\/fr\/program\/episode\/14524-episode-2-s-e02","name":"\u00c9pisode 2 - MyZen TV","isPartOf":{"@id":"https:\/\/www.myzen.tv\/fr\/#website"},"primaryImageOfPage":{"@id":"https:\/\/www.myzen.tv\/fr\/program\/episode\/14524-episode-2-s-e02#primaryimage"},"image":{"@id":"https:\/\/www.myzen.tv\/fr\/program\/episode\/14524-episode-2-s-e02#primaryimage"},"thumbnailUrl":"https:\/\/www.myzen.tv\/wp-content\/uploads\/2025\/08\/des-fauves-dans-la-maison-saison-1-episode-268928df3e8fcd-scaled.jpg","datePublished":"2025-08-26T18:56:58+00:00","dateModified":"2025-10-16T19:59:03+00:00","breadcrumb":{"@id":"https:\/\/www.myzen.tv\/fr\/program\/episode\/14524-episode-2-s-e02#breadcrumb"},"inLanguage":"fr-FR","potentialAction":[{"@type":"ReadAction","target":["https:\/\/www.myzen.tv\/fr\/program\/episode\/14524-episode-2-s-e02"]}]},{"@type":"ImageObject","inLanguage":"fr-FR","@id":"https:\/\/www.myzen.tv\/fr\/program\/episode\/14524-episode-2-s-e02#primaryimage","url":"https:\/\/www.myzen.tv\/wp-content\/uploads\/2025\/08\/des-fauves-dans-la-maison-saison-1-episode-268928df3e8fcd-scaled.jpg","contentUrl":"https:\/\/www.myzen.tv\/wp-content\/uploads\/2025\/08\/des-fauves-dans-la-maison-saison-1-episode-268928df3e8fcd-scaled.jpg","width":2560,"height":1440,"caption":"\u00c0 8 semaines, Maya explore, grimpe, mordille... et s\u00e9duit tous ceux qu\u2019elle croise. Giles veille sur elle, l\u2019emm\u00e8ne en hydroth\u00e9rapie, et r\u00e9colte 15 000 \u00a3 pour prot\u00e9ger les jaguars au Costa Rica. Une aventure pleine d\u2019espoir et de d\u00e9vouement."},{"@type":"BreadcrumbList","@id":"https:\/\/www.myzen.tv\/fr\/program\/episode\/14524-episode-2-s-e02#breadcrumb","itemListElement":[{"@type":"ListItem","position":1,"name":"Home","item":"https:\/\/www.myzen.tv\/fr\/"},{"@type":"ListItem","position":2,"name":"Programs","item":"https:\/\/www.myzen.tv\/fr\/programs\/"},{"@type":"ListItem","position":3,"name":"\u00c9pisode 2"}]},{"@type":"WebSite","@id":"https:\/\/www.myzen.tv\/fr\/#website","url":"https:\/\/www.myzen.tv\/fr\/","name":"MyZen TV","description":"Your lifestyle and well-being channel","publisher":{"@id":"https:\/\/www.myzen.tv\/fr\/#organization"},"potentialAction":[{"@type":"SearchAction","target":{"@type":"EntryPoint","urlTemplate":"https:\/\/www.myzen.tv\/fr\/?s={search_term_string}"},"query-input":{"@type":"PropertyValueSpecification","valueRequired":true,"valueName":"search_term_string"}}],"inLanguage":"fr-FR"},{"@type":"Organization","@id":"https:\/\/www.myzen.tv\/fr\/#organization","name":"MyZen TV","url":"https:\/\/www.myzen.tv\/fr\/","logo":{"@type":"ImageObject","inLanguage":"fr-FR","@id":"https:\/\/www.myzen.tv\/fr\/#\/schema\/logo\/image\/","url":"https:\/\/www.myzen.tv\/wp-content\/uploads\/2021\/05\/cropped-ICON_MZtv-LOGO_firetv640-1-1.png","contentUrl":"https:\/\/www.myzen.tv\/wp-content\/uploads\/2021\/05\/cropped-ICON_MZtv-LOGO_firetv640-1-1.png","width":512,"height":512,"caption":"MyZen TV"},"image":{"@id":"https:\/\/www.myzen.tv\/fr\/#\/schema\/logo\/image\/"},"sameAs":["https:\/\/www.facebook.com\/myzen.tv.fr\/","https:\/\/www.instagram.com\/myzentv\/"]}]}},"status_options":[{"label":"Inactive","value":"inactive"}],"_links":{"self":[{"href":"https:\/\/www.myzen.tv\/fr\/wp-json\/wp\/v2\/programs\/1745334","targetHints":{"allow":["GET"]}}],"collection":[{"href":"https:\/\/www.myzen.tv\/fr\/wp-json\/wp\/v2\/programs"}],"about":[{"href":"https:\/\/www.myzen.tv\/fr\/wp-json\/wp\/v2\/types\/program"}],"wp:featuredmedia":[{"embeddable":true,"href":"https:\/\/www.myzen.tv\/fr\/wp-json\/wp\/v2\/media\/1746968"}],"wp:attachment":[{"href":"https:\/\/www.myzen.tv\/fr\/wp-json\/wp\/v2\/media?parent=1745334"}],"wp:term":[{"taxonomy":"program_type","embeddable":true,"href":"https:\/\/www.myzen.tv\/fr\/wp-json\/wp\/v2\/program_type?post=1745334"},{"taxonomy":"group","embeddable":true,"href":"https:\/\/www.myzen.tv\/fr\/wp-json\/wp\/v2\/group?post=1745334"},{"taxonomy":"d_category","embeddable":true,"href":"https:\/\/www.myzen.tv\/fr\/wp-json\/wp\/v2\/d_category?post=1745334"},{"taxonomy":"genre","embeddable":true,"href":"https:\/\/www.myzen.tv\/fr\/wp-json\/wp\/v2\/genre?post=1745334"}],"curies":[{"name":"wp","href":"https:\/\/api.w.org\/{rel}","templated":true}]}}