{"id":1745336,"date":"2025-08-26T18:57:00","date_gmt":"2025-08-26T18:57:00","guid":{"rendered":"https:\/\/www.myzen.tv\/?post_type=program&#038;p=1745336"},"modified":"2025-10-16T19:59:05","modified_gmt":"2025-10-16T19:59:05","slug":"14525-episode-1-s-e01","status":"publish","type":"program","link":"https:\/\/www.myzen.tv\/fr\/program\/episode\/14525-episode-1-s-e01","title":{"rendered":"\u00c9pisode 1"},"content":{"rendered":"<p>Giles se lance dans sa plus grande mission \u00e0 ce jour : transformer le Big Cat Sanctuary, situ\u00e9 dans le Kent, en un centre d\u2019excellence mondial pour la conservation des grands f\u00e9lins.<br \/>\nIl intervient pour aider Maya, un b\u00e9b\u00e9 jaguar noir de cinq jours, n\u00e9glig\u00e9 par sa m\u00e8re. Faible et vuln\u00e9rable, elle est prise en charge par Giles, qui l\u2019emm\u00e8ne chez lui et lui prodigue des soins constants. Nous d\u00e9couvrons Maya, ses \u00e9tapes de d\u00e9veloppement, et sa relation avec Giles, sa fianc\u00e9e Kathryn et sa fille Sam.<br \/>\nAu sanctuaire, Giles est tr\u00e8s occup\u00e9 \u00e0 am\u00e9liorer le quotidien des cinquante f\u00e9lins qui y vivent, avec pour objectif qu\u2019ils deviennent des ambassadeurs de leurs cousins sauvages.<br \/>\nGiles part \u00e9galement en mission au Cambodge, o\u00f9 il observe de pr\u00e8s la situation critique des l\u00e9opards n\u00e9buleux. Ce voyage renforce sa d\u00e9termination \u00e0 sensibiliser et mobiliser du soutien.<br \/>\nDe retour au sanctuaire, Giles et son \u00e9quipe pr\u00e9parent leurs journ\u00e9es portes ouvertes pour r\u00e9colter des fonds.<br \/>\n\u00c0 la maison, Maya grandit bien et commence \u00e0 explorer les lieux, jusqu\u2019\u00e0 ce que sa sant\u00e9 se d\u00e9grade brutalement. Des troubles de la vision et de la mobilit\u00e9 apparaissent. Elle est alors transport\u00e9e d\u2019urgence dans une clinique v\u00e9t\u00e9rinaire sp\u00e9cialis\u00e9e. \u00c0 seulement cinq semaines, sa vie ne tient plus qu\u2019\u00e0 un fil.<\/p>\n","protected":false},"excerpt":{"rendered":"<p>Giles sauve Maya, un b\u00e9b\u00e9 jaguar noir fragile, tout en transformant son sanctuaire en centre mondial pour f\u00e9lins. Alors que Maya grandit, sa sant\u00e9 d\u00e9cline. Urgence vitale \u00e0 5 semaines. Une mission bouleversante pour sauver les grands f\u00e9lins.<\/p>\n","protected":false},"featured_media":1746970,"parent":0,"menu_order":0,"template":"","format":"standard","meta":{"episode_type":"","audio_file":"","cover_image":"","cover_image_id":"","duration":"00:52:00","filesize":"","date_recorded":"","explicit":"","block":"","itunes_episode_number":"","itunes_title":"","itunes_season_number":"","itunes_episode_type":"","filesize_raw":""},"program_type":[32],"group":[],"d_category":[],"genre":[1374],"class_list":["post-1745336","program","type-program","status-publish","format-standard","has-post-thumbnail","hentry","program_type-episode","genre-entertainement"],"yoast_head":"<!-- This site is optimized with the Yoast SEO plugin v24.0 - https:\/\/yoast.com\/wordpress\/plugins\/seo\/ -->\n<title>\u00c9pisode 1 - MyZen TV<\/title>\n<meta name=\"robots\" content=\"index, follow, max-snippet:-1, max-image-preview:large, max-video-preview:-1\" \/>\n<link rel=\"canonical\" href=\"https:\/\/www.myzen.tv\/fr\/program\/episode\/14525-episode-1-s-e01\/\" \/>\n<meta property=\"og:locale\" content=\"fr_FR\" \/>\n<meta property=\"og:type\" content=\"article\" \/>\n<meta property=\"og:title\" content=\"\u00c9pisode 1 - MyZen TV\" \/>\n<meta property=\"og:description\" content=\"Giles sauve Maya, un b\u00e9b\u00e9 jaguar noir fragile, tout en transformant son sanctuaire en centre mondial pour f\u00e9lins. Alors que Maya grandit, sa sant\u00e9 d\u00e9cline. Urgence vitale \u00e0 5 semaines. Une mission bouleversante pour sauver les grands f\u00e9lins.\" \/>\n<meta property=\"og:url\" content=\"https:\/\/www.myzen.tv\/fr\/program\/episode\/14525-episode-1-s-e01\" \/>\n<meta property=\"og:site_name\" content=\"MyZen TV\" \/>\n<meta property=\"article:publisher\" content=\"https:\/\/www.facebook.com\/myzen.tv.fr\/\" \/>\n<meta property=\"article:modified_time\" content=\"2025-10-16T19:59:05+00:00\" \/>\n<meta property=\"og:image\" content=\"https:\/\/www.myzen.tv\/wp-content\/uploads\/2025\/08\/des-fauves-dans-la-maison-saison-1-episode-168928df7d0dc5-scaled.jpg\" \/>\n\t<meta property=\"og:image:width\" content=\"2560\" \/>\n\t<meta property=\"og:image:height\" content=\"1707\" \/>\n\t<meta property=\"og:image:type\" content=\"image\/jpeg\" \/>\n<meta name=\"twitter:card\" content=\"summary_large_image\" \/>\n<meta name=\"twitter:label1\" content=\"Dur\u00e9e de lecture estim\u00e9e\" \/>\n\t<meta name=\"twitter:data1\" content=\"1 minute\" \/>\n<!-- \/ Yoast SEO plugin. -->","yoast_head_json":{"title":"\u00c9pisode 1 - MyZen TV","robots":{"index":"index","follow":"follow","max-snippet":"max-snippet:-1","max-image-preview":"max-image-preview:large","max-video-preview":"max-video-preview:-1"},"canonical":"https:\/\/www.myzen.tv\/fr\/program\/episode\/14525-episode-1-s-e01\/","og_locale":"fr_FR","og_type":"article","og_title":"\u00c9pisode 1 - MyZen TV","og_description":"Giles sauve Maya, un b\u00e9b\u00e9 jaguar noir fragile, tout en transformant son sanctuaire en centre mondial pour f\u00e9lins. Alors que Maya grandit, sa sant\u00e9 d\u00e9cline. Urgence vitale \u00e0 5 semaines. Une mission bouleversante pour sauver les grands f\u00e9lins.","og_url":"https:\/\/www.myzen.tv\/fr\/program\/episode\/14525-episode-1-s-e01","og_site_name":"MyZen TV","article_publisher":"https:\/\/www.facebook.com\/myzen.tv.fr\/","article_modified_time":"2025-10-16T19:59:05+00:00","og_image":[{"width":2560,"height":1707,"url":"https:\/\/www.myzen.tv\/wp-content\/uploads\/2025\/08\/des-fauves-dans-la-maison-saison-1-episode-168928df7d0dc5-scaled.jpg","type":"image\/jpeg"}],"twitter_card":"summary_large_image","twitter_misc":{"Dur\u00e9e de lecture estim\u00e9e":"1 minute"},"schema":{"@context":"https:\/\/schema.org","@graph":[{"@type":"WebPage","@id":"https:\/\/www.myzen.tv\/fr\/program\/episode\/14525-episode-1-s-e01","url":"https:\/\/www.myzen.tv\/fr\/program\/episode\/14525-episode-1-s-e01","name":"\u00c9pisode 1 - MyZen TV","isPartOf":{"@id":"https:\/\/www.myzen.tv\/fr\/#website"},"primaryImageOfPage":{"@id":"https:\/\/www.myzen.tv\/fr\/program\/episode\/14525-episode-1-s-e01#primaryimage"},"image":{"@id":"https:\/\/www.myzen.tv\/fr\/program\/episode\/14525-episode-1-s-e01#primaryimage"},"thumbnailUrl":"https:\/\/www.myzen.tv\/wp-content\/uploads\/2025\/08\/des-fauves-dans-la-maison-saison-1-episode-168928df7d0dc5-scaled.jpg","datePublished":"2025-08-26T18:57:00+00:00","dateModified":"2025-10-16T19:59:05+00:00","breadcrumb":{"@id":"https:\/\/www.myzen.tv\/fr\/program\/episode\/14525-episode-1-s-e01#breadcrumb"},"inLanguage":"fr-FR","potentialAction":[{"@type":"ReadAction","target":["https:\/\/www.myzen.tv\/fr\/program\/episode\/14525-episode-1-s-e01"]}]},{"@type":"ImageObject","inLanguage":"fr-FR","@id":"https:\/\/www.myzen.tv\/fr\/program\/episode\/14525-episode-1-s-e01#primaryimage","url":"https:\/\/www.myzen.tv\/wp-content\/uploads\/2025\/08\/des-fauves-dans-la-maison-saison-1-episode-168928df7d0dc5-scaled.jpg","contentUrl":"https:\/\/www.myzen.tv\/wp-content\/uploads\/2025\/08\/des-fauves-dans-la-maison-saison-1-episode-168928df7d0dc5-scaled.jpg","width":2560,"height":1707,"caption":"Giles sauve Maya, un b\u00e9b\u00e9 jaguar noir fragile, tout en transformant son sanctuaire en centre mondial pour f\u00e9lins. Alors que Maya grandit, sa sant\u00e9 d\u00e9cline. Urgence vitale \u00e0 5 semaines. Une mission bouleversante pour sauver les grands f\u00e9lins."},{"@type":"BreadcrumbList","@id":"https:\/\/www.myzen.tv\/fr\/program\/episode\/14525-episode-1-s-e01#breadcrumb","itemListElement":[{"@type":"ListItem","position":1,"name":"Home","item":"https:\/\/www.myzen.tv\/fr\/"},{"@type":"ListItem","position":2,"name":"Programs","item":"https:\/\/www.myzen.tv\/fr\/programs\/"},{"@type":"ListItem","position":3,"name":"\u00c9pisode 1"}]},{"@type":"WebSite","@id":"https:\/\/www.myzen.tv\/fr\/#website","url":"https:\/\/www.myzen.tv\/fr\/","name":"MyZen TV","description":"Your lifestyle and well-being channel","publisher":{"@id":"https:\/\/www.myzen.tv\/fr\/#organization"},"potentialAction":[{"@type":"SearchAction","target":{"@type":"EntryPoint","urlTemplate":"https:\/\/www.myzen.tv\/fr\/?s={search_term_string}"},"query-input":{"@type":"PropertyValueSpecification","valueRequired":true,"valueName":"search_term_string"}}],"inLanguage":"fr-FR"},{"@type":"Organization","@id":"https:\/\/www.myzen.tv\/fr\/#organization","name":"MyZen TV","url":"https:\/\/www.myzen.tv\/fr\/","logo":{"@type":"ImageObject","inLanguage":"fr-FR","@id":"https:\/\/www.myzen.tv\/fr\/#\/schema\/logo\/image\/","url":"https:\/\/www.myzen.tv\/wp-content\/uploads\/2021\/05\/cropped-ICON_MZtv-LOGO_firetv640-1-1.png","contentUrl":"https:\/\/www.myzen.tv\/wp-content\/uploads\/2021\/05\/cropped-ICON_MZtv-LOGO_firetv640-1-1.png","width":512,"height":512,"caption":"MyZen TV"},"image":{"@id":"https:\/\/www.myzen.tv\/fr\/#\/schema\/logo\/image\/"},"sameAs":["https:\/\/www.facebook.com\/myzen.tv.fr\/","https:\/\/www.instagram.com\/myzentv\/"]}]}},"status_options":[{"label":"Inactive","value":"inactive"}],"_links":{"self":[{"href":"https:\/\/www.myzen.tv\/fr\/wp-json\/wp\/v2\/programs\/1745336","targetHints":{"allow":["GET"]}}],"collection":[{"href":"https:\/\/www.myzen.tv\/fr\/wp-json\/wp\/v2\/programs"}],"about":[{"href":"https:\/\/www.myzen.tv\/fr\/wp-json\/wp\/v2\/types\/program"}],"wp:featuredmedia":[{"embeddable":true,"href":"https:\/\/www.myzen.tv\/fr\/wp-json\/wp\/v2\/media\/1746970"}],"wp:attachment":[{"href":"https:\/\/www.myzen.tv\/fr\/wp-json\/wp\/v2\/media?parent=1745336"}],"wp:term":[{"taxonomy":"program_type","embeddable":true,"href":"https:\/\/www.myzen.tv\/fr\/wp-json\/wp\/v2\/program_type?post=1745336"},{"taxonomy":"group","embeddable":true,"href":"https:\/\/www.myzen.tv\/fr\/wp-json\/wp\/v2\/group?post=1745336"},{"taxonomy":"d_category","embeddable":true,"href":"https:\/\/www.myzen.tv\/fr\/wp-json\/wp\/v2\/d_category?post=1745336"},{"taxonomy":"genre","embeddable":true,"href":"https:\/\/www.myzen.tv\/fr\/wp-json\/wp\/v2\/genre?post=1745336"}],"curies":[{"name":"wp","href":"https:\/\/api.w.org\/{rel}","templated":true}]}}